{"id":13300,"date":"2018-01-11T12:57:12","date_gmt":"2018-01-11T11:57:12","guid":{"rendered":"https:\/\/colompac.wearelions.agency\/home\/"},"modified":"2026-03-03T14:01:00","modified_gmt":"2026-03-03T13:01:00","slug":"home","status":"publish","type":"page","link":"https:\/\/www.colompac.com\/fr\/","title":{"rendered":"Home"},"content":{"rendered":"<section class=\"wpb-content-wrapper\">[vc_row thb_full_width=&#8221;true&#8221; full_height=&#8221;yes&#8221; columns_placement=&#8221;bottom&#8221; content_placement=&#8221;bottom&#8221; thb_scroll_bottom=&#8221;true&#8221; thb_scroll_bottom_style=&#8221;style3&#8243; thb_scroll_bottom_color=&#8221;light&#8221; css=&#8221;.vc_custom_1688042032881{background-color: #06080a !important;background-position: center !important;background-repeat: no-repeat !important;background-size: cover !important;}&#8221; thb_video_bg=&#8221;https:\/\/www.colompac.com\/wp-content\/uploads\/2023\/07\/colompac_homepage_v2_7.mp4&#8243;][vc_column][vc_column_text]\r\n<h1><strong><span style=\"color: #ffffff;\">Original ColomPac\u00ae<\/span><\/strong><\/h1>\r\n<h2><span style=\"color: #ffffff;\">Emballage d&#8217;exp\u00e9dition professionnels neutre avec fermeture autocollante<\/span><\/h2>\r\n[\/vc_column_text][vc_empty_space height=&#8221;80px&#8221;][\/vc_column][\/vc_row][vc_row thb_full_width=&#8221;true&#8221; el_class=&#8221;align-center&#8221; css=&#8221;.vc_custom_1679406454326{padding-top: 10vh !important;}&#8221;][vc_column el_class=&#8221;text-center&#8221;][vc_column_text]\r\n<h1 style=\"text-align: center;\">Vous avez<strong> le choix<\/strong><\/h1>\r\n[\/vc_column_text][vc_separator color=&#8221;custom&#8221; border_width=&#8221;3&#8243; el_width=&#8221;20&#8243; accent_color=&#8221;#ffd600&#8243;][vc_empty_space height=&#8221;50px&#8221;][\/vc_column][\/vc_row][vc_row css=&#8221;.vc_custom_1678896526734{padding-bottom: 10vh !important;}&#8221;][vc_column width=&#8221;1\/2&#8243;]\t<div id=\"thb-fancy-box-69f3580a4a516\" class=\"thb-fancy-box small-shadow fancy-dark fancy-style8  thb-center animation bottom-to-top-3d   has-link\">\n\t\t\t\t<a href=\"\/fr\/produktuebersicht\/\" class=\"thb-fancy-link\n\t\t\t\t\t\t\t\" target=\"_self\">\n\t\t\t\t\t\t\t<div class=\"fancy-text-link black pill-radius\"><span><\/span><\/div>\n\t\t\t\t\t<\/a>\n\t\t\t\t<div class=\"thb-fancy-image-container\n\t\t\">\n\t\t\t<div class=\"thb-fancy-image\">\n\t\t\t\t\t\t\t<\/div>\n\t\t<\/div>\n\t\t\t\t<div class=\"thb-fancy-content\n\t\t\">\n\t\t\t\t\t\t<div class=\"thb-fancy-text-content\">\n\t\t\t\t\r\n<h4><img decoding=\"async\" class=\"size-medium wp-image-635 aligncenter\" src=\"https:\/\/www.colompac.com\/wp-content\/uploads\/2023\/03\/CP_Ab_Lager.png\" alt=\"\" width=\"500\" height=\"auto\" srcset=\"https:\/\/www.colompac.com\/wp-content\/uploads\/2023\/03\/CP_Ab_Lager.png 1000w, https:\/\/www.colompac.com\/wp-content\/uploads\/2023\/03\/CP_Ab_Lager-300x200.png 300w, https:\/\/www.colompac.com\/wp-content\/uploads\/2023\/03\/CP_Ab_Lager-768x512.png 768w, https:\/\/www.colompac.com\/wp-content\/uploads\/2023\/03\/CP_Ab_Lager-380x253.png 380w, https:\/\/www.colompac.com\/wp-content\/uploads\/2023\/03\/CP_Ab_Lager-190x127.png 190w, https:\/\/www.colompac.com\/wp-content\/uploads\/2023\/03\/CP_Ab_Lager-760x507.png 760w, https:\/\/www.colompac.com\/wp-content\/uploads\/2023\/03\/CP_Ab_Lager-20x13.png 20w, https:\/\/www.colompac.com\/wp-content\/uploads\/2023\/03\/CP_Ab_Lager-600x400.png 600w\" sizes=\"(max-width: 1000px) 100vw, 1000px\" \/><\/h4>\r\n<h2 style=\"text-align: center\">Emballages ColomPac\u00ae<br \/><strong>en stock<\/strong><\/h2>\r\n\t\t\t<\/div>\n\t\t<\/div>\n\t\t<style>\n\t\t\t#thb-fancy-box-69f3580a4a516,\n\t\t\t#thb-fancy-box-69f3580a4a516.fancy-style5 .thb-fancy-image-container,\n\t\t\t#thb-fancy-box-69f3580a4a516 .atvImg-container,\n\t\t\t#thb-fancy-box-69f3580a4a516 .atvImg-layers {\n\t\t\t\tmin-height: 500px;\n\t\t\t}\n\t\t\t\t\t\t\t\t\t\t\t\t\t\t\t\t\t\t\t\t\t#thb-fancy-box-69f3580a4a516.fancy-style8:after {\n\t\t\t\t\t\tbackground:#fc1026;background:linear-gradient( -135deg,#e20d46,#fc1026 );\t\t\t\t\t}\n\t\t\t\t\t\t\t\t\t<\/style>\n\t<\/div>\n\n\t[\/vc_column][vc_column width=&#8221;1\/2&#8243;]\t<div id=\"thb-fancy-box-69f3580a4a677\" class=\"thb-fancy-box small-shadow fancy-dark fancy-style8  thb-center animation bottom-to-top-3d   has-link\">\n\t\t\t\t<a href=\"\/fr\/individuelle-produkte\/\" class=\"thb-fancy-link\n\t\t\t\t\t\t\t\" target=\"_self\">\n\t\t\t\t\t\t\t<div class=\"fancy-text-link black pill-radius\"><span><\/span><\/div>\n\t\t\t\t\t<\/a>\n\t\t\t\t<div class=\"thb-fancy-image-container\n\t\t\">\n\t\t\t<div class=\"thb-fancy-image\">\n\t\t\t\t\t\t\t<\/div>\n\t\t<\/div>\n\t\t\t\t<div class=\"thb-fancy-content\n\t\t\">\n\t\t\t\t\t\t<div class=\"thb-fancy-text-content\">\n\t\t\t\t\r\n<h4><img decoding=\"async\" class=\"alignnone size-medium wp-image-636 aligncenter\" src=\"https:\/\/www.colompac.com\/wp-content\/uploads\/2023\/03\/CP_Individuell.png\" alt=\"\" width=\"500\" height=\"auto\" srcset=\"https:\/\/www.colompac.com\/wp-content\/uploads\/2023\/03\/CP_Individuell.png 1000w, https:\/\/www.colompac.com\/wp-content\/uploads\/2023\/03\/CP_Individuell-300x200.png 300w, https:\/\/www.colompac.com\/wp-content\/uploads\/2023\/03\/CP_Individuell-768x512.png 768w, https:\/\/www.colompac.com\/wp-content\/uploads\/2023\/03\/CP_Individuell-380x253.png 380w, https:\/\/www.colompac.com\/wp-content\/uploads\/2023\/03\/CP_Individuell-190x127.png 190w, https:\/\/www.colompac.com\/wp-content\/uploads\/2023\/03\/CP_Individuell-760x507.png 760w, https:\/\/www.colompac.com\/wp-content\/uploads\/2023\/03\/CP_Individuell-20x13.png 20w, https:\/\/www.colompac.com\/wp-content\/uploads\/2023\/03\/CP_Individuell-600x400.png 600w\" sizes=\"(max-width: 1000px) 100vw, 1000px\" \/><\/h4>\r\n<h2 style=\"text-align: center\">Design by ColomPac\u00ae &#8211;<br \/><strong>solutions individuelles<\/strong><\/h2>\r\n\t\t\t<\/div>\n\t\t<\/div>\n\t\t<style>\n\t\t\t#thb-fancy-box-69f3580a4a677,\n\t\t\t#thb-fancy-box-69f3580a4a677.fancy-style5 .thb-fancy-image-container,\n\t\t\t#thb-fancy-box-69f3580a4a677 .atvImg-container,\n\t\t\t#thb-fancy-box-69f3580a4a677 .atvImg-layers {\n\t\t\t\tmin-height: 500px;\n\t\t\t}\n\t\t\t\t\t\t\t\t\t\t\t\t\t\t\t\t\t\t\t\t\t#thb-fancy-box-69f3580a4a677.fancy-style8:after {\n\t\t\t\t\t\tbackground:#fc1026;background:linear-gradient( -135deg,#e20d46,#fc1026 );\t\t\t\t\t}\n\t\t\t\t\t\t\t\t\t<\/style>\n\t<\/div>\n\n\t[\/vc_column][\/vc_row][vc_row thb_full_width=&#8221;true&#8221; css=&#8221;.vc_custom_1687269023104{background-position: center !important;background-repeat: no-repeat !important;background-size: cover !important;}&#8221;][vc_column css=&#8221;.vc_custom_1687269014338{margin-top: 5vh !important;margin-bottom: 5vh !important;}&#8221; offset=&#8221;vc_hidden-md vc_hidden-sm vc_hidden-xs&#8221;][vc_column_text]\r\n<h1 style=\"text-align: center;\">Pourquoi pr\u00e9f\u00e9rer <strong>l\u2019original<\/strong> ?<\/h1>\r\n[\/vc_column_text][vc_separator color=&#8221;custom&#8221; border_width=&#8221;3&#8243; el_width=&#8221;20&#8243; accent_color=&#8221;#ffd600&#8243;][vc_empty_space height=&#8221;50px&#8221;][vc_column_text]\r\n<div class=\"as-styles-warning\" style=\"width: 450px; background-color: #FFF; color: #F00; border: 1px solid #F00; padding: 10px; font-size: 14px;\">\n\t\t\t<span style=\"font-weight: bold;\">Warning: The stylesheets were not loaded!<\/span> \n\t\t\tYou will need to change the <i>Load stylesheets<\/i> setting from <i>Automatically<\/i> to <i>On homepage<\/i> or <i>On all pages<\/i>. \n\t\t\tYou can set that <a style=\"text-decoration: underline; color: #F00;\" href=\"https:\/\/www.colompac.com\/wp-admin\/admin.php?page=accordion-slider-settings\">here<\/a>.\n\t\t\t<\/div>\r\n<div id=\"accordion-slider-4\" class=\"accordion-slider as-no-js\" style=\"width: px; height: 800px;\">\r\n\t<div class=\"as-panels\">\r\n\t\t\r\n\t\t<div class=\"as-panel\">\r\n\t\t\t<img loading=\"lazy\" decoding=\"async\" class=\"as-background\" src=\"https:\/\/www.colompac.com\/wp-content\/uploads\/2023\/03\/qual.jpg\" width=\"2000\" height=\"1000\" \/>\r\n\t\t\t\r\n\t\t\t<img decoding=\"async\" class=\"as-layer as-opened\" src=\"https:\/\/www.colompac.com\/wp-content\/uploads\/2023\/03\/bg-.jpg\" \/>\r\n\t\t\t<img decoding=\"async\" class=\"as-layer as-opened as-padding\" data-position=\"topRight\" src=\"https:\/\/www.colompac.com\/wp-content\/uploads\/2023\/07\/CP_181_Hauptbild_Start.webp\" \/>\r\n\t\t\t<p class=\"as-layer as-opened\">Votre produit doit arriver \u00e0 bon port. Il faut pour cela une qualit\u00e9 sans compromis, c\u2019est-\u00e0-dire des mat\u00e9riaux exclusifs, la fermeture autocollante ColomPac\u00ae, un fil d\u2019arrachage int\u00e9gr\u00e9 et des solutions bien pens\u00e9es. Avec un grand souci du d\u00e9tail, toutes les solutions ColomPac\u00ae sont mises au point et fabriqu\u00e9es par notre usine de production implant\u00e9e \u00e0 Hall dans le Tyrol. Pour que vous aussi, vous n\u2019ayez pas \u00e0 faire de compromis !\n<\/p>\r\n\t\t\t<h3 class=\"as-layer as-opened\">Sans compromis<\/h3>\r\n\t\t\t<h1 class=\"as-layer as-opened\">Qualit\u00e9<\/h1>\r\n\t\t\t<h1 class=\"as-layer as-closed as-vertical\">Qualit\u00e9<\/h1>\r\n\t\t<\/div>\r\n\t\t<div class=\"as-panel\">\r\n\t\t\t<img loading=\"lazy\" decoding=\"async\" class=\"as-background\" src=\"https:\/\/www.colompac.com\/wp-content\/uploads\/2023\/03\/verf.jpg\" width=\"2000\" height=\"1000\" \/>\r\n\t\t\t\r\n\t\t\t<img decoding=\"async\" class=\"as-layer as-opened\" src=\"https:\/\/www.colompac.com\/wp-content\/uploads\/2023\/03\/bg-.jpg\" \/>\r\n\t\t\t<img decoding=\"async\" class=\"as-layer as-opened as-padding\" data-position=\"topRight\" src=\"https:\/\/www.colompac.com\/wp-content\/uploads\/2023\/05\/Original_Zuverlaessig.webp\" \/>\r\n\t\t\t<p class=\"as-layer as-opened\">Le commerce en ligne est synonyme de dynamisme. Il faut tout et tout de suite. Pour ceci, ColomPac\u00ae propose une gamme compl\u00e8te de produits. Ainsi, pour quasiment chaque produit, il y a au moins une solution d'exp\u00e9dition d\u00fbment adapt\u00e9e et livrable sans d\u00e9lai d\u00e9part magasins. De l'emballage livres traditionnel \u00e0 la fashion box, en passant par l\u2019unit\u00e9 d'emballage en dropshipment et jusqu\u2019aux grandes quantit\u00e9s. Pour que vous receviez ce dont vous avez besoin. Et au moment o\u00f9 vous en avez besoin.<\/p>\r\n\t\t\t<h3 class=\"as-layer as-opened\">Sans d\u00e9lai d\u00e9part magasins<\/h3>\r\n\t\t\t<h1 class=\"as-layer as-opened\">Fiabilit\u00e9<\/h1>\r\n\t\t\t<h1 class=\"as-layer as-closed as-vertical\">Disponible imm\u00e9diatement<\/h1>\r\n\t\t<\/div>\r\n\t\t<div class=\"as-panel\">\r\n\t\t\t<img loading=\"lazy\" decoding=\"async\" class=\"as-background\" src=\"https:\/\/www.colompac.com\/wp-content\/uploads\/2023\/03\/ind.jpg\" width=\"2000\" height=\"1000\" \/>\r\n\t\t\t\r\n\t\t\t<img decoding=\"async\" class=\"as-layer as-opened\" src=\"https:\/\/www.colompac.com\/wp-content\/uploads\/2023\/03\/bg-.jpg\" \/>\r\n\t\t\t<img decoding=\"async\" class=\"as-layer as-opened as-padding\" data-position=\"topRight\" src=\"https:\/\/www.colompac.com\/wp-content\/uploads\/2023\/05\/Original_Individuell.webp\" \/>\r\n\t\t\t<p class=\"as-layer as-opened\">Vous souhaitez un emballage sp\u00e9cialement con\u00e7u pour votre produit ou votre marque ? Nous \u00e9laborons conjointement avec vous la solution taill\u00e9e sur mesure. Proches du march\u00e9 en ligne, nous connaissons les enjeux sp\u00e9cifiques li\u00e9s non seulement \u00e0 la technologie et \u00e0 la production, mais aussi \u00e0 l'impression et \u00e0 la conception. Pour que votre produit et votre marque aient un franc succ\u00e8s.<\/p>\r\n\t\t\t<h3 class=\"as-layer as-opened\">Conception et fabrication<\/h3>\r\n\t\t\t<h1 class=\"as-layer as-opened\">Personnalisation<\/h1>\r\n\t\t\t<h1 class=\"as-layer as-closed as-vertical\">Personnalisation<\/h1>\r\n\t\t<\/div>\r\n\t\t<div class=\"as-panel\">\r\n\t\t\t<img loading=\"lazy\" decoding=\"async\" class=\"as-background\" src=\"https:\/\/www.colompac.com\/wp-content\/uploads\/2023\/03\/nach.jpg\" width=\"2000\" height=\"1000\" \/>\r\n\t\t\t\r\n\t\t\t<img decoding=\"async\" class=\"as-layer as-opened\" src=\"https:\/\/www.colompac.com\/wp-content\/uploads\/2023\/03\/bg-.jpg\" \/>\r\n\t\t\t<img decoding=\"async\" class=\"as-layer as-opened as-padding\" data-position=\"topRight\" src=\"https:\/\/www.colompac.com\/wp-content\/uploads\/2023\/05\/Original_Nachhaltig.webp\" \/>\r\n\t\t\t<p class=\"as-layer as-opened\">La gestion durable doit \u00eatre bien plus qu'un simple slogan. Nous traitons ce sujet sensible en toute honn\u00eatet\u00e9. Le carton et le carton ondul\u00e9 \u00e9tant des mat\u00e9riaux naturels, ils sont facilement recyclables \u00e0 100 %. Nos produits ColomPac\u00ae sont bien entendu certifi\u00e9s FSC\u00ae et sont produits r\u00e9gionalement en Autriche. Nous agissons de mani\u00e8re responsable en optimisant constamment nos produits, en tenant compte de l'utilisation optimale des mat\u00e9riaux et en minimisant, dans la mesure du possible, les \u00e9missions de gaz \u00e0 effet de serre dans la cha\u00eene de cr\u00e9ation de valeur.\nOr, nos ambitions vont plus loin : plus d\u2019id\u00e9es, moins de mat\u00e9riau, bien abouties et pas simplement copi\u00e9es ; c'est ce qui fait de ColomPac\u00ae une solution toujours meilleure.<\/p>\r\n\t\t\t<h3 class=\"as-layer as-opened\">Des ambitions \u00e9lev\u00e9es<\/h3>\r\n\t\t\t<h1 class=\"as-layer as-opened\">Gestion durable<\/h1>\r\n\t\t\t<h1 class=\"as-layer as-closed as-vertical\">Gestion durable<\/h1>\r\n\t\t<\/div>\r\n\t\t<div class=\"as-panel\">\r\n\t\t\t<img loading=\"lazy\" decoding=\"async\" class=\"as-background\" src=\"https:\/\/www.colompac.com\/wp-content\/uploads\/2023\/03\/eigene.jpg\" width=\"2000\" height=\"1000\" \/>\r\n\t\t\t\r\n\t\t\t<img decoding=\"async\" class=\"as-layer as-opened\" src=\"https:\/\/www.colompac.com\/wp-content\/uploads\/2023\/03\/bg-.jpg\" \/>\r\n\t\t\t<img decoding=\"async\" class=\"as-layer as-opened as-black as-padding\" data-position=\"topRight\" src=\"https:\/\/www.colompac.com\/wp-content\/uploads\/2023\/05\/Original_Dinkhauser.webp\" \/>\r\n\t\t\t<p class=\"as-layer as-opened\">Original ColomPac\u00ae est une marque de Dinkhauser Kartonagen. Depuis plus de 175 ans, nous \u00e9laborons et fabriquons des emballages d'exp\u00e9dition exclusifs, que ce soient des emballages standard ou personnalis\u00e9s. En combinaison avec un d\u00e9veloppement de pointe, notre site de production ultramoderne permet de proposer des solutions d'emballage de nouvelle g\u00e9n\u00e9ration d\u00e9di\u00e9es \u00e0 la fili\u00e8re commerciale, industrielle et \u00e0 l\u2019e-commerce. Sur le m\u00eame site, Aristos, le centre d'impression interne, regroupe l\u2019ensemble de nos comp\u00e9tences en mati\u00e8re d'impression offset.\nNous nous identifions avec nos solutions ColomPac\u00ae, elles sont mises au point et fabriqu\u00e9es pour vous. \nHier, aujourd'hui et demain.\n\n<\/p>\r\n\t\t\t<h3 class=\"as-layer as-opened\">poduit au Tyrol<\/h3>\r\n\t\t\t<h1 class=\"as-layer as-opened\">par Dinkhauser <\/h1>\r\n\t\t\t<h1 class=\"as-layer as-closed as-vertical\">Production<\/h1>\r\n\t\t<\/div>\r\n\t<\/div>\r\n<\/div>\r\n[\/vc_column_text][\/vc_column][\/vc_row][vc_row thb_full_width=&#8221;true&#8221; thb_column_padding=&#8221;true&#8221; css=&#8221;.vc_custom_1679406852465{margin-top: 5vh !important;margin-bottom: 5vh !important;background-position: center !important;background-repeat: no-repeat !important;background-size: cover !important;}&#8221;][vc_column css=&#8221;.vc_custom_1687269043835{background-color: #ededed !important;}&#8221; offset=&#8221;vc_hidden-md vc_hidden-sm vc_hidden-xs&#8221;]<div class='gambit_row_scroll' data-row-entrance='scale-smaller' data-row-exit='content-fly-up' data-exit-do-children='true' data-top-bottom-exit=\"transform: translateY(-20vh) scale(1);opacity: 0;transform-origin: !50% 50%;\" data-20p-center-bottom-exit=\"transform: translateY(0vh) scale(1);opacity: 1;transform-origin: !50% 50%;\" data--20p-center-top-entrance=\"transform: translateY(0vh) scale(1);opacity: 1;transform-origin: !50% 0%;\" data-bottom-top-entrance=\"transform: translateY(0vh) scale(1.2);opacity: 0.4;transform-origin: !50% 0%;\" ><\/div>[vc_row_inner thb_max_width=&#8221;&#8221; thb_column_padding=&#8221;true&#8221;][vc_column_inner width=&#8221;1\/4&#8243; css=&#8221;.vc_custom_1679406393740{margin-top: 5vh !important;background-position: center !important;background-repeat: no-repeat !important;background-size: cover !important;}&#8221;][vc_single_image image=&#8221;721&#8243; img_size=&#8221;large&#8221; onclick=&#8221;custom_link&#8221; css_animation=&#8221;fadeIn&#8221; link=&#8221;\/fr\/produktuebersicht\/&#8221;][\/vc_column_inner][vc_column_inner width=&#8221;1\/4&#8243; css=&#8221;.vc_custom_1679406401243{margin-top: -5vh !important;}&#8221;][vc_single_image image=&#8221;14640&#8243; img_size=&#8221;large&#8221; onclick=&#8221;custom_link&#8221; css_animation=&#8221;fadeIn&#8221; link=&#8221;\/fr\/produktuebersicht\/&#8221;][\/vc_column_inner][vc_column_inner width=&#8221;1\/4&#8243; css=&#8221;.vc_custom_1679406407775{margin-top: -5vh !important;}&#8221;][vc_single_image image=&#8221;714&#8243; img_size=&#8221;large&#8221; onclick=&#8221;custom_link&#8221; css_animation=&#8221;fadeIn&#8221; link=&#8221;\/fr\/produktuebersicht\/&#8221;][\/vc_column_inner][vc_column_inner width=&#8221;1\/4&#8243; css=&#8221;.vc_custom_1679406387417{margin-top: 5vh !important;}&#8221;][vc_single_image image=&#8221;673&#8243; img_size=&#8221;large&#8221; onclick=&#8221;custom_link&#8221; css_animation=&#8221;fadeIn&#8221; link=&#8221;\/fr\/produktuebersicht\/&#8221;][\/vc_column_inner][vc_column_inner el_class=&#8221;s-text&#8221; css=&#8221;.vc_custom_1681386138555{margin-top: -20vh !important;}&#8221;][vc_column_text]\r\n<h1 style=\"text-align: center;\"><a href=\"https:\/\/www.colompac.com\/fr\/produktuebersicht\/\">Plus de <strong>160 emballages d&#8217;exp\u00e9dition<\/strong> !<\/a><br \/>Imm\u00e9diatement en stock pour vous.<\/h1>\r\n[\/vc_column_text][\/vc_column_inner][vc_column_inner width=&#8221;1\/4&#8243; css=&#8221;.vc_custom_1681386151613{margin-top: -15vh !important;margin-bottom: -15vh !important;}&#8221;][vc_single_image image=&#8221;690&#8243; img_size=&#8221;large&#8221; onclick=&#8221;custom_link&#8221; css_animation=&#8221;fadeIn&#8221; link=&#8221;\/fr\/produktuebersicht\/&#8221;][\/vc_column_inner][vc_column_inner width=&#8221;1\/4&#8243; css=&#8221;.vc_custom_1681386164722{margin-top: -5vh !important;margin-bottom: -15vh !important;}&#8221;][vc_single_image image=&#8221;3655&#8243; img_size=&#8221;large&#8221; onclick=&#8221;custom_link&#8221; css_animation=&#8221;fadeIn&#8221; link=&#8221;\/fr\/produktuebersicht\/&#8221;][\/vc_column_inner][vc_column_inner width=&#8221;1\/4&#8243; css=&#8221;.vc_custom_1681386238109{margin-top: -5vh !important;margin-bottom: -15vh !important;}&#8221;][vc_single_image image=&#8221;15267&#8243; img_size=&#8221;large&#8221; onclick=&#8221;custom_link&#8221; css_animation=&#8221;fadeIn&#8221; link=&#8221;\/fr\/produktuebersicht\/&#8221;][\/vc_column_inner][vc_column_inner width=&#8221;1\/4&#8243; css=&#8221;.vc_custom_1681386227295{margin-top: -15vh !important;margin-bottom: -15vh !important;}&#8221;][vc_single_image image=&#8221;14644&#8243; img_size=&#8221;large&#8221; onclick=&#8221;custom_link&#8221; css_animation=&#8221;fadeIn&#8221; link=&#8221;\/fr\/produktuebersicht\/&#8221;][\/vc_column_inner][\/vc_row_inner][\/vc_column][vc_column offset=&#8221;vc_hidden-lg&#8221;][vc_column_text]\r\n<h1 style=\"text-align: center;\">Plus de <strong>160 emballages d&#8217;exp\u00e9dition<\/strong> !<br \/>Imm\u00e9diatement en stock pour vous.<\/h1>\r\n[\/vc_column_text][vc_gutenberg css_animation=&#8221;fadeInUp&#8221;]\r\n\r\n<div class=\"wp-block-jetpack-tiled-gallery aligncenter is-style-columns\">\r\n<div class=\"tiled-gallery__gallery\">\r\n<div class=\"tiled-gallery__row\">\r\n<div class=\"tiled-gallery__col\" style=\"flex-basis: 27.93893%;\">\r\n<figure class=\"tiled-gallery__item\"><img decoding=\"async\" srcset=\"https:\/\/i0.wp.com\/www.colompac.com\/wp-content\/uploads\/2023\/05\/CP_080-922x1024.webp?strip=info&#038;w=600 600w,https:\/\/i0.wp.com\/www.colompac.com\/wp-content\/uploads\/2023\/05\/CP_080-922x1024.webp?strip=info&#038;w=900 900w,https:\/\/i0.wp.com\/www.colompac.com\/wp-content\/uploads\/2023\/05\/CP_080-922x1024.webp?strip=info&#038;w=1200 1200w,https:\/\/i0.wp.com\/www.colompac.com\/wp-content\/uploads\/2023\/05\/CP_080-922x1024.webp?strip=info&#038;w=1500 1500w,https:\/\/i0.wp.com\/www.colompac.com\/wp-content\/uploads\/2023\/05\/CP_080-922x1024.webp?strip=info&#038;w=1800 1800w\" src=\"https:\/\/i0.wp.com\/www.colompac.com\/wp-content\/uploads\/2023\/05\/CP_080-922x1024.webp\" alt=\"\" data-height=\"2000\" data-id=\"11267\" data-link=\"https:\/\/www.colompac.com\/de\/cp_080\/\" data-url=\"https:\/\/www.colompac.com\/wp-content\/uploads\/2023\/05\/CP_080-922x1024.webp\" data-width=\"1800\" data-amp-layout=\"responsive\" \/><\/figure>\r\n<figure class=\"tiled-gallery__item\"><img decoding=\"async\" srcset=\"https:\/\/i1.wp.com\/www.colompac.com\/wp-content\/uploads\/2023\/03\/CP_151_Hauptbild_v2-922x1024.webp?strip=info&#038;w=600 600w,https:\/\/i1.wp.com\/www.colompac.com\/wp-content\/uploads\/2023\/03\/CP_151_Hauptbild_v2-922x1024.webp?strip=info&#038;w=900 900w,https:\/\/i1.wp.com\/www.colompac.com\/wp-content\/uploads\/2023\/03\/CP_151_Hauptbild_v2-922x1024.webp?strip=info&#038;w=1200 1200w,https:\/\/i1.wp.com\/www.colompac.com\/wp-content\/uploads\/2023\/03\/CP_151_Hauptbild_v2-922x1024.webp?strip=info&#038;w=1500 1500w,https:\/\/i1.wp.com\/www.colompac.com\/wp-content\/uploads\/2023\/03\/CP_151_Hauptbild_v2-922x1024.webp?strip=info&#038;w=1800 1800w\" src=\"https:\/\/i1.wp.com\/www.colompac.com\/wp-content\/uploads\/2023\/03\/CP_151_Hauptbild_v2-922x1024.webp\" alt=\"\" data-height=\"2000\" data-id=\"3959\" data-link=\"https:\/\/www.colompac.com\/de\/?attachment_id=3959\" data-url=\"https:\/\/www.colompac.com\/wp-content\/uploads\/2023\/03\/CP_151_Hauptbild_v2-922x1024.webp\" data-width=\"1800\" data-amp-layout=\"responsive\" \/><\/figure>\r\n<figure class=\"tiled-gallery__item\"><img decoding=\"async\" srcset=\"https:\/\/i0.wp.com\/www.colompac.com\/wp-content\/uploads\/2023\/03\/CP_066_Hauptbild_v2-922x1024.webp?strip=info&#038;w=600 600w,https:\/\/i0.wp.com\/www.colompac.com\/wp-content\/uploads\/2023\/03\/CP_066_Hauptbild_v2-922x1024.webp?strip=info&#038;w=900 900w,https:\/\/i0.wp.com\/www.colompac.com\/wp-content\/uploads\/2023\/03\/CP_066_Hauptbild_v2-922x1024.webp?strip=info&#038;w=1200 1200w,https:\/\/i0.wp.com\/www.colompac.com\/wp-content\/uploads\/2023\/03\/CP_066_Hauptbild_v2-922x1024.webp?strip=info&#038;w=1500 1500w,https:\/\/i0.wp.com\/www.colompac.com\/wp-content\/uploads\/2023\/03\/CP_066_Hauptbild_v2-922x1024.webp?strip=info&#038;w=1800 1800w\" src=\"https:\/\/i0.wp.com\/www.colompac.com\/wp-content\/uploads\/2023\/03\/CP_066_Hauptbild_v2-922x1024.webp\" alt=\"\" data-height=\"2000\" data-id=\"3931\" data-link=\"https:\/\/www.colompac.com\/de\/?attachment_id=3931\" data-url=\"https:\/\/www.colompac.com\/wp-content\/uploads\/2023\/03\/CP_066_Hauptbild_v2-922x1024.webp\" data-width=\"1800\" data-amp-layout=\"responsive\" \/><\/figure>\r\n<\/div>\r\n<div class=\"tiled-gallery__col\" style=\"flex-basis: 27.93893%;\">\r\n<figure class=\"tiled-gallery__item\"><img decoding=\"async\" srcset=\"https:\/\/i0.wp.com\/www.colompac.com\/wp-content\/uploads\/2023\/03\/CP_155_Hauptbild_v2-922x1024.webp?strip=info&#038;w=600 600w,https:\/\/i0.wp.com\/www.colompac.com\/wp-content\/uploads\/2023\/03\/CP_155_Hauptbild_v2-922x1024.webp?strip=info&#038;w=900 900w,https:\/\/i0.wp.com\/www.colompac.com\/wp-content\/uploads\/2023\/03\/CP_155_Hauptbild_v2-922x1024.webp?strip=info&#038;w=1200 1200w,https:\/\/i0.wp.com\/www.colompac.com\/wp-content\/uploads\/2023\/03\/CP_155_Hauptbild_v2-922x1024.webp?strip=info&#038;w=1500 1500w,https:\/\/i0.wp.com\/www.colompac.com\/wp-content\/uploads\/2023\/03\/CP_155_Hauptbild_v2-922x1024.webp?strip=info&#038;w=1800 1800w\" src=\"https:\/\/i0.wp.com\/www.colompac.com\/wp-content\/uploads\/2023\/03\/CP_155_Hauptbild_v2-922x1024.webp\" alt=\"\" data-height=\"2000\" data-id=\"3971\" data-link=\"https:\/\/www.colompac.com\/de\/?attachment_id=3971\" data-url=\"https:\/\/www.colompac.com\/wp-content\/uploads\/2023\/03\/CP_155_Hauptbild_v2-922x1024.webp\" data-width=\"1800\" data-amp-layout=\"responsive\" \/><\/figure>\r\n<figure class=\"tiled-gallery__item\"><img decoding=\"async\" srcset=\"https:\/\/i0.wp.com\/www.colompac.com\/wp-content\/uploads\/2023\/03\/CP_072_Hauptbild_v2-922x1024.webp?strip=info&#038;w=600 600w,https:\/\/i0.wp.com\/www.colompac.com\/wp-content\/uploads\/2023\/03\/CP_072_Hauptbild_v2-922x1024.webp?strip=info&#038;w=900 900w,https:\/\/i0.wp.com\/www.colompac.com\/wp-content\/uploads\/2023\/03\/CP_072_Hauptbild_v2-922x1024.webp?strip=info&#038;w=1200 1200w,https:\/\/i0.wp.com\/www.colompac.com\/wp-content\/uploads\/2023\/03\/CP_072_Hauptbild_v2-922x1024.webp?strip=info&#038;w=1500 1500w,https:\/\/i0.wp.com\/www.colompac.com\/wp-content\/uploads\/2023\/03\/CP_072_Hauptbild_v2-922x1024.webp?strip=info&#038;w=1800 1800w\" src=\"https:\/\/i0.wp.com\/www.colompac.com\/wp-content\/uploads\/2023\/03\/CP_072_Hauptbild_v2-922x1024.webp\" alt=\"\" data-height=\"2000\" data-id=\"3979\" data-link=\"https:\/\/www.colompac.com\/de\/?attachment_id=3979\" data-url=\"https:\/\/www.colompac.com\/wp-content\/uploads\/2023\/03\/CP_072_Hauptbild_v2-922x1024.webp\" data-width=\"1800\" data-amp-layout=\"responsive\" \/><\/figure>\r\n<figure class=\"tiled-gallery__item\"><img decoding=\"async\" srcset=\"https:\/\/i2.wp.com\/www.colompac.com\/wp-content\/uploads\/2023\/05\/CP_055_51_w-1-922x1024.webp?strip=info&#038;w=600 600w,https:\/\/i2.wp.com\/www.colompac.com\/wp-content\/uploads\/2023\/05\/CP_055_51_w-1-922x1024.webp?strip=info&#038;w=900 900w,https:\/\/i2.wp.com\/www.colompac.com\/wp-content\/uploads\/2023\/05\/CP_055_51_w-1-922x1024.webp?strip=info&#038;w=1200 1200w,https:\/\/i2.wp.com\/www.colompac.com\/wp-content\/uploads\/2023\/05\/CP_055_51_w-1-922x1024.webp?strip=info&#038;w=1500 1500w,https:\/\/i2.wp.com\/www.colompac.com\/wp-content\/uploads\/2023\/05\/CP_055_51_w-1-922x1024.webp?strip=info&#038;w=1800 1800w\" src=\"https:\/\/i2.wp.com\/www.colompac.com\/wp-content\/uploads\/2023\/05\/CP_055_51_w-1-922x1024.webp\" alt=\"\" data-height=\"2000\" data-id=\"11259\" data-link=\"https:\/\/www.colompac.com\/de\/cp_055_51_w\/\" data-url=\"https:\/\/www.colompac.com\/wp-content\/uploads\/2023\/05\/CP_055_51_w-1-922x1024.webp\" data-width=\"1800\" data-amp-layout=\"responsive\" \/><\/figure>\r\n<\/div>\r\n<div class=\"tiled-gallery__col\" style=\"flex-basis: 44.12213%;\">\r\n<figure class=\"tiled-gallery__item\"><img decoding=\"async\" srcset=\"https:\/\/i1.wp.com\/www.colompac.com\/wp-content\/uploads\/2023\/03\/CP_010_Hauptbild_v2-922x1024.webp?strip=info&#038;w=600 600w,https:\/\/i1.wp.com\/www.colompac.com\/wp-content\/uploads\/2023\/03\/CP_010_Hauptbild_v2-922x1024.webp?strip=info&#038;w=900 900w,https:\/\/i1.wp.com\/www.colompac.com\/wp-content\/uploads\/2023\/03\/CP_010_Hauptbild_v2-922x1024.webp?strip=info&#038;w=1200 1200w,https:\/\/i1.wp.com\/www.colompac.com\/wp-content\/uploads\/2023\/03\/CP_010_Hauptbild_v2-922x1024.webp?strip=info&#038;w=1500 1500w,https:\/\/i1.wp.com\/www.colompac.com\/wp-content\/uploads\/2023\/03\/CP_010_Hauptbild_v2-922x1024.webp?strip=info&#038;w=1800 1800w\" src=\"https:\/\/i1.wp.com\/www.colompac.com\/wp-content\/uploads\/2023\/03\/CP_010_Hauptbild_v2-922x1024.webp\" alt=\"\" data-height=\"2000\" data-id=\"3875\" data-link=\"https:\/\/www.colompac.com\/de\/?attachment_id=3875\" data-url=\"https:\/\/www.colompac.com\/wp-content\/uploads\/2023\/03\/CP_010_Hauptbild_v2-922x1024.webp\" data-width=\"1800\" data-amp-layout=\"responsive\" \/><\/figure>\r\n<figure class=\"tiled-gallery__item\"><img decoding=\"async\" srcset=\"https:\/\/i1.wp.com\/www.colompac.com\/wp-content\/uploads\/2023\/05\/Kat_v2_Weinversand.webp?strip=info&#038;w=600 600w,https:\/\/i1.wp.com\/www.colompac.com\/wp-content\/uploads\/2023\/05\/Kat_v2_Weinversand.webp?strip=info&#038;w=900 900w,https:\/\/i1.wp.com\/www.colompac.com\/wp-content\/uploads\/2023\/05\/Kat_v2_Weinversand.webp?strip=info&#038;w=1000 1000w\" src=\"https:\/\/i1.wp.com\/www.colompac.com\/wp-content\/uploads\/2023\/05\/Kat_v2_Weinversand.webp\" alt=\"\" data-height=\"1000\" data-id=\"12899\" data-link=\"https:\/\/www.colompac.com\/de\/kat_v2_weinversand\/\" data-url=\"https:\/\/www.colompac.com\/wp-content\/uploads\/2023\/05\/Kat_v2_Weinversand.webp\" data-width=\"1000\" data-amp-layout=\"responsive\" \/><\/figure>\r\n<\/div>\r\n<\/div>\r\n<\/div>\r\n<\/div>\r\n[\/vc_gutenberg][\/vc_column][\/vc_row][vc_row thb_full_width=&#8221;true&#8221; css=&#8221;.vc_custom_1685976287529{margin-top: 8vh !important;margin-bottom: 5vh !important;background-position: center !important;background-repeat: no-repeat !important;background-size: cover !important;}&#8221;][vc_column][vc_column_text]\r\n<h1 style=\"text-align: center;\">Emballages d&#8217;exp\u00e9dition <strong>\u00e0 votre design<\/strong><\/h1>\r\n[\/vc_column_text][vc_gutenberg css_animation=&#8221;fadeInUp&#8221;]\r\n\r\n<div class=\"wp-block-jetpack-tiled-gallery aligncenter is-style-columns\">\r\n<div class=\"tiled-gallery__gallery\">\r\n<div class=\"tiled-gallery__row\">\r\n<div class=\"tiled-gallery__col\" style=\"flex-basis: 19.98519%;\">\r\n<figure class=\"tiled-gallery__item\"><a href=\"\/fr\/produit\/wickelverpackung-als-baerchen\/\"><img loading=\"lazy\" decoding=\"async\" srcset=\"https:\/\/i0.wp.com\/www.colompac.com\/wp-content\/uploads\/2023\/05\/Gal_Baer.webp?strip=info&#038;w=600 600w,https:\/\/i0.wp.com\/www.colompac.com\/wp-content\/uploads\/2023\/05\/Gal_Baer.webp?strip=info&#038;w=900 900w,https:\/\/i0.wp.com\/www.colompac.com\/wp-content\/uploads\/2023\/05\/Gal_Baer.webp?strip=info&#038;w=1000 1000w\" class=\"alignnone\" src=\"https:\/\/i0.wp.com\/www.colompac.com\/wp-content\/uploads\/2023\/05\/Gal_Baer.webp\" alt=\"\" width=\"1000\" height=\"1000\" data-height=\"1000\" data-id=\"12935\" data-link=\"https:\/\/www.colompac.com\/?attachment_id=12935\" data-url=\"https:\/\/www.colompac.com\/wp-content\/uploads\/2023\/05\/Gal_Baer.webp\" data-width=\"1000\" data-amp-layout=\"responsive\" \/><\/a><\/figure>\r\n<figure class=\"tiled-gallery__item\"><a href=\"\/fr\/produit\/flexobedruckte-buecherverpackung\/\"><img loading=\"lazy\" decoding=\"async\" srcset=\"https:\/\/i0.wp.com\/www.colompac.com\/wp-content\/uploads\/2023\/05\/Gal_Bookabees.webp?strip=info&#038;w=600 600w,https:\/\/i0.wp.com\/www.colompac.com\/wp-content\/uploads\/2023\/05\/Gal_Bookabees.webp?strip=info&#038;w=900 900w,https:\/\/i0.wp.com\/www.colompac.com\/wp-content\/uploads\/2023\/05\/Gal_Bookabees.webp?strip=info&#038;w=1000 1000w\" class=\"alignnone\" src=\"https:\/\/i0.wp.com\/www.colompac.com\/wp-content\/uploads\/2023\/05\/Gal_Bookabees.webp\" alt=\"\" width=\"1000\" height=\"1000\" data-height=\"1000\" data-id=\"12943\" data-link=\"https:\/\/www.colompac.com\/?attachment_id=12943\" data-url=\"https:\/\/www.colompac.com\/wp-content\/uploads\/2023\/05\/Gal_Bookabees.webp\" data-width=\"1000\" data-amp-layout=\"responsive\" \/><\/a><\/figure>\r\n<figure class=\"tiled-gallery__item\"><a href=\"\/fr\/produit\/versandverpackung-fuer-frische-blumen\/\"><img loading=\"lazy\" decoding=\"async\" srcset=\"https:\/\/i2.wp.com\/www.colompac.com\/wp-content\/uploads\/2023\/05\/Gal_BloomWild.webp?strip=info&#038;w=600 600w,https:\/\/i2.wp.com\/www.colompac.com\/wp-content\/uploads\/2023\/05\/Gal_BloomWild.webp?strip=info&#038;w=900 900w,https:\/\/i2.wp.com\/www.colompac.com\/wp-content\/uploads\/2023\/05\/Gal_BloomWild.webp?strip=info&#038;w=1000 1000w\" class=\"alignnone\" src=\"https:\/\/i2.wp.com\/www.colompac.com\/wp-content\/uploads\/2023\/05\/Gal_BloomWild.webp\" alt=\"\" width=\"1000\" height=\"1000\" data-height=\"1000\" data-id=\"12939\" data-link=\"https:\/\/www.colompac.com\/?attachment_id=12939\" data-url=\"https:\/\/www.colompac.com\/wp-content\/uploads\/2023\/05\/Gal_BloomWild.webp\" data-width=\"1000\" data-amp-layout=\"responsive\" \/><\/a><\/figure>\r\n<\/div>\r\n<div class=\"tiled-gallery__col\" style=\"flex-basis: 19.98519%;\">\r\n<figure class=\"tiled-gallery__item\"><a href=\"\/fr\/produit\/blitzbodenkartons-fuer-fitnessnahrung\/\"><img loading=\"lazy\" decoding=\"async\" srcset=\"https:\/\/i1.wp.com\/www.colompac.com\/wp-content\/uploads\/2023\/05\/Gal_Foodspring.webp?strip=info&#038;w=600 600w,https:\/\/i1.wp.com\/www.colompac.com\/wp-content\/uploads\/2023\/05\/Gal_Foodspring.webp?strip=info&#038;w=900 900w,https:\/\/i1.wp.com\/www.colompac.com\/wp-content\/uploads\/2023\/05\/Gal_Foodspring.webp?strip=info&#038;w=1000 1000w\" class=\"alignnone\" src=\"https:\/\/i1.wp.com\/www.colompac.com\/wp-content\/uploads\/2023\/05\/Gal_Foodspring.webp\" alt=\"\" width=\"1000\" height=\"1000\" data-height=\"1000\" data-id=\"12947\" data-link=\"https:\/\/www.colompac.com\/?attachment_id=12947\" data-url=\"https:\/\/www.colompac.com\/wp-content\/uploads\/2023\/05\/Gal_Foodspring.webp\" data-width=\"1000\" data-amp-layout=\"responsive\" \/><\/a><\/figure>\r\n<figure class=\"tiled-gallery__item\"><a href=\"\/fr\/produit\/fashionbox-fuer-kindermode\/ \"><img loading=\"lazy\" decoding=\"async\" srcset=\"https:\/\/i2.wp.com\/www.colompac.com\/wp-content\/uploads\/2023\/05\/Gal_Hipstar.webp?strip=info&#038;w=600 600w,https:\/\/i2.wp.com\/www.colompac.com\/wp-content\/uploads\/2023\/05\/Gal_Hipstar.webp?strip=info&#038;w=900 900w,https:\/\/i2.wp.com\/www.colompac.com\/wp-content\/uploads\/2023\/05\/Gal_Hipstar.webp?strip=info&#038;w=1000 1000w\" class=\"alignnone\" src=\"https:\/\/i2.wp.com\/www.colompac.com\/wp-content\/uploads\/2023\/05\/Gal_Hipstar.webp\" alt=\"\" width=\"1000\" height=\"1000\" data-height=\"1000\" data-id=\"12955\" data-link=\"https:\/\/www.colompac.com\/?attachment_id=12955\" data-url=\"https:\/\/www.colompac.com\/wp-content\/uploads\/2023\/05\/Gal_Hipstar.webp\" data-width=\"1000\" data-amp-layout=\"responsive\" \/><\/a><\/figure>\r\n<figure class=\"tiled-gallery__item\"><a href=\"\/fr\/produit\/blitzbodenkarton-fuer-pflegeprodukte\/\"><img loading=\"lazy\" decoding=\"async\" srcset=\"https:\/\/i0.wp.com\/www.colompac.com\/wp-content\/uploads\/2023\/05\/Gal_Lyco.webp?strip=info&#038;w=600 600w,https:\/\/i0.wp.com\/www.colompac.com\/wp-content\/uploads\/2023\/05\/Gal_Lyco.webp?strip=info&#038;w=900 900w,https:\/\/i0.wp.com\/www.colompac.com\/wp-content\/uploads\/2023\/05\/Gal_Lyco.webp?strip=info&#038;w=1000 1000w\" class=\"alignnone\" src=\"https:\/\/i0.wp.com\/www.colompac.com\/wp-content\/uploads\/2023\/05\/Gal_Lyco.webp\" alt=\"\" width=\"1000\" height=\"1000\" data-height=\"1000\" data-id=\"12959\" data-link=\"https:\/\/www.colompac.com\/?attachment_id=12959\" data-url=\"https:\/\/www.colompac.com\/wp-content\/uploads\/2023\/05\/Gal_Lyco.webp\" data-width=\"1000\" data-amp-layout=\"responsive\" \/><\/a><\/figure>\r\n<\/div>\r\n<div class=\"tiled-gallery__col\" style=\"flex-basis: 30.01481%;\">\r\n<figure class=\"tiled-gallery__item\"><a href=\"\/fr\/produit\/versandverpackung-fuer-parfums-und-kosmetik\/\"><img loading=\"lazy\" decoding=\"async\" srcset=\"https:\/\/i2.wp.com\/www.colompac.com\/wp-content\/uploads\/2023\/05\/Gal_Marionaud.webp?strip=info&#038;w=600 600w,https:\/\/i2.wp.com\/www.colompac.com\/wp-content\/uploads\/2023\/05\/Gal_Marionaud.webp?strip=info&#038;w=900 900w,https:\/\/i2.wp.com\/www.colompac.com\/wp-content\/uploads\/2023\/05\/Gal_Marionaud.webp?strip=info&#038;w=1000 1000w\" class=\"alignnone\" src=\"https:\/\/i2.wp.com\/www.colompac.com\/wp-content\/uploads\/2023\/05\/Gal_Marionaud.webp\" alt=\"\" width=\"1000\" height=\"1000\" data-height=\"1000\" data-id=\"12963\" data-link=\"https:\/\/www.colompac.com\/?attachment_id=12963\" data-url=\"https:\/\/www.colompac.com\/wp-content\/uploads\/2023\/05\/Gal_Marionaud.webp\" data-width=\"1000\" data-amp-layout=\"responsive\" \/><\/a><\/figure>\r\n<figure class=\"tiled-gallery__item\"><a href=\"\/fr\/produit\/versandtasche-im-flexodruck\/\"><img loading=\"lazy\" decoding=\"async\" srcset=\"https:\/\/i1.wp.com\/www.colompac.com\/wp-content\/uploads\/2023\/05\/Gal_TCC.webp?strip=info&#038;w=600 600w,https:\/\/i1.wp.com\/www.colompac.com\/wp-content\/uploads\/2023\/05\/Gal_TCC.webp?strip=info&#038;w=900 900w,https:\/\/i1.wp.com\/www.colompac.com\/wp-content\/uploads\/2023\/05\/Gal_TCC.webp?strip=info&#038;w=1000 1000w\" class=\"alignnone\" src=\"https:\/\/i1.wp.com\/www.colompac.com\/wp-content\/uploads\/2023\/05\/Gal_TCC.webp\" alt=\"\" width=\"1000\" height=\"1000\" data-height=\"1000\" data-id=\"12967\" data-link=\"https:\/\/www.colompac.com\/?attachment_id=12967\" data-url=\"https:\/\/www.colompac.com\/wp-content\/uploads\/2023\/05\/Gal_TCC.webp\" data-width=\"1000\" data-amp-layout=\"responsive\" \/><\/a><\/figure>\r\n<\/div>\r\n<div class=\"tiled-gallery__col\" style=\"flex-basis: 30.01481%;\">\r\n<figure class=\"tiled-gallery__item\"><a href=\"\/fr\/individuelle-produkte\/\"><img loading=\"lazy\" decoding=\"async\" srcset=\"https:\/\/i2.wp.com\/www.colompac.com\/wp-content\/uploads\/2023\/05\/Gal_Gruppe.webp?strip=info&#038;w=600 600w,https:\/\/i2.wp.com\/www.colompac.com\/wp-content\/uploads\/2023\/05\/Gal_Gruppe.webp?strip=info&#038;w=900 900w,https:\/\/i2.wp.com\/www.colompac.com\/wp-content\/uploads\/2023\/05\/Gal_Gruppe.webp?strip=info&#038;w=1000 1000w\" class=\"alignnone\" src=\"https:\/\/i2.wp.com\/www.colompac.com\/wp-content\/uploads\/2023\/05\/Gal_Gruppe.webp\" alt=\"\" width=\"1000\" height=\"1000\" data-height=\"1000\" data-id=\"12951\" data-link=\"https:\/\/www.colompac.com\/?attachment_id=12951\" data-url=\"https:\/\/www.colompac.com\/wp-content\/uploads\/2023\/05\/Gal_Gruppe.webp\" data-width=\"1000\" data-amp-layout=\"responsive\" \/><\/a><\/figure>\r\n<figure class=\"tiled-gallery__item\"><a href=\"\/fr\/produit\/eurobox-fuer-kosmetik\/\"><img loading=\"lazy\" decoding=\"async\" srcset=\"https:\/\/i0.wp.com\/www.colompac.com\/wp-content\/uploads\/2023\/05\/Gal_Weleda.webp?strip=info&#038;w=600 600w,https:\/\/i0.wp.com\/www.colompac.com\/wp-content\/uploads\/2023\/05\/Gal_Weleda.webp?strip=info&#038;w=900 900w,https:\/\/i0.wp.com\/www.colompac.com\/wp-content\/uploads\/2023\/05\/Gal_Weleda.webp?strip=info&#038;w=1000 1000w\" class=\"alignnone\" src=\"https:\/\/i0.wp.com\/www.colompac.com\/wp-content\/uploads\/2023\/05\/Gal_Weleda.webp\" alt=\"\" width=\"1000\" height=\"1000\" data-height=\"1000\" data-id=\"12971\" data-link=\"https:\/\/www.colompac.com\/?attachment_id=12971\" data-url=\"https:\/\/www.colompac.com\/wp-content\/uploads\/2023\/05\/Gal_Weleda.webp\" data-width=\"1000\" data-amp-layout=\"responsive\" \/><\/a><\/figure>\r\n<\/div>\r\n<\/div>\r\n<\/div>\r\n<\/div>\r\n[\/vc_gutenberg][\/vc_column][\/vc_row][vc_row bg_gradient_direction=&#8221;0&#8243; css=&#8221;.vc_custom_1686049576112{padding-top: 80px !important;padding-bottom: 80px !important;background-color: #f0f0f0 !important;}&#8221;][vc_column width=&#8221;2\/3&#8243;][vc_column_text animation=&#8221;animation fade-in&#8221; css=&#8221;.vc_custom_1770877556932{padding-right: 10% !important;}&#8221;]\r\n<h2><strong>Contactez votre Service partenaire !<\/strong><\/h2>\r\n[\/vc_column_text][vc_column_text animation=&#8221;animation fade-in&#8221; css=&#8221;.vc_custom_1688630079132{padding-right: 10% !important;}&#8221;]\r\n<p>Vous avez une question, vous souhaitez un \u00e9chantillon, vous ne savez pas par o\u00f9 commencer ? Nos partenaires de service ColomPac\u00ae sont vos experts ColomPac\u00ae sur place : Proches, comp\u00e9tents et rapides, ils r\u00e9pondent \u00e0 toutes vos questions sur l&#8217;emballage Ecommerce, l&#8217;exp\u00e9dition et les possibilit\u00e9s d&#8217;optimisation.<\/p>\r\n[\/vc_column_text][\/vc_column][vc_column width=&#8221;1\/3&#8243;][vc_empty_space height=&#8221;30px&#8221;]\t<a id=\"thb-button-69f3580a4a972\" class=\"btn style3 large full accent small-radius    arrow-enabled\" href=\"\/fr\/partner\/?location=innsbruck&amp;radius=2000\" target=\"_self\" role=\"button\">\n\t\t<span>Trouvez votre de Service partenaire<\/span>\n\t<svg xmlns=\"http:\/\/www.w3.org\/2000\/svg\" xmlns:xlink=\"http:\/\/www.w3.org\/1999\/xlink\" x=\"0px\" y=\"0px\"\n\t width=\"30px\" height=\"18px\" viewBox=\"0 0 30 18\" enable-background=\"new 0 0 30 18\" xml:space=\"preserve\">\n<path class=\"handle\" d=\"M20.305,16.212c-0.407,0.409-0.407,1.071,0,1.479s1.068,0.408,1.476,0l7.914-7.952c0.408-0.409,0.408-1.071,0-1.481\n\tl-7.914-7.952c-0.407-0.409-1.068-0.409-1.476,0s-0.407,1.071,0,1.48l7.185,7.221L20.305,16.212z\"\/>\n<path class=\"bar\" fill-rule=\"evenodd\" clip-rule=\"evenodd\" d=\"M1,8h28.001c0.551,0,1,0.448,1,1c0,0.553-0.449,1-1,1H1c-0.553,0-1-0.447-1-1\n\tC0,8.448,0.447,8,1,8z\"\/>\n<\/svg>\n\t\t<\/a>\n\t\t[\/vc_column][\/vc_row][vc_row css=&#8221;.vc_custom_1685618412661{padding-top: 5vh !important;padding-bottom: 8vh !important;}&#8221;][vc_column]\n\t<div id=\"thb-posts-shortcode-69f3580a4a9fb\" class=\"posts-shortcode posts-style1  row   thb-carousel overflow-visible  \" data-columns=\"3\" data-autoplay=\"true\" data-autoplay-speed=\"4000\" data-pagination=\"true\" data-loadmore=\"#loadmore-907\" data-security=\"dd08f2be77\">\n\t\t<div class=\"small-12 large-4 columns\">\n\t<article itemscope itemtype=\"http:\/\/schema.org\/Article\" class=\"post style1 animation scale post-19825 type-post status-publish format-standard has-post-thumbnail hentry category-non-classifiee tag-nachhaltigkeit-fr\">\n\t\t\t\t<figure class=\"post-gallery\">\n\t\t\t<a href=\"https:\/\/www.colompac.com\/fr\/colompac-verpackungen-digital-ppwr-ready\/\" rel=\"bookmark\" title=\"Emballages ColomPac\u00ae &#8211; num\u00e9riques et compatibles PPWR\">\n\t\t\t\t<img loading=\"lazy\" decoding=\"async\" width=\"760\" height=\"630\" src=\"https:\/\/www.colompac.com\/wp-content\/uploads\/2026\/04\/CP_QR-Code-760x630.jpg\" class=\"attachment-revolution-rectangle-x2 size-revolution-rectangle-x2 wp-post-image\" alt=\"Smartphone mit ge\u00f6ffneter Webseite wird \u00fcber einen QR-Code auf einer braunen Kartonverpackung gehalten.\" srcset=\"https:\/\/www.colompac.com\/wp-content\/uploads\/2026\/04\/CP_QR-Code-760x630.jpg 760w, https:\/\/www.colompac.com\/wp-content\/uploads\/2026\/04\/CP_QR-Code-380x315.jpg 380w, https:\/\/www.colompac.com\/wp-content\/uploads\/2026\/04\/CP_QR-Code-20x16.jpg 20w\" sizes=\"auto, (max-width: 760px) 100vw, 760px\" \/>\t\t\t\t<div class=\"post-gallery-overlay\"><svg xmlns=\"http:\/\/www.w3.org\/2000\/svg\" xmlns:xlink=\"http:\/\/www.w3.org\/1999\/xlink\" x=\"0px\" y=\"0px\"\n\t width=\"30px\" height=\"18px\" viewBox=\"0 0 30 18\" enable-background=\"new 0 0 30 18\" xml:space=\"preserve\">\n<path class=\"handle\" d=\"M20.305,16.212c-0.407,0.409-0.407,1.071,0,1.479s1.068,0.408,1.476,0l7.914-7.952c0.408-0.409,0.408-1.071,0-1.481\n\tl-7.914-7.952c-0.407-0.409-1.068-0.409-1.476,0s-0.407,1.071,0,1.48l7.185,7.221L20.305,16.212z\"\/>\n<path class=\"bar\" fill-rule=\"evenodd\" clip-rule=\"evenodd\" d=\"M1,8h28.001c0.551,0,1,0.448,1,1c0,0.553-0.449,1-1,1H1c-0.553,0-1-0.447-1-1\n\tC0,8.448,0.447,8,1,8z\"\/>\n<\/svg>\n<\/div>\n\t\t\t<\/a>\n\t\t<\/figure>\n\t\t\t\t\t\t<header class=\"post-title entry-header\">\n\t\t\t<h3 class=\"entry-title\" itemprop=\"name headline\"><a href=\"https:\/\/www.colompac.com\/fr\/colompac-verpackungen-digital-ppwr-ready\/\" title=\"Emballages ColomPac\u00ae &#8211; num\u00e9riques et compatibles PPWR\">Emballages ColomPac\u00ae &#8211; num\u00e9riques et compatibles PPWR<\/a><\/h3>\t\t<\/header>\n\t\t\t\t\t<div class=\"post-content\">\n\t\t\t\t<p>L&#8217;avenir de l&#8217;emballage est num\u00e9rique, transparent et durable. Avec ColomPac\u00ae, vous \u00eates d\u00e9j\u00e0 pr\u00eat pour&hellip;<\/p>\n\t\t\t<\/div>\n\t\t\t\t\t\t<aside class=\"post-meta\">\n\t\t\t16. avril 2026\t\t<\/aside>\n\t\t\t\t\t<aside class=\"post-bottom-meta hide\">\n\t\t<strong rel=\"author\" itemprop=\"author\" class=\"author\"><a href=\"https:\/\/www.colompac.com\/fr\/author\/admin\/\" title=\"Articles par Admin\" rel=\"author\">Admin<\/a><\/strong>\n\t\t<time class=\"date published time\" datetime=\"2026-04-16T07:00:00+02:00\" itemprop=\"datePublished\" content=\"2026-04-16T07:00:00+02:00\">2026-04-16T07:00:00+02:00<\/time>\n\t\t<meta itemprop=\"dateModified\" class=\"date updated\" content=\"2026-04-15T08:58:47+02:00\">\n\t\t<span class=\"hide\" itemprop=\"publisher\" itemscope itemtype=\"https:\/\/schema.org\/Organization\">\n\t\t\t<meta itemprop=\"name\" content=\"ColomPac\u00ae\">\n\t\t\t<span itemprop=\"logo\" itemscope itemtype=\"https:\/\/schema.org\/ImageObject\">\n\t\t\t\t<meta itemprop=\"url\" content=\"https:\/\/www.colompac.com\/\/wp-content\/uploads\/2023\/03\/logo.png\">\n\t\t\t<\/span>\n\t\t\t<meta itemprop=\"url\" content=\"https:\/\/www.colompac.com\/fr\/\">\n\t\t<\/span>\n\t\t\t\t<span class=\"hide\" itemprop=\"image\" itemscope itemtype=\"http:\/\/schema.org\/ImageObject\">\n\t\t\t<meta itemprop=\"url\" content=\"https:\/\/www.colompac.com\/wp-content\/uploads\/2026\/04\/CP_QR-Code.jpg\">\n\t\t\t<meta itemprop=\"width\" content=\"1000\">\n\t\t\t<meta itemprop=\"height\" content=\"800\">\n\t\t<\/span>\n\t\t\t\t<meta itemprop=\"mainEntityOfPage\" content=\"https:\/\/www.colompac.com\/fr\/colompac-verpackungen-digital-ppwr-ready\/\">\n\t<\/aside>\n\t\t<\/article>\n<\/div>\n<div class=\"small-12 large-4 columns\">\n\t<article itemscope itemtype=\"http:\/\/schema.org\/Article\" class=\"post style1 animation scale post-19655 type-post status-publish format-standard has-post-thumbnail hentry category-non-classifiee\">\n\t\t\t\t<figure class=\"post-gallery\">\n\t\t\t<a href=\"https:\/\/www.colompac.com\/fr\/design-by-colompac-3-etapes-suffisent-pour-creer-un-emballage-e-commerce-personnalise\/\" rel=\"bookmark\" title=\"Design by ColomPac\u00ae &#8211; 3 \u00e9tapes suffisent pour cr\u00e9er un emballage e-commerce personnalis\u00e9\">\n\t\t\t\t<img loading=\"lazy\" decoding=\"async\" width=\"760\" height=\"630\" src=\"https:\/\/www.colompac.com\/wp-content\/uploads\/2024\/07\/CP_Design_2026-760x630.jpg\" class=\"attachment-revolution-rectangle-x2 size-revolution-rectangle-x2 wp-post-image\" alt=\"\" srcset=\"https:\/\/www.colompac.com\/wp-content\/uploads\/2024\/07\/CP_Design_2026-760x630.jpg 760w, https:\/\/www.colompac.com\/wp-content\/uploads\/2024\/07\/CP_Design_2026-380x315.jpg 380w, https:\/\/www.colompac.com\/wp-content\/uploads\/2024\/07\/CP_Design_2026-20x16.jpg 20w\" sizes=\"auto, (max-width: 760px) 100vw, 760px\" \/>\t\t\t\t<div class=\"post-gallery-overlay\"><svg xmlns=\"http:\/\/www.w3.org\/2000\/svg\" xmlns:xlink=\"http:\/\/www.w3.org\/1999\/xlink\" x=\"0px\" y=\"0px\"\n\t width=\"30px\" height=\"18px\" viewBox=\"0 0 30 18\" enable-background=\"new 0 0 30 18\" xml:space=\"preserve\">\n<path class=\"handle\" d=\"M20.305,16.212c-0.407,0.409-0.407,1.071,0,1.479s1.068,0.408,1.476,0l7.914-7.952c0.408-0.409,0.408-1.071,0-1.481\n\tl-7.914-7.952c-0.407-0.409-1.068-0.409-1.476,0s-0.407,1.071,0,1.48l7.185,7.221L20.305,16.212z\"\/>\n<path class=\"bar\" fill-rule=\"evenodd\" clip-rule=\"evenodd\" d=\"M1,8h28.001c0.551,0,1,0.448,1,1c0,0.553-0.449,1-1,1H1c-0.553,0-1-0.447-1-1\n\tC0,8.448,0.447,8,1,8z\"\/>\n<\/svg>\n<\/div>\n\t\t\t<\/a>\n\t\t<\/figure>\n\t\t\t\t\t\t<header class=\"post-title entry-header\">\n\t\t\t<h3 class=\"entry-title\" itemprop=\"name headline\"><a href=\"https:\/\/www.colompac.com\/fr\/design-by-colompac-3-etapes-suffisent-pour-creer-un-emballage-e-commerce-personnalise\/\" title=\"Design by ColomPac\u00ae &#8211; 3 \u00e9tapes suffisent pour cr\u00e9er un emballage e-commerce personnalis\u00e9\">Design by ColomPac\u00ae &#8211; 3 \u00e9tapes suffisent pour cr\u00e9er un emballage e-commerce personnalis\u00e9<\/a><\/h3>\t\t<\/header>\n\t\t\t\t\t<div class=\"post-content\">\n\t\t\t\t<p>L&#8217;emballage d&#8217;exp\u00e9dition d&#8217;une boutique en ligne est la premi\u00e8re chose qu&#8217;un client ou une cliente&hellip;<\/p>\n\t\t\t<\/div>\n\t\t\t\t\t\t<aside class=\"post-meta\">\n\t\t\t24. f\u00e9vrier 2026\t\t<\/aside>\n\t\t\t\t\t<aside class=\"post-bottom-meta hide\">\n\t\t<strong rel=\"author\" itemprop=\"author\" class=\"author\"><a href=\"https:\/\/www.colompac.com\/fr\/author\/admin\/\" title=\"Articles par Admin\" rel=\"author\">Admin<\/a><\/strong>\n\t\t<time class=\"date published time\" datetime=\"2026-02-24T11:39:22+01:00\" itemprop=\"datePublished\" content=\"2026-02-24T11:39:22+01:00\">2026-02-24T11:39:22+01:00<\/time>\n\t\t<meta itemprop=\"dateModified\" class=\"date updated\" content=\"2026-02-24T11:51:08+01:00\">\n\t\t<span class=\"hide\" itemprop=\"publisher\" itemscope itemtype=\"https:\/\/schema.org\/Organization\">\n\t\t\t<meta itemprop=\"name\" content=\"ColomPac\u00ae\">\n\t\t\t<span itemprop=\"logo\" itemscope itemtype=\"https:\/\/schema.org\/ImageObject\">\n\t\t\t\t<meta itemprop=\"url\" content=\"https:\/\/www.colompac.com\/\/wp-content\/uploads\/2023\/03\/logo.png\">\n\t\t\t<\/span>\n\t\t\t<meta itemprop=\"url\" content=\"https:\/\/www.colompac.com\/fr\/\">\n\t\t<\/span>\n\t\t\t\t<span class=\"hide\" itemprop=\"image\" itemscope itemtype=\"http:\/\/schema.org\/ImageObject\">\n\t\t\t<meta itemprop=\"url\" content=\"https:\/\/www.colompac.com\/wp-content\/uploads\/2024\/07\/CP_Design_2026.jpg\">\n\t\t\t<meta itemprop=\"width\" content=\"1000\">\n\t\t\t<meta itemprop=\"height\" content=\"800\">\n\t\t<\/span>\n\t\t\t\t<meta itemprop=\"mainEntityOfPage\" content=\"https:\/\/www.colompac.com\/fr\/design-by-colompac-3-etapes-suffisent-pour-creer-un-emballage-e-commerce-personnalise\/\">\n\t<\/aside>\n\t\t<\/article>\n<\/div>\n<div class=\"small-12 large-4 columns\">\n\t<article itemscope itemtype=\"http:\/\/schema.org\/Article\" class=\"post style1 animation scale post-19612 type-post status-publish format-standard has-post-thumbnail hentry category-non-classifiee\">\n\t\t\t\t<figure class=\"post-gallery\">\n\t\t\t<a href=\"https:\/\/www.colompac.com\/fr\/ppwr-im-blick\/\" rel=\"bookmark\" title=\"PPWR en bref\">\n\t\t\t\t<img loading=\"lazy\" decoding=\"async\" width=\"760\" height=\"630\" src=\"https:\/\/www.colompac.com\/wp-content\/uploads\/2026\/02\/CP_PPWR-760x630.jpg\" class=\"attachment-revolution-rectangle-x2 size-revolution-rectangle-x2 wp-post-image\" alt=\"Hand zieht den Selbstklebestreifen einer ColomPac\u2011Versandverpackung ab; im Vordergrund steht der Schriftzug \u2018PPWR \u2013 Packaging and Packaging Waste Regulation\u2019.\" srcset=\"https:\/\/www.colompac.com\/wp-content\/uploads\/2026\/02\/CP_PPWR-760x630.jpg 760w, https:\/\/www.colompac.com\/wp-content\/uploads\/2026\/02\/CP_PPWR-380x315.jpg 380w, https:\/\/www.colompac.com\/wp-content\/uploads\/2026\/02\/CP_PPWR-20x16.jpg 20w\" sizes=\"auto, (max-width: 760px) 100vw, 760px\" \/>\t\t\t\t<div class=\"post-gallery-overlay\"><svg xmlns=\"http:\/\/www.w3.org\/2000\/svg\" xmlns:xlink=\"http:\/\/www.w3.org\/1999\/xlink\" x=\"0px\" y=\"0px\"\n\t width=\"30px\" height=\"18px\" viewBox=\"0 0 30 18\" enable-background=\"new 0 0 30 18\" xml:space=\"preserve\">\n<path class=\"handle\" d=\"M20.305,16.212c-0.407,0.409-0.407,1.071,0,1.479s1.068,0.408,1.476,0l7.914-7.952c0.408-0.409,0.408-1.071,0-1.481\n\tl-7.914-7.952c-0.407-0.409-1.068-0.409-1.476,0s-0.407,1.071,0,1.48l7.185,7.221L20.305,16.212z\"\/>\n<path class=\"bar\" fill-rule=\"evenodd\" clip-rule=\"evenodd\" d=\"M1,8h28.001c0.551,0,1,0.448,1,1c0,0.553-0.449,1-1,1H1c-0.553,0-1-0.447-1-1\n\tC0,8.448,0.447,8,1,8z\"\/>\n<\/svg>\n<\/div>\n\t\t\t<\/a>\n\t\t<\/figure>\n\t\t\t\t\t\t<header class=\"post-title entry-header\">\n\t\t\t<h3 class=\"entry-title\" itemprop=\"name headline\"><a href=\"https:\/\/www.colompac.com\/fr\/ppwr-im-blick\/\" title=\"PPWR en bref\">PPWR en bref<\/a><\/h3>\t\t<\/header>\n\t\t\t\t\t<div class=\"post-content\">\n\t\t\t\t<p>La nouvelle r\u00e9glementation europ\u00e9enne sur les emballages PPWR entrera en vigueur le 12 ao\u00fbt 2026&hellip;<\/p>\n\t\t\t<\/div>\n\t\t\t\t\t\t<aside class=\"post-meta\">\n\t\t\t5. f\u00e9vrier 2026\t\t<\/aside>\n\t\t\t\t\t<aside class=\"post-bottom-meta hide\">\n\t\t<strong rel=\"author\" itemprop=\"author\" class=\"author\"><a href=\"https:\/\/www.colompac.com\/fr\/author\/admin\/\" title=\"Articles par Admin\" rel=\"author\">Admin<\/a><\/strong>\n\t\t<time class=\"date published time\" datetime=\"2026-02-05T13:53:34+01:00\" itemprop=\"datePublished\" content=\"2026-02-05T13:53:34+01:00\">2026-02-05T13:53:34+01:00<\/time>\n\t\t<meta itemprop=\"dateModified\" class=\"date updated\" content=\"2026-02-05T14:49:57+01:00\">\n\t\t<span class=\"hide\" itemprop=\"publisher\" itemscope itemtype=\"https:\/\/schema.org\/Organization\">\n\t\t\t<meta itemprop=\"name\" content=\"ColomPac\u00ae\">\n\t\t\t<span itemprop=\"logo\" itemscope itemtype=\"https:\/\/schema.org\/ImageObject\">\n\t\t\t\t<meta itemprop=\"url\" content=\"https:\/\/www.colompac.com\/\/wp-content\/uploads\/2023\/03\/logo.png\">\n\t\t\t<\/span>\n\t\t\t<meta itemprop=\"url\" content=\"https:\/\/www.colompac.com\/fr\/\">\n\t\t<\/span>\n\t\t\t\t<span class=\"hide\" itemprop=\"image\" itemscope itemtype=\"http:\/\/schema.org\/ImageObject\">\n\t\t\t<meta itemprop=\"url\" content=\"https:\/\/www.colompac.com\/wp-content\/uploads\/2026\/02\/CP_PPWR.jpg\">\n\t\t\t<meta itemprop=\"width\" content=\"1000\">\n\t\t\t<meta itemprop=\"height\" content=\"800\">\n\t\t<\/span>\n\t\t\t\t<meta itemprop=\"mainEntityOfPage\" content=\"https:\/\/www.colompac.com\/fr\/ppwr-im-blick\/\">\n\t<\/aside>\n\t\t<\/article>\n<\/div>\n<div class=\"small-12 large-4 columns\">\n\t<article itemscope itemtype=\"http:\/\/schema.org\/Article\" class=\"post style1 animation scale post-19568 type-post status-publish format-standard has-post-thumbnail hentry category-non-classifiee\">\n\t\t\t\t<figure class=\"post-gallery\">\n\t\t\t<a href=\"https:\/\/www.colompac.com\/fr\/frohes-fest-und-einen-guten-start-in-2026\/\" rel=\"bookmark\" title=\"Joyeuses f\u00eates et bonne ann\u00e9e 2026 !\">\n\t\t\t\t<img loading=\"lazy\" decoding=\"async\" width=\"760\" height=\"630\" src=\"https:\/\/www.colompac.com\/wp-content\/uploads\/2025\/12\/CP_News_Weihnacht_de-760x630.png\" class=\"attachment-revolution-rectangle-x2 size-revolution-rectangle-x2 wp-post-image\" alt=\"rafik mit stilisierten Tannenb\u00e4umen aus braunem Karton vor einem Hintergrund mit Schneeflocken.\" srcset=\"https:\/\/www.colompac.com\/wp-content\/uploads\/2025\/12\/CP_News_Weihnacht_de-760x630.png 760w, https:\/\/www.colompac.com\/wp-content\/uploads\/2025\/12\/CP_News_Weihnacht_de-380x315.png 380w, https:\/\/www.colompac.com\/wp-content\/uploads\/2025\/12\/CP_News_Weihnacht_de-20x16.png 20w\" sizes=\"auto, (max-width: 760px) 100vw, 760px\" \/>\t\t\t\t<div class=\"post-gallery-overlay\"><svg xmlns=\"http:\/\/www.w3.org\/2000\/svg\" xmlns:xlink=\"http:\/\/www.w3.org\/1999\/xlink\" x=\"0px\" y=\"0px\"\n\t width=\"30px\" height=\"18px\" viewBox=\"0 0 30 18\" enable-background=\"new 0 0 30 18\" xml:space=\"preserve\">\n<path class=\"handle\" d=\"M20.305,16.212c-0.407,0.409-0.407,1.071,0,1.479s1.068,0.408,1.476,0l7.914-7.952c0.408-0.409,0.408-1.071,0-1.481\n\tl-7.914-7.952c-0.407-0.409-1.068-0.409-1.476,0s-0.407,1.071,0,1.48l7.185,7.221L20.305,16.212z\"\/>\n<path class=\"bar\" fill-rule=\"evenodd\" clip-rule=\"evenodd\" d=\"M1,8h28.001c0.551,0,1,0.448,1,1c0,0.553-0.449,1-1,1H1c-0.553,0-1-0.447-1-1\n\tC0,8.448,0.447,8,1,8z\"\/>\n<\/svg>\n<\/div>\n\t\t\t<\/a>\n\t\t<\/figure>\n\t\t\t\t\t\t<header class=\"post-title entry-header\">\n\t\t\t<h3 class=\"entry-title\" itemprop=\"name headline\"><a href=\"https:\/\/www.colompac.com\/fr\/frohes-fest-und-einen-guten-start-in-2026\/\" title=\"Joyeuses f\u00eates et bonne ann\u00e9e 2026 !\">Joyeuses f\u00eates et bonne ann\u00e9e 2026 !<\/a><\/h3>\t\t<\/header>\n\t\t\t\t\t<div class=\"post-content\">\n\t\t\t\t<p>Une nouvelle ann\u00e9e riche en \u00e9v\u00e9nements avec ColomPac\u00ae touche \u00e0 sa fin. Il ne nous&hellip;<\/p>\n\t\t\t<\/div>\n\t\t\t\t\t\t<aside class=\"post-meta\">\n\t\t\t19. d\u00e9cembre 2025\t\t<\/aside>\n\t\t\t\t\t<aside class=\"post-bottom-meta hide\">\n\t\t<strong rel=\"author\" itemprop=\"author\" class=\"author\"><a href=\"https:\/\/www.colompac.com\/fr\/author\/admin\/\" title=\"Articles par Admin\" rel=\"author\">Admin<\/a><\/strong>\n\t\t<time class=\"date published time\" datetime=\"2025-12-19T08:00:00+01:00\" itemprop=\"datePublished\" content=\"2025-12-19T08:00:00+01:00\">2025-12-19T08:00:00+01:00<\/time>\n\t\t<meta itemprop=\"dateModified\" class=\"date updated\" content=\"2026-01-08T11:22:28+01:00\">\n\t\t<span class=\"hide\" itemprop=\"publisher\" itemscope itemtype=\"https:\/\/schema.org\/Organization\">\n\t\t\t<meta itemprop=\"name\" content=\"ColomPac\u00ae\">\n\t\t\t<span itemprop=\"logo\" itemscope itemtype=\"https:\/\/schema.org\/ImageObject\">\n\t\t\t\t<meta itemprop=\"url\" content=\"https:\/\/www.colompac.com\/\/wp-content\/uploads\/2023\/03\/logo.png\">\n\t\t\t<\/span>\n\t\t\t<meta itemprop=\"url\" content=\"https:\/\/www.colompac.com\/fr\/\">\n\t\t<\/span>\n\t\t\t\t<span class=\"hide\" itemprop=\"image\" itemscope itemtype=\"http:\/\/schema.org\/ImageObject\">\n\t\t\t<meta itemprop=\"url\" content=\"https:\/\/www.colompac.com\/wp-content\/uploads\/2025\/12\/CP_News_Weihnacht_de.png\">\n\t\t\t<meta itemprop=\"width\" content=\"1000\">\n\t\t\t<meta itemprop=\"height\" content=\"800\">\n\t\t<\/span>\n\t\t\t\t<meta itemprop=\"mainEntityOfPage\" content=\"https:\/\/www.colompac.com\/fr\/frohes-fest-und-einen-guten-start-in-2026\/\">\n\t<\/aside>\n\t\t<\/article>\n<\/div>\n<div class=\"small-12 large-4 columns\">\n\t<article itemscope itemtype=\"http:\/\/schema.org\/Article\" class=\"post style1 animation scale post-19277 type-post status-publish format-standard has-post-thumbnail hentry category-non-classifiee\">\n\t\t\t\t<figure class=\"post-gallery\">\n\t\t\t<a href=\"https:\/\/www.colompac.com\/fr\/fachpack-2025-wir-waren-dabei\/\" rel=\"bookmark\" title=\"FachPack 2025 \u2013 Wir waren dabei!\">\n\t\t\t\t<img loading=\"lazy\" decoding=\"async\" width=\"760\" height=\"630\" src=\"https:\/\/www.colompac.com\/wp-content\/uploads\/2025\/10\/CP_News_FachPack25-760x630.jpg\" class=\"attachment-revolution-rectangle-x2 size-revolution-rectangle-x2 wp-post-image\" alt=\"Messehalle mit ColomPac\u00ae-Stand zur Ersatzteillogistik; orangefarbener W\u00fcrfel mit \u201ew-well\u201c oben sichtbar.\" srcset=\"https:\/\/www.colompac.com\/wp-content\/uploads\/2025\/10\/CP_News_FachPack25-760x630.jpg 760w, https:\/\/www.colompac.com\/wp-content\/uploads\/2025\/10\/CP_News_FachPack25-380x315.jpg 380w, https:\/\/www.colompac.com\/wp-content\/uploads\/2025\/10\/CP_News_FachPack25-20x16.jpg 20w\" sizes=\"auto, (max-width: 760px) 100vw, 760px\" \/>\t\t\t\t<div class=\"post-gallery-overlay\"><svg xmlns=\"http:\/\/www.w3.org\/2000\/svg\" xmlns:xlink=\"http:\/\/www.w3.org\/1999\/xlink\" x=\"0px\" y=\"0px\"\n\t width=\"30px\" height=\"18px\" viewBox=\"0 0 30 18\" enable-background=\"new 0 0 30 18\" xml:space=\"preserve\">\n<path class=\"handle\" d=\"M20.305,16.212c-0.407,0.409-0.407,1.071,0,1.479s1.068,0.408,1.476,0l7.914-7.952c0.408-0.409,0.408-1.071,0-1.481\n\tl-7.914-7.952c-0.407-0.409-1.068-0.409-1.476,0s-0.407,1.071,0,1.48l7.185,7.221L20.305,16.212z\"\/>\n<path class=\"bar\" fill-rule=\"evenodd\" clip-rule=\"evenodd\" d=\"M1,8h28.001c0.551,0,1,0.448,1,1c0,0.553-0.449,1-1,1H1c-0.553,0-1-0.447-1-1\n\tC0,8.448,0.447,8,1,8z\"\/>\n<\/svg>\n<\/div>\n\t\t\t<\/a>\n\t\t<\/figure>\n\t\t\t\t\t\t<header class=\"post-title entry-header\">\n\t\t\t<h3 class=\"entry-title\" itemprop=\"name headline\"><a href=\"https:\/\/www.colompac.com\/fr\/fachpack-2025-wir-waren-dabei\/\" title=\"FachPack 2025 \u2013 Wir waren dabei!\">FachPack 2025 \u2013 Wir waren dabei!<\/a><\/h3>\t\t<\/header>\n\t\t\t\t\t<div class=\"post-content\">\n\t\t\t\t<p>Unser ColomPac\u00ae Sortiment unter anderem mit einer Auswahl an Versandverpackungen f\u00fcr den Ersatzteilversand, sowie vielf\u00e4ltige,&hellip;<\/p>\n\t\t\t<\/div>\n\t\t\t\t\t\t<aside class=\"post-meta\">\n\t\t\t1. octobre 2025\t\t<\/aside>\n\t\t\t\t\t<aside class=\"post-bottom-meta hide\">\n\t\t<strong rel=\"author\" itemprop=\"author\" class=\"author\"><a href=\"https:\/\/www.colompac.com\/fr\/author\/admin\/\" title=\"Articles par Admin\" rel=\"author\">Admin<\/a><\/strong>\n\t\t<time class=\"date published time\" datetime=\"2025-10-01T15:01:01+02:00\" itemprop=\"datePublished\" content=\"2025-10-01T15:01:01+02:00\">2025-10-01T15:01:01+02:00<\/time>\n\t\t<meta itemprop=\"dateModified\" class=\"date updated\" content=\"2025-10-01T15:01:01+02:00\">\n\t\t<span class=\"hide\" itemprop=\"publisher\" itemscope itemtype=\"https:\/\/schema.org\/Organization\">\n\t\t\t<meta itemprop=\"name\" content=\"ColomPac\u00ae\">\n\t\t\t<span itemprop=\"logo\" itemscope itemtype=\"https:\/\/schema.org\/ImageObject\">\n\t\t\t\t<meta itemprop=\"url\" content=\"https:\/\/www.colompac.com\/\/wp-content\/uploads\/2023\/03\/logo.png\">\n\t\t\t<\/span>\n\t\t\t<meta itemprop=\"url\" content=\"https:\/\/www.colompac.com\/fr\/\">\n\t\t<\/span>\n\t\t\t\t<span class=\"hide\" itemprop=\"image\" itemscope itemtype=\"http:\/\/schema.org\/ImageObject\">\n\t\t\t<meta itemprop=\"url\" content=\"https:\/\/www.colompac.com\/wp-content\/uploads\/2025\/10\/CP_News_FachPack25.jpg\">\n\t\t\t<meta itemprop=\"width\" content=\"1000\">\n\t\t\t<meta itemprop=\"height\" content=\"800\">\n\t\t<\/span>\n\t\t\t\t<meta itemprop=\"mainEntityOfPage\" content=\"https:\/\/www.colompac.com\/fr\/fachpack-2025-wir-waren-dabei\/\">\n\t<\/aside>\n\t\t<\/article>\n<\/div>\n<div class=\"small-12 large-4 columns\">\n\t<article itemscope itemtype=\"http:\/\/schema.org\/Article\" class=\"post style1 animation scale post-19155 type-post status-publish format-standard has-post-thumbnail hentry category-non-classifiee\">\n\t\t\t\t<figure class=\"post-gallery\">\n\t\t\t<a href=\"https:\/\/www.colompac.com\/fr\/nous-faconnons-lavenir-en-direct-au-salon-fachpack-2025\/\" rel=\"bookmark\" title=\"Nous fa\u00e7onnons l&#8217;avenir \u2013 en direct au salon FachPack 2025 !\">\n\t\t\t\t<img loading=\"lazy\" decoding=\"async\" width=\"760\" height=\"630\" src=\"https:\/\/www.colompac.com\/wp-content\/uploads\/2025\/07\/CP_News_FachPack_GB_V3-760x630.png\" class=\"attachment-revolution-rectangle-x2 size-revolution-rectangle-x2 wp-post-image\" alt=\"\" srcset=\"https:\/\/www.colompac.com\/wp-content\/uploads\/2025\/07\/CP_News_FachPack_GB_V3-760x630.png 760w, https:\/\/www.colompac.com\/wp-content\/uploads\/2025\/07\/CP_News_FachPack_GB_V3-380x315.png 380w, https:\/\/www.colompac.com\/wp-content\/uploads\/2025\/07\/CP_News_FachPack_GB_V3-20x16.png 20w\" sizes=\"auto, (max-width: 760px) 100vw, 760px\" \/>\t\t\t\t<div class=\"post-gallery-overlay\"><svg xmlns=\"http:\/\/www.w3.org\/2000\/svg\" xmlns:xlink=\"http:\/\/www.w3.org\/1999\/xlink\" x=\"0px\" y=\"0px\"\n\t width=\"30px\" height=\"18px\" viewBox=\"0 0 30 18\" enable-background=\"new 0 0 30 18\" xml:space=\"preserve\">\n<path class=\"handle\" d=\"M20.305,16.212c-0.407,0.409-0.407,1.071,0,1.479s1.068,0.408,1.476,0l7.914-7.952c0.408-0.409,0.408-1.071,0-1.481\n\tl-7.914-7.952c-0.407-0.409-1.068-0.409-1.476,0s-0.407,1.071,0,1.48l7.185,7.221L20.305,16.212z\"\/>\n<path class=\"bar\" fill-rule=\"evenodd\" clip-rule=\"evenodd\" d=\"M1,8h28.001c0.551,0,1,0.448,1,1c0,0.553-0.449,1-1,1H1c-0.553,0-1-0.447-1-1\n\tC0,8.448,0.447,8,1,8z\"\/>\n<\/svg>\n<\/div>\n\t\t\t<\/a>\n\t\t<\/figure>\n\t\t\t\t\t\t<header class=\"post-title entry-header\">\n\t\t\t<h3 class=\"entry-title\" itemprop=\"name headline\"><a href=\"https:\/\/www.colompac.com\/fr\/nous-faconnons-lavenir-en-direct-au-salon-fachpack-2025\/\" title=\"Nous fa\u00e7onnons l&#8217;avenir \u2013 en direct au salon FachPack 2025 !\">Nous fa\u00e7onnons l&#8217;avenir \u2013 en direct au salon FachPack 2025 !<\/a><\/h3>\t\t<\/header>\n\t\t\t\t\t<div class=\"post-content\">\n\t\t\t\t<p>Du 23 au 25 septembre, nous serons de nouveau pr\u00e9sents au salon FachPack \u00e0 Nuremberg&hellip;<\/p>\n\t\t\t<\/div>\n\t\t\t\t\t\t<aside class=\"post-meta\">\n\t\t\t10. juillet 2025\t\t<\/aside>\n\t\t\t\t\t<aside class=\"post-bottom-meta hide\">\n\t\t<strong rel=\"author\" itemprop=\"author\" class=\"author\"><a href=\"https:\/\/www.colompac.com\/fr\/author\/admin\/\" title=\"Articles par Admin\" rel=\"author\">Admin<\/a><\/strong>\n\t\t<time class=\"date published time\" datetime=\"2025-07-10T07:09:03+02:00\" itemprop=\"datePublished\" content=\"2025-07-10T07:09:03+02:00\">2025-07-10T07:09:03+02:00<\/time>\n\t\t<meta itemprop=\"dateModified\" class=\"date updated\" content=\"2025-07-10T07:27:30+02:00\">\n\t\t<span class=\"hide\" itemprop=\"publisher\" itemscope itemtype=\"https:\/\/schema.org\/Organization\">\n\t\t\t<meta itemprop=\"name\" content=\"ColomPac\u00ae\">\n\t\t\t<span itemprop=\"logo\" itemscope itemtype=\"https:\/\/schema.org\/ImageObject\">\n\t\t\t\t<meta itemprop=\"url\" content=\"https:\/\/www.colompac.com\/\/wp-content\/uploads\/2023\/03\/logo.png\">\n\t\t\t<\/span>\n\t\t\t<meta itemprop=\"url\" content=\"https:\/\/www.colompac.com\/fr\/\">\n\t\t<\/span>\n\t\t\t\t<span class=\"hide\" itemprop=\"image\" itemscope itemtype=\"http:\/\/schema.org\/ImageObject\">\n\t\t\t<meta itemprop=\"url\" content=\"https:\/\/www.colompac.com\/wp-content\/uploads\/2025\/07\/CP_News_FachPack_GB_V3.png\">\n\t\t\t<meta itemprop=\"width\" content=\"1000\">\n\t\t\t<meta itemprop=\"height\" content=\"800\">\n\t\t<\/span>\n\t\t\t\t<meta itemprop=\"mainEntityOfPage\" content=\"https:\/\/www.colompac.com\/fr\/nous-faconnons-lavenir-en-direct-au-salon-fachpack-2025\/\">\n\t<\/aside>\n\t\t<\/article>\n<\/div>\n<div class=\"small-12 large-4 columns\">\n\t<article itemscope itemtype=\"http:\/\/schema.org\/Article\" class=\"post style1 animation scale post-18346 type-post status-publish format-standard has-post-thumbnail hentry category-non-classifiee\">\n\t\t\t\t<figure class=\"post-gallery\">\n\t\t\t<a href=\"https:\/\/www.colompac.com\/fr\/colompac-versandtaschen-natuerlicher-look-und-trotzdem-bedruckbar\/\" rel=\"bookmark\" title=\"Pochettes d&#8217;exp\u00e9dition ColomPac\u00ae &#8211; Un look naturel et pourtant imprimable\">\n\t\t\t\t<img loading=\"lazy\" decoding=\"async\" width=\"760\" height=\"630\" src=\"https:\/\/www.colompac.com\/wp-content\/uploads\/2025\/05\/CP_News_CP012_2025_FR-760x630.jpg\" class=\"attachment-revolution-rectangle-x2 size-revolution-rectangle-x2 wp-post-image\" alt=\"Enveloppe imprim\u00e9e CP 012, recto et verso\" srcset=\"https:\/\/www.colompac.com\/wp-content\/uploads\/2025\/05\/CP_News_CP012_2025_FR-760x630.jpg 760w, https:\/\/www.colompac.com\/wp-content\/uploads\/2025\/05\/CP_News_CP012_2025_FR-380x315.jpg 380w, https:\/\/www.colompac.com\/wp-content\/uploads\/2025\/05\/CP_News_CP012_2025_FR-20x16.jpg 20w\" sizes=\"auto, (max-width: 760px) 100vw, 760px\" \/>\t\t\t\t<div class=\"post-gallery-overlay\"><svg xmlns=\"http:\/\/www.w3.org\/2000\/svg\" xmlns:xlink=\"http:\/\/www.w3.org\/1999\/xlink\" x=\"0px\" y=\"0px\"\n\t width=\"30px\" height=\"18px\" viewBox=\"0 0 30 18\" enable-background=\"new 0 0 30 18\" xml:space=\"preserve\">\n<path class=\"handle\" d=\"M20.305,16.212c-0.407,0.409-0.407,1.071,0,1.479s1.068,0.408,1.476,0l7.914-7.952c0.408-0.409,0.408-1.071,0-1.481\n\tl-7.914-7.952c-0.407-0.409-1.068-0.409-1.476,0s-0.407,1.071,0,1.48l7.185,7.221L20.305,16.212z\"\/>\n<path class=\"bar\" fill-rule=\"evenodd\" clip-rule=\"evenodd\" d=\"M1,8h28.001c0.551,0,1,0.448,1,1c0,0.553-0.449,1-1,1H1c-0.553,0-1-0.447-1-1\n\tC0,8.448,0.447,8,1,8z\"\/>\n<\/svg>\n<\/div>\n\t\t\t<\/a>\n\t\t<\/figure>\n\t\t\t\t\t\t<header class=\"post-title entry-header\">\n\t\t\t<h3 class=\"entry-title\" itemprop=\"name headline\"><a href=\"https:\/\/www.colompac.com\/fr\/colompac-versandtaschen-natuerlicher-look-und-trotzdem-bedruckbar\/\" title=\"Pochettes d&#8217;exp\u00e9dition ColomPac\u00ae &#8211; Un look naturel et pourtant imprimable\">Pochettes d&#8217;exp\u00e9dition ColomPac\u00ae &#8211; Un look naturel et pourtant imprimable<\/a><\/h3>\t\t<\/header>\n\t\t\t\t\t<div class=\"post-content\">\n\t\t\t\t<p>Blanc brillant ou brun simple ? Telle a \u00e9t\u00e9 la question pendant de nombreuses ann\u00e9es&hellip;<\/p>\n\t\t\t<\/div>\n\t\t\t\t\t\t<aside class=\"post-meta\">\n\t\t\t14. mai 2025\t\t<\/aside>\n\t\t\t\t\t<aside class=\"post-bottom-meta hide\">\n\t\t<strong rel=\"author\" itemprop=\"author\" class=\"author\"><a href=\"https:\/\/www.colompac.com\/fr\/author\/admin\/\" title=\"Articles par Admin\" rel=\"author\">Admin<\/a><\/strong>\n\t\t<time class=\"date published time\" datetime=\"2025-05-14T10:17:09+02:00\" itemprop=\"datePublished\" content=\"2025-05-14T10:17:09+02:00\">2025-05-14T10:17:09+02:00<\/time>\n\t\t<meta itemprop=\"dateModified\" class=\"date updated\" content=\"2025-05-14T10:45:48+02:00\">\n\t\t<span class=\"hide\" itemprop=\"publisher\" itemscope itemtype=\"https:\/\/schema.org\/Organization\">\n\t\t\t<meta itemprop=\"name\" content=\"ColomPac\u00ae\">\n\t\t\t<span itemprop=\"logo\" itemscope itemtype=\"https:\/\/schema.org\/ImageObject\">\n\t\t\t\t<meta itemprop=\"url\" content=\"https:\/\/www.colompac.com\/\/wp-content\/uploads\/2023\/03\/logo.png\">\n\t\t\t<\/span>\n\t\t\t<meta itemprop=\"url\" content=\"https:\/\/www.colompac.com\/fr\/\">\n\t\t<\/span>\n\t\t\t\t<span class=\"hide\" itemprop=\"image\" itemscope itemtype=\"http:\/\/schema.org\/ImageObject\">\n\t\t\t<meta itemprop=\"url\" content=\"https:\/\/www.colompac.com\/wp-content\/uploads\/2025\/05\/CP_News_CP012_2025_FR.jpg\">\n\t\t\t<meta itemprop=\"width\" content=\"1000\">\n\t\t\t<meta itemprop=\"height\" content=\"800\">\n\t\t<\/span>\n\t\t\t\t<meta itemprop=\"mainEntityOfPage\" content=\"https:\/\/www.colompac.com\/fr\/colompac-versandtaschen-natuerlicher-look-und-trotzdem-bedruckbar\/\">\n\t<\/aside>\n\t\t<\/article>\n<\/div>\n<div class=\"small-12 large-4 columns\">\n\t<article itemscope itemtype=\"http:\/\/schema.org\/Article\" class=\"post style1 animation scale post-18028 type-post status-publish format-standard has-post-thumbnail hentry category-non-classifiee\">\n\t\t\t\t<figure class=\"post-gallery\">\n\t\t\t<a href=\"https:\/\/www.colompac.com\/fr\/cp-181-dhl-zertifikat-erneuert\/\" rel=\"bookmark\" title=\"CP 181 Certificat DHL renouvel\u00e9\">\n\t\t\t\t<img loading=\"lazy\" decoding=\"async\" width=\"760\" height=\"630\" src=\"https:\/\/www.colompac.com\/wp-content\/uploads\/2025\/03\/CP_News_CP181_2025-760x630.jpg\" class=\"attachment-revolution-rectangle-x2 size-revolution-rectangle-x2 wp-post-image\" alt=\"Carton pour bouteilles certifi\u00e9 DHL\" srcset=\"https:\/\/www.colompac.com\/wp-content\/uploads\/2025\/03\/CP_News_CP181_2025-760x630.jpg 760w, https:\/\/www.colompac.com\/wp-content\/uploads\/2025\/03\/CP_News_CP181_2025-380x315.jpg 380w, https:\/\/www.colompac.com\/wp-content\/uploads\/2025\/03\/CP_News_CP181_2025-20x16.jpg 20w\" sizes=\"auto, (max-width: 760px) 100vw, 760px\" \/>\t\t\t\t<div class=\"post-gallery-overlay\"><svg xmlns=\"http:\/\/www.w3.org\/2000\/svg\" xmlns:xlink=\"http:\/\/www.w3.org\/1999\/xlink\" x=\"0px\" y=\"0px\"\n\t width=\"30px\" height=\"18px\" viewBox=\"0 0 30 18\" enable-background=\"new 0 0 30 18\" xml:space=\"preserve\">\n<path class=\"handle\" d=\"M20.305,16.212c-0.407,0.409-0.407,1.071,0,1.479s1.068,0.408,1.476,0l7.914-7.952c0.408-0.409,0.408-1.071,0-1.481\n\tl-7.914-7.952c-0.407-0.409-1.068-0.409-1.476,0s-0.407,1.071,0,1.48l7.185,7.221L20.305,16.212z\"\/>\n<path class=\"bar\" fill-rule=\"evenodd\" clip-rule=\"evenodd\" d=\"M1,8h28.001c0.551,0,1,0.448,1,1c0,0.553-0.449,1-1,1H1c-0.553,0-1-0.447-1-1\n\tC0,8.448,0.447,8,1,8z\"\/>\n<\/svg>\n<\/div>\n\t\t\t<\/a>\n\t\t<\/figure>\n\t\t\t\t\t\t<header class=\"post-title entry-header\">\n\t\t\t<h3 class=\"entry-title\" itemprop=\"name headline\"><a href=\"https:\/\/www.colompac.com\/fr\/cp-181-dhl-zertifikat-erneuert\/\" title=\"CP 181 Certificat DHL renouvel\u00e9\">CP 181 Certificat DHL renouvel\u00e9<\/a><\/h3>\t\t<\/header>\n\t\t\t\t\t<div class=\"post-content\">\n\t\t\t\t<p>Notre CP 181 est la solution parfaite : pour l&#8217;envoi s\u00e9curis\u00e9 de vins fins !&hellip;<\/p>\n\t\t\t<\/div>\n\t\t\t\t\t\t<aside class=\"post-meta\">\n\t\t\t17. mars 2025\t\t<\/aside>\n\t\t\t\t\t<aside class=\"post-bottom-meta hide\">\n\t\t<strong rel=\"author\" itemprop=\"author\" class=\"author\"><a href=\"https:\/\/www.colompac.com\/fr\/author\/admin\/\" title=\"Articles par Admin\" rel=\"author\">Admin<\/a><\/strong>\n\t\t<time class=\"date published time\" datetime=\"2025-03-17T08:06:31+01:00\" itemprop=\"datePublished\" content=\"2025-03-17T08:06:31+01:00\">2025-03-17T08:06:31+01:00<\/time>\n\t\t<meta itemprop=\"dateModified\" class=\"date updated\" content=\"2025-03-17T08:15:59+01:00\">\n\t\t<span class=\"hide\" itemprop=\"publisher\" itemscope itemtype=\"https:\/\/schema.org\/Organization\">\n\t\t\t<meta itemprop=\"name\" content=\"ColomPac\u00ae\">\n\t\t\t<span itemprop=\"logo\" itemscope itemtype=\"https:\/\/schema.org\/ImageObject\">\n\t\t\t\t<meta itemprop=\"url\" content=\"https:\/\/www.colompac.com\/\/wp-content\/uploads\/2023\/03\/logo.png\">\n\t\t\t<\/span>\n\t\t\t<meta itemprop=\"url\" content=\"https:\/\/www.colompac.com\/fr\/\">\n\t\t<\/span>\n\t\t\t\t<span class=\"hide\" itemprop=\"image\" itemscope itemtype=\"http:\/\/schema.org\/ImageObject\">\n\t\t\t<meta itemprop=\"url\" content=\"https:\/\/www.colompac.com\/wp-content\/uploads\/2025\/03\/CP_News_CP181_2025.jpg\">\n\t\t\t<meta itemprop=\"width\" content=\"1000\">\n\t\t\t<meta itemprop=\"height\" content=\"800\">\n\t\t<\/span>\n\t\t\t\t<meta itemprop=\"mainEntityOfPage\" content=\"https:\/\/www.colompac.com\/fr\/cp-181-dhl-zertifikat-erneuert\/\">\n\t<\/aside>\n\t\t<\/article>\n<\/div>\n<div class=\"small-12 large-4 columns\">\n\t<article itemscope itemtype=\"http:\/\/schema.org\/Article\" class=\"post style1 animation scale post-17808 type-post status-publish format-standard has-post-thumbnail hentry category-non-classifiee\">\n\t\t\t\t<figure class=\"post-gallery\">\n\t\t\t<a href=\"https:\/\/www.colompac.com\/fr\/co2-reduktion-bleibt-2025-im-fokus\/\" rel=\"bookmark\" title=\"La r\u00e9duction des \u00e9missions de CO2 reste notre priorit\u00e9 en 2025\">\n\t\t\t\t<img loading=\"lazy\" decoding=\"async\" width=\"760\" height=\"630\" src=\"https:\/\/www.colompac.com\/wp-content\/uploads\/2025\/03\/CP_News_CO2_2025-760x630.jpg\" class=\"attachment-revolution-rectangle-x2 size-revolution-rectangle-x2 wp-post-image\" alt=\"Bo\u00eete e-commerce marron CP 080 avec impression \u00ab CO2-Reduction \u00bb\" srcset=\"https:\/\/www.colompac.com\/wp-content\/uploads\/2025\/03\/CP_News_CO2_2025-760x630.jpg 760w, https:\/\/www.colompac.com\/wp-content\/uploads\/2025\/03\/CP_News_CO2_2025-380x315.jpg 380w, https:\/\/www.colompac.com\/wp-content\/uploads\/2025\/03\/CP_News_CO2_2025-20x16.jpg 20w\" sizes=\"auto, (max-width: 760px) 100vw, 760px\" \/>\t\t\t\t<div class=\"post-gallery-overlay\"><svg xmlns=\"http:\/\/www.w3.org\/2000\/svg\" xmlns:xlink=\"http:\/\/www.w3.org\/1999\/xlink\" x=\"0px\" y=\"0px\"\n\t width=\"30px\" height=\"18px\" viewBox=\"0 0 30 18\" enable-background=\"new 0 0 30 18\" xml:space=\"preserve\">\n<path class=\"handle\" d=\"M20.305,16.212c-0.407,0.409-0.407,1.071,0,1.479s1.068,0.408,1.476,0l7.914-7.952c0.408-0.409,0.408-1.071,0-1.481\n\tl-7.914-7.952c-0.407-0.409-1.068-0.409-1.476,0s-0.407,1.071,0,1.48l7.185,7.221L20.305,16.212z\"\/>\n<path class=\"bar\" fill-rule=\"evenodd\" clip-rule=\"evenodd\" d=\"M1,8h28.001c0.551,0,1,0.448,1,1c0,0.553-0.449,1-1,1H1c-0.553,0-1-0.447-1-1\n\tC0,8.448,0.447,8,1,8z\"\/>\n<\/svg>\n<\/div>\n\t\t\t<\/a>\n\t\t<\/figure>\n\t\t\t\t\t\t<header class=\"post-title entry-header\">\n\t\t\t<h3 class=\"entry-title\" itemprop=\"name headline\"><a href=\"https:\/\/www.colompac.com\/fr\/co2-reduktion-bleibt-2025-im-fokus\/\" title=\"La r\u00e9duction des \u00e9missions de CO2 reste notre priorit\u00e9 en 2025\">La r\u00e9duction des \u00e9missions de CO2 reste notre priorit\u00e9 en 2025<\/a><\/h3>\t\t<\/header>\n\t\t\t\t\t<div class=\"post-content\">\n\t\t\t\t<p>En 2025, nous poursuivrons notre strat\u00e9gie de durabilit\u00e9 afin de continuer \u00e0 r\u00e9duire l&#8217;empreinte carbone&hellip;<\/p>\n\t\t\t<\/div>\n\t\t\t\t\t\t<aside class=\"post-meta\">\n\t\t\t3. mars 2025\t\t<\/aside>\n\t\t\t\t\t<aside class=\"post-bottom-meta hide\">\n\t\t<strong rel=\"author\" itemprop=\"author\" class=\"author\"><a href=\"https:\/\/www.colompac.com\/fr\/author\/admin\/\" title=\"Articles par Admin\" rel=\"author\">Admin<\/a><\/strong>\n\t\t<time class=\"date published time\" datetime=\"2025-03-03T08:52:03+01:00\" itemprop=\"datePublished\" content=\"2025-03-03T08:52:03+01:00\">2025-03-03T08:52:03+01:00<\/time>\n\t\t<meta itemprop=\"dateModified\" class=\"date updated\" content=\"2025-03-03T09:09:54+01:00\">\n\t\t<span class=\"hide\" itemprop=\"publisher\" itemscope itemtype=\"https:\/\/schema.org\/Organization\">\n\t\t\t<meta itemprop=\"name\" content=\"ColomPac\u00ae\">\n\t\t\t<span itemprop=\"logo\" itemscope itemtype=\"https:\/\/schema.org\/ImageObject\">\n\t\t\t\t<meta itemprop=\"url\" content=\"https:\/\/www.colompac.com\/\/wp-content\/uploads\/2023\/03\/logo.png\">\n\t\t\t<\/span>\n\t\t\t<meta itemprop=\"url\" content=\"https:\/\/www.colompac.com\/fr\/\">\n\t\t<\/span>\n\t\t\t\t<span class=\"hide\" itemprop=\"image\" itemscope itemtype=\"http:\/\/schema.org\/ImageObject\">\n\t\t\t<meta itemprop=\"url\" content=\"https:\/\/www.colompac.com\/wp-content\/uploads\/2025\/03\/CP_News_CO2_2025.jpg\">\n\t\t\t<meta itemprop=\"width\" content=\"1000\">\n\t\t\t<meta itemprop=\"height\" content=\"800\">\n\t\t<\/span>\n\t\t\t\t<meta itemprop=\"mainEntityOfPage\" content=\"https:\/\/www.colompac.com\/fr\/co2-reduktion-bleibt-2025-im-fokus\/\">\n\t<\/aside>\n\t\t<\/article>\n<\/div>\n<div class=\"small-12 large-4 columns\">\n\t<article itemscope itemtype=\"http:\/\/schema.org\/Article\" class=\"post style1 animation scale post-17404 type-post status-publish format-standard has-post-thumbnail hentry category-non-classifiee\">\n\t\t\t\t<figure class=\"post-gallery\">\n\t\t\t<a href=\"https:\/\/www.colompac.com\/fr\/la-nouvelle-ligne-demballage-de-petits-colis-dhl\/\" rel=\"bookmark\" title=\"La nouvelle ligne d&#8217;emballage de petits colis DHL\">\n\t\t\t\t<img loading=\"lazy\" decoding=\"async\" width=\"760\" height=\"630\" src=\"https:\/\/www.colompac.com\/wp-content\/uploads\/2024\/10\/CP_News_DHL-760x630.png\" class=\"attachment-revolution-rectangle-x2 size-revolution-rectangle-x2 wp-post-image\" alt=\"DHL kleine pakketten\" srcset=\"https:\/\/www.colompac.com\/wp-content\/uploads\/2024\/10\/CP_News_DHL-760x630.png 760w, https:\/\/www.colompac.com\/wp-content\/uploads\/2024\/10\/CP_News_DHL-380x315.png 380w, https:\/\/www.colompac.com\/wp-content\/uploads\/2024\/10\/CP_News_DHL-20x16.png 20w\" sizes=\"auto, (max-width: 760px) 100vw, 760px\" \/>\t\t\t\t<div class=\"post-gallery-overlay\"><svg xmlns=\"http:\/\/www.w3.org\/2000\/svg\" xmlns:xlink=\"http:\/\/www.w3.org\/1999\/xlink\" x=\"0px\" y=\"0px\"\n\t width=\"30px\" height=\"18px\" viewBox=\"0 0 30 18\" enable-background=\"new 0 0 30 18\" xml:space=\"preserve\">\n<path class=\"handle\" d=\"M20.305,16.212c-0.407,0.409-0.407,1.071,0,1.479s1.068,0.408,1.476,0l7.914-7.952c0.408-0.409,0.408-1.071,0-1.481\n\tl-7.914-7.952c-0.407-0.409-1.068-0.409-1.476,0s-0.407,1.071,0,1.48l7.185,7.221L20.305,16.212z\"\/>\n<path class=\"bar\" fill-rule=\"evenodd\" clip-rule=\"evenodd\" d=\"M1,8h28.001c0.551,0,1,0.448,1,1c0,0.553-0.449,1-1,1H1c-0.553,0-1-0.447-1-1\n\tC0,8.448,0.447,8,1,8z\"\/>\n<\/svg>\n<\/div>\n\t\t\t<\/a>\n\t\t<\/figure>\n\t\t\t\t\t\t<header class=\"post-title entry-header\">\n\t\t\t<h3 class=\"entry-title\" itemprop=\"name headline\"><a href=\"https:\/\/www.colompac.com\/fr\/la-nouvelle-ligne-demballage-de-petits-colis-dhl\/\" title=\"La nouvelle ligne d&#8217;emballage de petits colis DHL\">La nouvelle ligne d&#8217;emballage de petits colis DHL<\/a><\/h3>\t\t<\/header>\n\t\t\t\t\t<div class=\"post-content\">\n\t\t\t\t<p>\u00c0 partir de janvier 2025, DHL introduira le petit colis. Nous proposons d\u00e8s maintenant les&hellip;<\/p>\n\t\t\t<\/div>\n\t\t\t\t\t\t<aside class=\"post-meta\">\n\t\t\t29. janvier 2025\t\t<\/aside>\n\t\t\t\t\t<aside class=\"post-bottom-meta hide\">\n\t\t<strong rel=\"author\" itemprop=\"author\" class=\"author\"><a href=\"https:\/\/www.colompac.com\/fr\/author\/admin\/\" title=\"Articles par Admin\" rel=\"author\">Admin<\/a><\/strong>\n\t\t<time class=\"date published time\" datetime=\"2025-01-29T07:00:00+01:00\" itemprop=\"datePublished\" content=\"2025-01-29T07:00:00+01:00\">2025-01-29T07:00:00+01:00<\/time>\n\t\t<meta itemprop=\"dateModified\" class=\"date updated\" content=\"2024-10-18T10:07:59+02:00\">\n\t\t<span class=\"hide\" itemprop=\"publisher\" itemscope itemtype=\"https:\/\/schema.org\/Organization\">\n\t\t\t<meta itemprop=\"name\" content=\"ColomPac\u00ae\">\n\t\t\t<span itemprop=\"logo\" itemscope itemtype=\"https:\/\/schema.org\/ImageObject\">\n\t\t\t\t<meta itemprop=\"url\" content=\"https:\/\/www.colompac.com\/\/wp-content\/uploads\/2023\/03\/logo.png\">\n\t\t\t<\/span>\n\t\t\t<meta itemprop=\"url\" content=\"https:\/\/www.colompac.com\/fr\/\">\n\t\t<\/span>\n\t\t\t\t<span class=\"hide\" itemprop=\"image\" itemscope itemtype=\"http:\/\/schema.org\/ImageObject\">\n\t\t\t<meta itemprop=\"url\" content=\"https:\/\/www.colompac.com\/wp-content\/uploads\/2024\/10\/CP_News_DHL.png\">\n\t\t\t<meta itemprop=\"width\" content=\"1080\">\n\t\t\t<meta itemprop=\"height\" content=\"1080\">\n\t\t<\/span>\n\t\t\t\t<meta itemprop=\"mainEntityOfPage\" content=\"https:\/\/www.colompac.com\/fr\/la-nouvelle-ligne-demballage-de-petits-colis-dhl\/\">\n\t<\/aside>\n\t\t<\/article>\n<\/div>\n\t<\/div>\n\t\t[\/vc_column][\/vc_row]<\/section>","protected":false},"excerpt":{"rendered":"<p>[vc_row thb_full_width=&#8221;true&#8221; full_height=&#8221;yes&#8221; columns_placement=&#8221;bottom&#8221; content_placement=&#8221;bottom&#8221; thb_scroll_bottom=&#8221;true&#8221; thb_scroll_bottom_style=&#8221;style3&#8243; thb_scroll_bottom_color=&#8221;light&#8221; css=&#8221;.vc_custom_1688042032881{background-color: #06080a !important;background-position: center !important;background-repeat: no-repeat !important;background-size:&hellip;<\/p>\n","protected":false},"author":1,"featured_media":0,"parent":0,"menu_order":0,"comment_status":"closed","ping_status":"closed","template":"","meta":{"footnotes":""},"class_list":["post-13300","page","type-page","status-publish","hentry"],"acf":[],"jetpack_sharing_enabled":true,"_links":{"self":[{"href":"https:\/\/www.colompac.com\/fr\/wp-json\/wp\/v2\/pages\/13300","targetHints":{"allow":["GET"]}}],"collection":[{"href":"https:\/\/www.colompac.com\/fr\/wp-json\/wp\/v2\/pages"}],"about":[{"href":"https:\/\/www.colompac.com\/fr\/wp-json\/wp\/v2\/types\/page"}],"author":[{"embeddable":true,"href":"https:\/\/www.colompac.com\/fr\/wp-json\/wp\/v2\/users\/1"}],"replies":[{"embeddable":true,"href":"https:\/\/www.colompac.com\/fr\/wp-json\/wp\/v2\/comments?post=13300"}],"version-history":[{"count":0,"href":"https:\/\/www.colompac.com\/fr\/wp-json\/wp\/v2\/pages\/13300\/revisions"}],"wp:attachment":[{"href":"https:\/\/www.colompac.com\/fr\/wp-json\/wp\/v2\/media?parent=13300"}],"curies":[{"name":"wp","href":"https:\/\/api.w.org\/{rel}","templated":true}]}}