{"id":17284,"date":"2024-10-09T17:51:22","date_gmt":"2024-10-09T15:51:22","guid":{"rendered":"https:\/\/www.colompac.com\/?post_type=product&#038;p=17284"},"modified":"2025-10-23T08:16:02","modified_gmt":"2025-10-23T06:16:02","slug":"cp-151-328-340-x-239-x-64-mm","status":"publish","type":"product","link":"https:\/\/www.colompac.com\/de\/produkt\/cp-151-328-340-x-239-x-64-mm\/","title":{"rendered":"CP 151.328 (340 x 239 x 64 mm)"},"content":{"rendered":"<div id='gallery-1' class='gallery galleryid-17284 gallery-columns-4 gallery-size-full'><figure class='gallery-item'>\n\t\t\t<div class='gallery-icon landscape'>\n\t\t\t\t<a href='https:\/\/www.colompac.com\/de\/?attachment_id=17180'><img loading=\"lazy\" decoding=\"async\" width=\"500\" height=\"500\" src=\"https:\/\/www.colompac.com\/wp-content\/uploads\/2024\/10\/Detail_CP151_328_Hoehe.webp\" class=\"attachment-full size-full\" alt=\"Offener Karton mit hellblauem Hemd; auf der unteren Lasche ein rotes Etikett mit rotem ColomPac\u00ae-Selbstklebeverschluss.\" aria-describedby=\"gallery-1-17180\" srcset=\"https:\/\/www.colompac.com\/wp-content\/uploads\/2024\/10\/Detail_CP151_328_Hoehe.webp 500w, https:\/\/www.colompac.com\/wp-content\/uploads\/2024\/10\/Detail_CP151_328_Hoehe-150x150.webp 150w, https:\/\/www.colompac.com\/wp-content\/uploads\/2024\/10\/Detail_CP151_328_Hoehe-300x300.webp 300w, https:\/\/www.colompac.com\/wp-content\/uploads\/2024\/10\/Detail_CP151_328_Hoehe-200x200.webp 200w, https:\/\/www.colompac.com\/wp-content\/uploads\/2024\/10\/Detail_CP151_328_Hoehe-100x100.webp 100w, https:\/\/www.colompac.com\/wp-content\/uploads\/2024\/10\/Detail_CP151_328_Hoehe-380x380.webp 380w, https:\/\/www.colompac.com\/wp-content\/uploads\/2024\/10\/Detail_CP151_328_Hoehe-20x20.webp 20w, https:\/\/www.colompac.com\/wp-content\/uploads\/2024\/10\/Detail_CP151_328_Hoehe-190x190.webp 190w\" sizes=\"auto, (max-width: 500px) 100vw, 500px\" \/><\/a>\n\t\t\t<\/div>\n\t\t\t\t<figcaption class='wp-caption-text gallery-caption' id='gallery-1-17180'>\n\t\t\t\tF\u00fcllh\u00f6he = 64 mm\n\t\t\t\t<\/figcaption><\/figure><figure class='gallery-item'>\n\t\t\t<div class='gallery-icon landscape'>\n\t\t\t\t<a href='https:\/\/www.colompac.com\/de\/?attachment_id=14993'><img loading=\"lazy\" decoding=\"async\" width=\"500\" height=\"500\" src=\"https:\/\/www.colompac.com\/wp-content\/uploads\/2023\/07\/Detail_CP020_SK_V2.webp\" class=\"attachment-full size-full\" alt=\"Nahaufnahme eines Kartons mit roten ColomPac\u00ae-Selbstklebeverschluss, teilweise schon abgezogen.\" aria-describedby=\"gallery-1-14993\" srcset=\"https:\/\/www.colompac.com\/wp-content\/uploads\/2023\/07\/Detail_CP020_SK_V2.webp 500w, https:\/\/www.colompac.com\/wp-content\/uploads\/2023\/07\/Detail_CP020_SK_V2-150x150.webp 150w, https:\/\/www.colompac.com\/wp-content\/uploads\/2023\/07\/Detail_CP020_SK_V2-300x300.webp 300w, https:\/\/www.colompac.com\/wp-content\/uploads\/2023\/07\/Detail_CP020_SK_V2-200x200.webp 200w, https:\/\/www.colompac.com\/wp-content\/uploads\/2023\/07\/Detail_CP020_SK_V2-100x100.webp 100w, https:\/\/www.colompac.com\/wp-content\/uploads\/2023\/07\/Detail_CP020_SK_V2-380x380.webp 380w, https:\/\/www.colompac.com\/wp-content\/uploads\/2023\/07\/Detail_CP020_SK_V2-20x20.webp 20w, https:\/\/www.colompac.com\/wp-content\/uploads\/2023\/07\/Detail_CP020_SK_V2-190x190.webp 190w\" sizes=\"auto, (max-width: 500px) 100vw, 500px\" \/><\/a>\n\t\t\t<\/div>\n\t\t\t\t<figcaption class='wp-caption-text gallery-caption' id='gallery-1-14993'>\n\t\t\t\tColomPac\u00ae Selbstklebeverschluss \n\t\t\t\t<\/figcaption><\/figure><figure class='gallery-item'>\n\t\t\t<div class='gallery-icon landscape'>\n\t\t\t\t<a href='https:\/\/www.colompac.com\/de\/?attachment_id=14861'><img loading=\"lazy\" decoding=\"async\" width=\"500\" height=\"500\" src=\"https:\/\/www.colompac.com\/wp-content\/uploads\/2023\/07\/Detail_CP151_Boden_V2.webp\" class=\"attachment-full size-full\" alt=\"Ge\u00f6ffneter Karton mit einem zus\u00e4tzlichen Kartonfl\u00e4che im Inneren am Boden.\" aria-describedby=\"gallery-1-14861\" srcset=\"https:\/\/www.colompac.com\/wp-content\/uploads\/2023\/07\/Detail_CP151_Boden_V2.webp 500w, https:\/\/www.colompac.com\/wp-content\/uploads\/2023\/07\/Detail_CP151_Boden_V2-150x150.webp 150w, https:\/\/www.colompac.com\/wp-content\/uploads\/2023\/07\/Detail_CP151_Boden_V2-300x300.webp 300w, https:\/\/www.colompac.com\/wp-content\/uploads\/2023\/07\/Detail_CP151_Boden_V2-200x200.webp 200w, https:\/\/www.colompac.com\/wp-content\/uploads\/2023\/07\/Detail_CP151_Boden_V2-100x100.webp 100w, https:\/\/www.colompac.com\/wp-content\/uploads\/2023\/07\/Detail_CP151_Boden_V2-380x380.webp 380w, https:\/\/www.colompac.com\/wp-content\/uploads\/2023\/07\/Detail_CP151_Boden_V2-20x20.webp 20w, https:\/\/www.colompac.com\/wp-content\/uploads\/2023\/07\/Detail_CP151_Boden_V2-190x190.webp 190w\" sizes=\"auto, (max-width: 500px) 100vw, 500px\" \/><\/a>\n\t\t\t<\/div>\n\t\t\t\t<figcaption class='wp-caption-text gallery-caption' id='gallery-1-14861'>\n\t\t\t\tSchnelles Aufrichten durch voll\u00fcberlappenden Blitzboden\n\t\t\t\t<\/figcaption><\/figure><figure class='gallery-item'>\n\t\t\t<div class='gallery-icon landscape'>\n\t\t\t\t<a href='https:\/\/www.colompac.com\/de\/?attachment_id=14869'><img loading=\"lazy\" decoding=\"async\" width=\"500\" height=\"500\" src=\"https:\/\/www.colompac.com\/wp-content\/uploads\/2023\/07\/Detail_Anja_Blitzboden_v2.webp\" class=\"attachment-full size-full\" alt=\"Zwei H\u00e4nde halten einen teilweise gefalteten Karton, der gerade aufgebaut wird; einige Laschen am Boden sind offen, andere bereits geschlossen.\" aria-describedby=\"gallery-1-14869\" srcset=\"https:\/\/www.colompac.com\/wp-content\/uploads\/2023\/07\/Detail_Anja_Blitzboden_v2.webp 500w, https:\/\/www.colompac.com\/wp-content\/uploads\/2023\/07\/Detail_Anja_Blitzboden_v2-150x150.webp 150w, https:\/\/www.colompac.com\/wp-content\/uploads\/2023\/07\/Detail_Anja_Blitzboden_v2-300x300.webp 300w, https:\/\/www.colompac.com\/wp-content\/uploads\/2023\/07\/Detail_Anja_Blitzboden_v2-200x200.webp 200w, https:\/\/www.colompac.com\/wp-content\/uploads\/2023\/07\/Detail_Anja_Blitzboden_v2-100x100.webp 100w, https:\/\/www.colompac.com\/wp-content\/uploads\/2023\/07\/Detail_Anja_Blitzboden_v2-380x380.webp 380w, https:\/\/www.colompac.com\/wp-content\/uploads\/2023\/07\/Detail_Anja_Blitzboden_v2-20x20.webp 20w, https:\/\/www.colompac.com\/wp-content\/uploads\/2023\/07\/Detail_Anja_Blitzboden_v2-190x190.webp 190w\" sizes=\"auto, (max-width: 500px) 100vw, 500px\" \/><\/a>\n\t\t\t<\/div>\n\t\t\t\t<figcaption class='wp-caption-text gallery-caption' id='gallery-1-14869'>\n\t\t\t\tEinfaches Handling\n\t\t\t\t<\/figcaption><\/figure>\n\t\t<\/div>\n\n","protected":false},"excerpt":{"rendered":"<h1><strong>Blitzbodenkarton<\/strong><\/h1>\n<h2>Au\u00dfenma\u00df max. 353 x 250 x 80 mm \u2013 DHL Kleinpaket<\/h2>\n<ul>\n<li>Angepasst an die DHL Kleinpaket Ma\u00dfe mit einer F\u00fcllh\u00f6he von 64 mm<\/li>\n<li>Schnelles Aufrichten durch Automatikboden<\/li>\n<li>Sicherheit und Stabilit\u00e4t durch voll\u00fcberlappenden doppelten Boden<\/li>\n<li>Der sichere <strong>ColomPac\u00ae<\/strong> Selbstklebeverschluss spart Zeit und zus\u00e4tzliche Verschlussmittel<\/li>\n<\/ul>\n","protected":false},"featured_media":17434,"comment_status":"open","ping_status":"closed","template":"","meta":[],"product_cat":[363],"product_tag":[133,367,178,176,417],"class_list":["post-17284","product","type-product","status-publish","has-post-thumbnail","hentry","product_cat-alle-produkte","product_tag-blitzboden","product_tag-buendel","product_tag-nachhaltig","product_tag-pap-20","product_tag-portoptimiert"],"acf":[],"jetpack_sharing_enabled":true,"_links":{"self":[{"href":"https:\/\/www.colompac.com\/de\/wp-json\/wp\/v2\/product\/17284","targetHints":{"allow":["GET"]}}],"collection":[{"href":"https:\/\/www.colompac.com\/de\/wp-json\/wp\/v2\/product"}],"about":[{"href":"https:\/\/www.colompac.com\/de\/wp-json\/wp\/v2\/types\/product"}],"replies":[{"embeddable":true,"href":"https:\/\/www.colompac.com\/de\/wp-json\/wp\/v2\/comments?post=17284"}],"wp:featuredmedia":[{"embeddable":true,"href":"https:\/\/www.colompac.com\/de\/wp-json\/wp\/v2\/media\/17434"}],"wp:attachment":[{"href":"https:\/\/www.colompac.com\/de\/wp-json\/wp\/v2\/media?parent=17284"}],"wp:term":[{"taxonomy":"product_cat","embeddable":true,"href":"https:\/\/www.colompac.com\/de\/wp-json\/wp\/v2\/product_cat?post=17284"},{"taxonomy":"product_tag","embeddable":true,"href":"https:\/\/www.colompac.com\/de\/wp-json\/wp\/v2\/product_tag?post=17284"}],"curies":[{"name":"wp","href":"https:\/\/api.w.org\/{rel}","templated":true}]}}