{"id":19,"date":"2018-01-11T12:57:12","date_gmt":"2018-01-11T12:57:12","guid":{"rendered":"https:\/\/revolution.fuelthemes.net\/revolution-wolters\/?page_id=19"},"modified":"2026-03-03T14:01:10","modified_gmt":"2026-03-03T13:01:10","slug":"home","status":"publish","type":"page","link":"https:\/\/www.colompac.com\/de\/","title":{"rendered":"Home"},"content":{"rendered":"<section class=\"wpb-content-wrapper\">[vc_row thb_full_width=&#8221;true&#8221; full_height=&#8221;yes&#8221; columns_placement=&#8221;bottom&#8221; content_placement=&#8221;bottom&#8221; thb_scroll_bottom=&#8221;true&#8221; thb_scroll_bottom_style=&#8221;style3&#8243; thb_scroll_bottom_color=&#8221;light&#8221; css=&#8221;.vc_custom_1688041912089{background-color: #06080a !important;background-position: center !important;background-repeat: no-repeat !important;background-size: cover !important;}&#8221; thb_video_bg=&#8221;https:\/\/www.colompac.com\/wp-content\/uploads\/2023\/07\/colompac_homepage_v2_7.mp4&#8243;][vc_column][vc_column_text]\r\n<h1><strong><span style=\"color: #ffffff;\">Original ColomPac\u00ae<\/span><\/strong><\/h1>\r\n<h2><span style=\"color: #ffffff;\">Professionelle Versandverpackungen mit Selbstklebeverschluss<\/span><\/h2>\r\n[\/vc_column_text][vc_empty_space height=&#8221;80px&#8221;][\/vc_column][\/vc_row][vc_row thb_full_width=&#8221;true&#8221; el_class=&#8221;align-center&#8221; css=&#8221;.vc_custom_1679406454326{padding-top: 10vh !important;}&#8221;][vc_column el_class=&#8221;text-center&#8221;][vc_column_text]\r\n<h1 style=\"text-align: center;\">Sie haben <strong>die Wahl<\/strong><\/h1>\r\n[\/vc_column_text][vc_separator color=&#8221;custom&#8221; border_width=&#8221;3&#8243; el_width=&#8221;20&#8243; accent_color=&#8221;#ffd600&#8243;][vc_empty_space height=&#8221;50px&#8221;][\/vc_column][\/vc_row][vc_row css=&#8221;.vc_custom_1678896526734{padding-bottom: 10vh !important;}&#8221;][vc_column width=&#8221;1\/2&#8243;]\t<div id=\"thb-fancy-box-69ee0c6a5cfc5\" class=\"thb-fancy-box small-shadow fancy-dark fancy-style8  thb-center animation bottom-to-top-3d   has-link\">\n\t\t\t\t<a href=\"\/de\/produktuebersicht\/\" class=\"thb-fancy-link\n\t\t\t\t\t\t\t\" target=\"_self\">\n\t\t\t\t\t\t\t<div class=\"fancy-text-link black pill-radius\"><span><\/span><\/div>\n\t\t\t\t\t<\/a>\n\t\t\t\t<div class=\"thb-fancy-image-container\n\t\t\">\n\t\t\t<div class=\"thb-fancy-image\">\n\t\t\t\t\t\t\t<\/div>\n\t\t<\/div>\n\t\t\t\t<div class=\"thb-fancy-content\n\t\t\">\n\t\t\t\t\t\t<div class=\"thb-fancy-text-content\">\n\t\t\t\t\r\n<h4><img decoding=\"async\" class=\"size-medium wp-image-635 aligncenter\" src=\"https:\/\/www.colompac.com\/wp-content\/uploads\/2023\/03\/CP_Ab_Lager.png\" alt=\"\" width=\"500\" height=\"auto\" srcset=\"https:\/\/www.colompac.com\/wp-content\/uploads\/2023\/03\/CP_Ab_Lager.png 1000w, https:\/\/www.colompac.com\/wp-content\/uploads\/2023\/03\/CP_Ab_Lager-300x200.png 300w, https:\/\/www.colompac.com\/wp-content\/uploads\/2023\/03\/CP_Ab_Lager-768x512.png 768w, https:\/\/www.colompac.com\/wp-content\/uploads\/2023\/03\/CP_Ab_Lager-380x253.png 380w, https:\/\/www.colompac.com\/wp-content\/uploads\/2023\/03\/CP_Ab_Lager-190x127.png 190w, https:\/\/www.colompac.com\/wp-content\/uploads\/2023\/03\/CP_Ab_Lager-760x507.png 760w, https:\/\/www.colompac.com\/wp-content\/uploads\/2023\/03\/CP_Ab_Lager-20x13.png 20w, https:\/\/www.colompac.com\/wp-content\/uploads\/2023\/03\/CP_Ab_Lager-600x400.png 600w\" sizes=\"(max-width: 1000px) 100vw, 1000px\" \/><\/h4>\r\n<h2 style=\"text-align: center\">ColomPac\u00ae Verpackungen<br \/><strong>ab Lager<\/strong><\/h2>\r\n\t\t\t<\/div>\n\t\t<\/div>\n\t\t<style>\n\t\t\t#thb-fancy-box-69ee0c6a5cfc5,\n\t\t\t#thb-fancy-box-69ee0c6a5cfc5.fancy-style5 .thb-fancy-image-container,\n\t\t\t#thb-fancy-box-69ee0c6a5cfc5 .atvImg-container,\n\t\t\t#thb-fancy-box-69ee0c6a5cfc5 .atvImg-layers {\n\t\t\t\tmin-height: 500px;\n\t\t\t}\n\t\t\t\t\t\t\t\t\t\t\t\t\t\t\t\t\t\t\t\t\t#thb-fancy-box-69ee0c6a5cfc5.fancy-style8:after {\n\t\t\t\t\t\tbackground:#fc1026;background:linear-gradient( -135deg,#e20d46,#fc1026 );\t\t\t\t\t}\n\t\t\t\t\t\t\t\t\t<\/style>\n\t<\/div>\n\n\t[\/vc_column][vc_column width=&#8221;1\/2&#8243;]\t<div id=\"thb-fancy-box-69ee0c6a5d155\" class=\"thb-fancy-box small-shadow fancy-dark fancy-style8  thb-center animation bottom-to-top-3d   has-link\">\n\t\t\t\t<a href=\"\/de\/individuelle-produkte\/\" class=\"thb-fancy-link\n\t\t\t\t\t\t\t\" target=\"_self\">\n\t\t\t\t\t\t\t<div class=\"fancy-text-link black pill-radius\"><span><\/span><\/div>\n\t\t\t\t\t<\/a>\n\t\t\t\t<div class=\"thb-fancy-image-container\n\t\t\">\n\t\t\t<div class=\"thb-fancy-image\">\n\t\t\t\t\t\t\t<\/div>\n\t\t<\/div>\n\t\t\t\t<div class=\"thb-fancy-content\n\t\t\">\n\t\t\t\t\t\t<div class=\"thb-fancy-text-content\">\n\t\t\t\t\r\n<h4><img decoding=\"async\" class=\"alignnone size-medium wp-image-636 aligncenter\" src=\"https:\/\/www.colompac.com\/wp-content\/uploads\/2023\/03\/CP_Individuell.png\" alt=\"\" width=\"500\" height=\"auto\" srcset=\"https:\/\/www.colompac.com\/wp-content\/uploads\/2023\/03\/CP_Individuell.png 1000w, https:\/\/www.colompac.com\/wp-content\/uploads\/2023\/03\/CP_Individuell-300x200.png 300w, https:\/\/www.colompac.com\/wp-content\/uploads\/2023\/03\/CP_Individuell-768x512.png 768w, https:\/\/www.colompac.com\/wp-content\/uploads\/2023\/03\/CP_Individuell-380x253.png 380w, https:\/\/www.colompac.com\/wp-content\/uploads\/2023\/03\/CP_Individuell-190x127.png 190w, https:\/\/www.colompac.com\/wp-content\/uploads\/2023\/03\/CP_Individuell-760x507.png 760w, https:\/\/www.colompac.com\/wp-content\/uploads\/2023\/03\/CP_Individuell-20x13.png 20w, https:\/\/www.colompac.com\/wp-content\/uploads\/2023\/03\/CP_Individuell-600x400.png 600w\" sizes=\"(max-width: 1000px) 100vw, 1000px\" \/><\/h4>\r\n<h2 style=\"text-align: center\">Design by ColomPac\u00ae &#8211;<br \/><strong>individuelle L\u00f6sungen<\/strong><\/h2>\r\n\t\t\t<\/div>\n\t\t<\/div>\n\t\t<style>\n\t\t\t#thb-fancy-box-69ee0c6a5d155,\n\t\t\t#thb-fancy-box-69ee0c6a5d155.fancy-style5 .thb-fancy-image-container,\n\t\t\t#thb-fancy-box-69ee0c6a5d155 .atvImg-container,\n\t\t\t#thb-fancy-box-69ee0c6a5d155 .atvImg-layers {\n\t\t\t\tmin-height: 500px;\n\t\t\t}\n\t\t\t\t\t\t\t\t\t\t\t\t\t\t\t\t\t\t\t\t\t#thb-fancy-box-69ee0c6a5d155.fancy-style8:after {\n\t\t\t\t\t\tbackground:#fc1026;background:linear-gradient( -135deg,#e20d46,#fc1026 );\t\t\t\t\t}\n\t\t\t\t\t\t\t\t\t<\/style>\n\t<\/div>\n\n\t[\/vc_column][\/vc_row][vc_row thb_full_width=&#8221;true&#8221; css=&#8221;.vc_custom_1687265484748{background-position: center !important;background-repeat: no-repeat !important;background-size: cover !important;}&#8221;][vc_column offset=&#8221;vc_hidden-md vc_hidden-sm vc_hidden-xs&#8221; css=&#8221;.vc_custom_1687265528646{margin-top: 5vh !important;margin-bottom: 5vh !important;}&#8221;][vc_column_text]\r\n<h1 style=\"text-align: center;\">Warum <strong>das Original? <\/strong><\/h1>\r\n[\/vc_column_text][vc_separator color=&#8221;custom&#8221; border_width=&#8221;3&#8243; el_width=&#8221;20&#8243; accent_color=&#8221;#ffd600&#8243;][vc_empty_space height=&#8221;50px&#8221;][vc_column_text]<div class=\"as-styles-warning\" style=\"width: 450px; background-color: #FFF; color: #F00; border: 1px solid #F00; padding: 10px; font-size: 14px;\">\n\t\t\t<span style=\"font-weight: bold;\">Warning: The stylesheets were not loaded!<\/span> \n\t\t\tYou will need to change the <i>Load stylesheets<\/i> setting from <i>Automatically<\/i> to <i>On homepage<\/i> or <i>On all pages<\/i>. \n\t\t\tYou can set that <a style=\"text-decoration: underline; color: #F00;\" href=\"https:\/\/www.colompac.com\/wp-admin\/admin.php?page=accordion-slider-settings\">here<\/a>.\n\t\t\t<\/div>\r\n<div id=\"accordion-slider-1\" class=\"accordion-slider as-no-js\" style=\"width: px; height: 800px;\">\r\n\t<div class=\"as-panels\">\r\n\t\t\r\n\t\t<div class=\"as-panel\">\r\n\t\t\t<img loading=\"lazy\" decoding=\"async\" class=\"as-background\" src=\"https:\/\/www.colompac.com\/wp-content\/uploads\/2023\/03\/qual.jpg\" width=\"2000\" height=\"1000\" \/>\r\n\t\t\t\r\n\t\t\t<img decoding=\"async\" class=\"as-layer as-opened\" src=\"https:\/\/www.colompac.com\/wp-content\/uploads\/2023\/03\/bg-.jpg\" \/>\r\n\t\t\t<img decoding=\"async\" class=\"as-layer as-opened as-padding\" data-position=\"topRight\" src=\"https:\/\/www.colompac.com\/wp-content\/uploads\/2023\/07\/CP_181_Hauptbild_Start.webp\" \/>\r\n\t\t\t<p class=\"as-layer as-opened\">Das gilt f\u00fcr das gesamte ColomPac\u00ae Sortiment: Mehr als 160 E-Commerce Verpackungen ab Lager, die wir f\u00fcr Sie mit gro\u00dfer Liebe f\u00fcr Details entwickeln und produzieren. Damit auch Sie keine Kompromisse machen m\u00fcssen!<\/p>\r\n\t\t\t<h3 class=\"as-layer as-opened\">ohne Kompromisse<\/h3>\r\n\t\t\t<h1 class=\"as-layer as-opened\">Qualit\u00e4t<\/h1>\r\n\t\t\t<h1 class=\"as-layer as-closed as-vertical\">Qualit\u00e4t<\/h1>\r\n\t\t<\/div>\r\n\t\t<div class=\"as-panel\">\r\n\t\t\t<img loading=\"lazy\" decoding=\"async\" class=\"as-background\" src=\"https:\/\/www.colompac.com\/wp-content\/uploads\/2023\/03\/verf.jpg\" width=\"2000\" height=\"1000\" \/>\r\n\t\t\t\r\n\t\t\t<img decoding=\"async\" class=\"as-layer as-opened\" src=\"https:\/\/www.colompac.com\/wp-content\/uploads\/2023\/03\/bg-.jpg\" \/>\r\n\t\t\t<img decoding=\"async\" class=\"as-layer as-opened as-padding\" data-position=\"topRight\" src=\"https:\/\/www.colompac.com\/wp-content\/uploads\/2023\/05\/Original_Zuverlaessig.webp\" \/>\r\n\t\t\t<p class=\"as-layer as-opened\">Ecommerce bedeutet Dynamik. Alles und das sofort. Um das zu erf\u00fcllen, bietet ColomPac\u00ae ein komplettes Sortiment. F\u00fcr fast jedes Produkt mindestens eine passende Versandl\u00f6sung sofort ab Lager. Von der traditionellen Buchverpackung bis zur Fashionbox Von einer Packeinheit im Dropshipment bis zur Gro\u00dfmenge. Damit Sie das bekommen, was Sie brauchen. Und wann Sie es brauchen.<\/p>\r\n\t\t\t<h3 class=\"as-layer as-opened\">sofort ab Lager<\/h3>\r\n\t\t\t<h1 class=\"as-layer as-opened\">Zuverl\u00e4ssig<\/h1>\r\n\t\t\t<h1 class=\"as-layer as-closed as-vertical\">Sofort verf\u00fcgbar<\/h1>\r\n\t\t<\/div>\r\n\t\t<div class=\"as-panel\">\r\n\t\t\t<img loading=\"lazy\" decoding=\"async\" class=\"as-background\" src=\"https:\/\/www.colompac.com\/wp-content\/uploads\/2023\/03\/ind.jpg\" width=\"2000\" height=\"1000\" \/>\r\n\t\t\t\r\n\t\t\t<img decoding=\"async\" class=\"as-layer as-opened\" src=\"https:\/\/www.colompac.com\/wp-content\/uploads\/2023\/03\/bg-.jpg\" \/>\r\n\t\t\t<img decoding=\"async\" class=\"as-layer as-opened as-padding\" data-position=\"topRight\" src=\"https:\/\/www.colompac.com\/wp-content\/uploads\/2023\/05\/Original_Individuell.webp\" \/>\r\n\t\t\t<p class=\"as-layer as-opened\">Sie wollen eine Verpackung speziell f\u00fcr Ihr Produkt oder Ihre Marke? Wir entwickeln gemeinsam mit Ihnen Ihre ma\u00dfgeschneiderte L\u00f6sung. Nahe am Onlinemarkt kennen wir die besonderen Herausforderungen, nicht nur was Technik und Produktion, sondern auch was Druck und Gestaltung betrifft. Damit Ihr Produkt und Ihre Marke auch wirklich ankommen.<\/p>\r\n\t\t\t<h3 class=\"as-layer as-opened\">gestaltet und produziert<\/h3>\r\n\t\t\t<h1 class=\"as-layer as-opened\">Individuell f\u00fcr Sie<\/h1>\r\n\t\t\t<h1 class=\"as-layer as-closed as-vertical\">Individuell<\/h1>\r\n\t\t<\/div>\r\n\t\t<div class=\"as-panel\">\r\n\t\t\t<img loading=\"lazy\" decoding=\"async\" class=\"as-background\" src=\"https:\/\/www.colompac.com\/wp-content\/uploads\/2023\/03\/nach.jpg\" width=\"2000\" height=\"1000\" \/>\r\n\t\t\t\r\n\t\t\t<img decoding=\"async\" class=\"as-layer as-opened\" src=\"https:\/\/www.colompac.com\/wp-content\/uploads\/2023\/03\/bg-.jpg\" \/>\r\n\t\t\t<img decoding=\"async\" class=\"as-layer as-opened as-padding\" data-position=\"topRight\" src=\"https:\/\/www.colompac.com\/wp-content\/uploads\/2023\/05\/Original_Nachhaltig.webp\" \/>\r\n\t\t\t<p class=\"as-layer as-opened\">Nachhaltigkeit sollte mehr als ein Schlagwort sein. Wir gehen ehrlich mit diesem sensiblen Thema um. Wellpappe und Karton sind Naturmaterialien und lassen sich einfach und zu 100% recyclen. Unsere ColomPac\u00ae Produkte sind selbstverst\u00e4ndlich FSC\u00ae-zertifiziert und werden regional in \u00d6sterreich produziert. Durch st\u00e4ndige Optimierung der Produkte, die Ber\u00fccksichtigung des optimierten Materialeinsatzes und wo m\u00f6glich Minimierung der Treibhausemissionen in der Wertsch\u00f6pfungskette, agieren wir verantwortungsvoll. \nAber unser Anspruch geht weiter: Mehr Ideen statt mehr Material, durchdacht statt einfach kopiert \u2013 so machen wir ColomPac\u00ae zu einem immer besseren Produkt.<\/p>\r\n\t\t\t<h3 class=\"as-layer as-opened\">mit hohem Anspruch<\/h3>\r\n\t\t\t<h1 class=\"as-layer as-opened\">Nachhaltig<\/h1>\r\n\t\t\t<h1 class=\"as-layer as-closed as-vertical\">Nachhaltig<\/h1>\r\n\t\t<\/div>\r\n\t\t<div class=\"as-panel\">\r\n\t\t\t<img loading=\"lazy\" decoding=\"async\" class=\"as-background\" src=\"https:\/\/www.colompac.com\/wp-content\/uploads\/2023\/03\/eigene.jpg\" width=\"2000\" height=\"1000\" \/>\r\n\t\t\t\r\n\t\t\t<img decoding=\"async\" class=\"as-layer as-opened\" src=\"https:\/\/www.colompac.com\/wp-content\/uploads\/2023\/03\/bg-.jpg\" \/>\r\n\t\t\t<img decoding=\"async\" class=\"as-layer as-opened as-black as-padding\" data-horizontal=\"-5\" data-position=\"topRight\" data-vertical=\"-14\" src=\"https:\/\/www.colompac.com\/wp-content\/uploads\/2023\/05\/Original_Dinkhauser.webp\" \/>\r\n\t\t\t<p class=\"as-layer as-opened\">Original ColomPac\u00ae ist eine Marke von Dinkhauser Kartonagen. Seit mehr als 175 Jahren entwickeln und produzieren wir hochwertige Versandverpackungen - ob Standard- oder individuell nach Ma\u00df. Unser hochmoderner Produktionsstandort in Verbindung mit modernster Entwicklung erm\u00f6glicht Verpackungsl\u00f6sungen der neuesten Generation f\u00fcr Handel, Industrie und E-Commerce. Am selben Standort ist im hauseigenen Druckzentrum Aristos unsere gesamte Offsetdruckkompetenz geb\u00fcndelt.\nWir stehen hinter unseren ColomPac\u00ae Produkten, die wir f\u00fcr Sie entwickeln und produzieren. \nGestern, heute und auch morgen.\n\n<\/p>\r\n\t\t\t<h3 class=\"as-layer as-opened\">in Tirol produziert<\/h3>\r\n\t\t\t<h1 class=\"as-layer as-opened\">Von Dinkhauser <\/h1>\r\n\t\t\t<h1 class=\"as-layer as-closed as-vertical\">Produktion<\/h1>\r\n\t\t<\/div>\r\n\t<\/div>\r\n<\/div>[\/vc_column_text][\/vc_column][\/vc_row][vc_row thb_full_width=&#8221;true&#8221; thb_column_padding=&#8221;true&#8221; css=&#8221;.vc_custom_1687265506699{background-position: center !important;background-repeat: no-repeat !important;background-size: cover !important;}&#8221;][vc_column css=&#8221;.vc_custom_1687265515758{margin-top: 5vh !important;margin-bottom: 5vh !important;background-color: #ededed !important;}&#8221; offset=&#8221;vc_hidden-md vc_hidden-sm vc_hidden-xs&#8221;]<div class='gambit_row_scroll' data-row-entrance='scale-smaller' data-row-exit='content-fly-up' data-exit-do-children='true' data-top-bottom-exit=\"transform: translateY(-20vh) scale(1);opacity: 0;transform-origin: !50% 50%;\" data-20p-center-bottom-exit=\"transform: translateY(0vh) scale(1);opacity: 1;transform-origin: !50% 50%;\" data--20p-center-top-entrance=\"transform: translateY(0vh) scale(1);opacity: 1;transform-origin: !50% 0%;\" data-bottom-top-entrance=\"transform: translateY(0vh) scale(1.2);opacity: 0.4;transform-origin: !50% 0%;\" ><\/div>[vc_row_inner thb_max_width=&#8221;&#8221; thb_column_padding=&#8221;true&#8221;][vc_column_inner width=&#8221;1\/4&#8243; css=&#8221;.vc_custom_1679406393740{margin-top: 5vh !important;background-position: center !important;background-repeat: no-repeat !important;background-size: cover !important;}&#8221;][vc_single_image image=&#8221;721&#8243; img_size=&#8221;large&#8221; onclick=&#8221;custom_link&#8221; css_animation=&#8221;fadeIn&#8221; link=&#8221;\/de\/produktuebersicht\/&#8221;][\/vc_column_inner][vc_column_inner width=&#8221;1\/4&#8243; css=&#8221;.vc_custom_1679406401243{margin-top: -5vh !important;}&#8221;][vc_single_image image=&#8221;14637&#8243; img_size=&#8221;large&#8221; onclick=&#8221;custom_link&#8221; css_animation=&#8221;fadeIn&#8221; link=&#8221;\/de\/produktuebersicht\/&#8221;][\/vc_column_inner][vc_column_inner width=&#8221;1\/4&#8243; css=&#8221;.vc_custom_1679406407775{margin-top: -5vh !important;}&#8221;][vc_single_image image=&#8221;714&#8243; img_size=&#8221;large&#8221; onclick=&#8221;custom_link&#8221; css_animation=&#8221;fadeIn&#8221; link=&#8221;\/de\/produktuebersicht\/&#8221;][\/vc_column_inner][vc_column_inner width=&#8221;1\/4&#8243; css=&#8221;.vc_custom_1679406387417{margin-top: 5vh !important;}&#8221;][vc_single_image image=&#8221;673&#8243; img_size=&#8221;large&#8221; onclick=&#8221;custom_link&#8221; css_animation=&#8221;fadeIn&#8221; link=&#8221;\/de\/produktuebersicht\/&#8221;][\/vc_column_inner][vc_column_inner el_class=&#8221;s-text&#8221; css=&#8221;.vc_custom_1681386138555{margin-top: -20vh !important;}&#8221;][vc_column_text]\r\n<h1 style=\"text-align: center;\"><a href=\"https:\/\/www.colompac.com\/de\/produktuebersicht\/\">\u00dcber <strong>160 Versandverpackungen<\/strong>!<\/a><br \/>Sofort f\u00fcr Sie auf Lager.<\/h1>\r\n[\/vc_column_text][\/vc_column_inner][vc_column_inner width=&#8221;1\/4&#8243; css=&#8221;.vc_custom_1681386151613{margin-top: -15vh !important;margin-bottom: -15vh !important;}&#8221;][vc_single_image image=&#8221;690&#8243; img_size=&#8221;large&#8221; onclick=&#8221;custom_link&#8221; css_animation=&#8221;fadeIn&#8221; link=&#8221;\/de\/produktuebersicht\/&#8221;][\/vc_column_inner][vc_column_inner width=&#8221;1\/4&#8243; css=&#8221;.vc_custom_1681386164722{margin-top: -5vh !important;margin-bottom: -15vh !important;}&#8221;][vc_single_image image=&#8221;14760&#8243; img_size=&#8221;large&#8221; onclick=&#8221;custom_link&#8221; css_animation=&#8221;fadeIn&#8221; link=&#8221;\/de\/produktuebersicht\/&#8221;][\/vc_column_inner][vc_column_inner width=&#8221;1\/4&#8243; css=&#8221;.vc_custom_1681386238109{margin-top: -5vh !important;margin-bottom: -15vh !important;}&#8221;][vc_single_image image=&#8221;15264&#8243; img_size=&#8221;large&#8221; onclick=&#8221;custom_link&#8221; css_animation=&#8221;fadeIn&#8221; link=&#8221;\/de\/produktuebersicht\/&#8221;][\/vc_column_inner][vc_column_inner width=&#8221;1\/4&#8243; css=&#8221;.vc_custom_1681386227295{margin-top: -15vh !important;margin-bottom: -15vh !important;}&#8221;][vc_single_image image=&#8221;14641&#8243; img_size=&#8221;large&#8221; onclick=&#8221;custom_link&#8221; css_animation=&#8221;fadeIn&#8221; link=&#8221;\/de\/produktuebersicht\/&#8221;][\/vc_column_inner][\/vc_row_inner][\/vc_column][vc_column offset=&#8221;vc_hidden-lg&#8221; css=&#8221;.vc_custom_1687265537590{margin-bottom: 5vh !important;}&#8221;][vc_column_text]\r\n<h1 style=\"text-align: center;\">\u00dcber <strong>160 Versandverpackungen<\/strong>!<br \/>Sofort f\u00fcr Sie auf Lager.<\/h1>\r\n[\/vc_column_text][vc_gutenberg css_animation=&#8221;fadeInUp&#8221;]\r\n\r\n<div class=\"wp-block-jetpack-tiled-gallery aligncenter is-style-columns\">\r\n<div class=\"tiled-gallery__gallery\">\r\n<div class=\"tiled-gallery__row\">\r\n<div class=\"tiled-gallery__col\" style=\"flex-basis: 27.93893%;\">\r\n<figure class=\"tiled-gallery__item\"><img decoding=\"async\" srcset=\"https:\/\/i0.wp.com\/www.colompac.com\/wp-content\/uploads\/2023\/05\/CP_080-922x1024.webp?strip=info&#038;w=600 600w,https:\/\/i0.wp.com\/www.colompac.com\/wp-content\/uploads\/2023\/05\/CP_080-922x1024.webp?strip=info&#038;w=900 900w,https:\/\/i0.wp.com\/www.colompac.com\/wp-content\/uploads\/2023\/05\/CP_080-922x1024.webp?strip=info&#038;w=1200 1200w,https:\/\/i0.wp.com\/www.colompac.com\/wp-content\/uploads\/2023\/05\/CP_080-922x1024.webp?strip=info&#038;w=1500 1500w,https:\/\/i0.wp.com\/www.colompac.com\/wp-content\/uploads\/2023\/05\/CP_080-922x1024.webp?strip=info&#038;w=1800 1800w\" src=\"https:\/\/i0.wp.com\/www.colompac.com\/wp-content\/uploads\/2023\/05\/CP_080-922x1024.webp\" alt=\"\" data-height=\"2000\" data-id=\"11267\" data-link=\"https:\/\/www.colompac.com\/de\/cp_080\/\" data-url=\"https:\/\/www.colompac.com\/wp-content\/uploads\/2023\/05\/CP_080-922x1024.webp\" data-width=\"1800\" data-amp-layout=\"responsive\" \/><\/figure>\r\n<figure class=\"tiled-gallery__item\"><img decoding=\"async\" srcset=\"https:\/\/i1.wp.com\/www.colompac.com\/wp-content\/uploads\/2023\/03\/CP_151_Hauptbild_v2-922x1024.webp?strip=info&#038;w=600 600w,https:\/\/i1.wp.com\/www.colompac.com\/wp-content\/uploads\/2023\/03\/CP_151_Hauptbild_v2-922x1024.webp?strip=info&#038;w=900 900w,https:\/\/i1.wp.com\/www.colompac.com\/wp-content\/uploads\/2023\/03\/CP_151_Hauptbild_v2-922x1024.webp?strip=info&#038;w=1200 1200w,https:\/\/i1.wp.com\/www.colompac.com\/wp-content\/uploads\/2023\/03\/CP_151_Hauptbild_v2-922x1024.webp?strip=info&#038;w=1500 1500w,https:\/\/i1.wp.com\/www.colompac.com\/wp-content\/uploads\/2023\/03\/CP_151_Hauptbild_v2-922x1024.webp?strip=info&#038;w=1800 1800w\" src=\"https:\/\/i1.wp.com\/www.colompac.com\/wp-content\/uploads\/2023\/03\/CP_151_Hauptbild_v2-922x1024.webp\" alt=\"\" data-height=\"2000\" data-id=\"3959\" data-link=\"https:\/\/www.colompac.com\/de\/?attachment_id=3959\" data-url=\"https:\/\/www.colompac.com\/wp-content\/uploads\/2023\/03\/CP_151_Hauptbild_v2-922x1024.webp\" data-width=\"1800\" data-amp-layout=\"responsive\" \/><\/figure>\r\n<figure class=\"tiled-gallery__item\"><img decoding=\"async\" srcset=\"https:\/\/i0.wp.com\/www.colompac.com\/wp-content\/uploads\/2023\/03\/CP_066_Hauptbild_v2-922x1024.webp?strip=info&#038;w=600 600w,https:\/\/i0.wp.com\/www.colompac.com\/wp-content\/uploads\/2023\/03\/CP_066_Hauptbild_v2-922x1024.webp?strip=info&#038;w=900 900w,https:\/\/i0.wp.com\/www.colompac.com\/wp-content\/uploads\/2023\/03\/CP_066_Hauptbild_v2-922x1024.webp?strip=info&#038;w=1200 1200w,https:\/\/i0.wp.com\/www.colompac.com\/wp-content\/uploads\/2023\/03\/CP_066_Hauptbild_v2-922x1024.webp?strip=info&#038;w=1500 1500w,https:\/\/i0.wp.com\/www.colompac.com\/wp-content\/uploads\/2023\/03\/CP_066_Hauptbild_v2-922x1024.webp?strip=info&#038;w=1800 1800w\" src=\"https:\/\/i0.wp.com\/www.colompac.com\/wp-content\/uploads\/2023\/03\/CP_066_Hauptbild_v2-922x1024.webp\" alt=\"\" data-height=\"2000\" data-id=\"3931\" data-link=\"https:\/\/www.colompac.com\/de\/?attachment_id=3931\" data-url=\"https:\/\/www.colompac.com\/wp-content\/uploads\/2023\/03\/CP_066_Hauptbild_v2-922x1024.webp\" data-width=\"1800\" data-amp-layout=\"responsive\" \/><\/figure>\r\n<\/div>\r\n<div class=\"tiled-gallery__col\" style=\"flex-basis: 27.93893%;\">\r\n<figure class=\"tiled-gallery__item\"><img decoding=\"async\" srcset=\"https:\/\/i0.wp.com\/www.colompac.com\/wp-content\/uploads\/2023\/03\/CP_155_Hauptbild_v2-922x1024.webp?strip=info&#038;w=600 600w,https:\/\/i0.wp.com\/www.colompac.com\/wp-content\/uploads\/2023\/03\/CP_155_Hauptbild_v2-922x1024.webp?strip=info&#038;w=900 900w,https:\/\/i0.wp.com\/www.colompac.com\/wp-content\/uploads\/2023\/03\/CP_155_Hauptbild_v2-922x1024.webp?strip=info&#038;w=1200 1200w,https:\/\/i0.wp.com\/www.colompac.com\/wp-content\/uploads\/2023\/03\/CP_155_Hauptbild_v2-922x1024.webp?strip=info&#038;w=1500 1500w,https:\/\/i0.wp.com\/www.colompac.com\/wp-content\/uploads\/2023\/03\/CP_155_Hauptbild_v2-922x1024.webp?strip=info&#038;w=1800 1800w\" src=\"https:\/\/i0.wp.com\/www.colompac.com\/wp-content\/uploads\/2023\/03\/CP_155_Hauptbild_v2-922x1024.webp\" alt=\"\" data-height=\"2000\" data-id=\"3971\" data-link=\"https:\/\/www.colompac.com\/de\/?attachment_id=3971\" data-url=\"https:\/\/www.colompac.com\/wp-content\/uploads\/2023\/03\/CP_155_Hauptbild_v2-922x1024.webp\" data-width=\"1800\" data-amp-layout=\"responsive\" \/><\/figure>\r\n<figure class=\"tiled-gallery__item\"><img decoding=\"async\" srcset=\"https:\/\/i0.wp.com\/www.colompac.com\/wp-content\/uploads\/2023\/03\/CP_072_Hauptbild_v2-922x1024.webp?strip=info&#038;w=600 600w,https:\/\/i0.wp.com\/www.colompac.com\/wp-content\/uploads\/2023\/03\/CP_072_Hauptbild_v2-922x1024.webp?strip=info&#038;w=900 900w,https:\/\/i0.wp.com\/www.colompac.com\/wp-content\/uploads\/2023\/03\/CP_072_Hauptbild_v2-922x1024.webp?strip=info&#038;w=1200 1200w,https:\/\/i0.wp.com\/www.colompac.com\/wp-content\/uploads\/2023\/03\/CP_072_Hauptbild_v2-922x1024.webp?strip=info&#038;w=1500 1500w,https:\/\/i0.wp.com\/www.colompac.com\/wp-content\/uploads\/2023\/03\/CP_072_Hauptbild_v2-922x1024.webp?strip=info&#038;w=1800 1800w\" src=\"https:\/\/i0.wp.com\/www.colompac.com\/wp-content\/uploads\/2023\/03\/CP_072_Hauptbild_v2-922x1024.webp\" alt=\"\" data-height=\"2000\" data-id=\"3979\" data-link=\"https:\/\/www.colompac.com\/de\/?attachment_id=3979\" data-url=\"https:\/\/www.colompac.com\/wp-content\/uploads\/2023\/03\/CP_072_Hauptbild_v2-922x1024.webp\" data-width=\"1800\" data-amp-layout=\"responsive\" \/><\/figure>\r\n<figure class=\"tiled-gallery__item\"><img decoding=\"async\" srcset=\"https:\/\/i2.wp.com\/www.colompac.com\/wp-content\/uploads\/2023\/05\/CP_055_51_w-1-922x1024.webp?strip=info&#038;w=600 600w,https:\/\/i2.wp.com\/www.colompac.com\/wp-content\/uploads\/2023\/05\/CP_055_51_w-1-922x1024.webp?strip=info&#038;w=900 900w,https:\/\/i2.wp.com\/www.colompac.com\/wp-content\/uploads\/2023\/05\/CP_055_51_w-1-922x1024.webp?strip=info&#038;w=1200 1200w,https:\/\/i2.wp.com\/www.colompac.com\/wp-content\/uploads\/2023\/05\/CP_055_51_w-1-922x1024.webp?strip=info&#038;w=1500 1500w,https:\/\/i2.wp.com\/www.colompac.com\/wp-content\/uploads\/2023\/05\/CP_055_51_w-1-922x1024.webp?strip=info&#038;w=1800 1800w\" src=\"https:\/\/i2.wp.com\/www.colompac.com\/wp-content\/uploads\/2023\/05\/CP_055_51_w-1-922x1024.webp\" alt=\"\" data-height=\"2000\" data-id=\"11259\" data-link=\"https:\/\/www.colompac.com\/de\/cp_055_51_w\/\" data-url=\"https:\/\/www.colompac.com\/wp-content\/uploads\/2023\/05\/CP_055_51_w-1-922x1024.webp\" data-width=\"1800\" data-amp-layout=\"responsive\" \/><\/figure>\r\n<\/div>\r\n<div class=\"tiled-gallery__col\" style=\"flex-basis: 44.12213%;\">\r\n<figure class=\"tiled-gallery__item\"><img decoding=\"async\" srcset=\"https:\/\/i1.wp.com\/www.colompac.com\/wp-content\/uploads\/2023\/03\/CP_010_Hauptbild_v2-922x1024.webp?strip=info&#038;w=600 600w,https:\/\/i1.wp.com\/www.colompac.com\/wp-content\/uploads\/2023\/03\/CP_010_Hauptbild_v2-922x1024.webp?strip=info&#038;w=900 900w,https:\/\/i1.wp.com\/www.colompac.com\/wp-content\/uploads\/2023\/03\/CP_010_Hauptbild_v2-922x1024.webp?strip=info&#038;w=1200 1200w,https:\/\/i1.wp.com\/www.colompac.com\/wp-content\/uploads\/2023\/03\/CP_010_Hauptbild_v2-922x1024.webp?strip=info&#038;w=1500 1500w,https:\/\/i1.wp.com\/www.colompac.com\/wp-content\/uploads\/2023\/03\/CP_010_Hauptbild_v2-922x1024.webp?strip=info&#038;w=1800 1800w\" src=\"https:\/\/i1.wp.com\/www.colompac.com\/wp-content\/uploads\/2023\/03\/CP_010_Hauptbild_v2-922x1024.webp\" alt=\"\" data-height=\"2000\" data-id=\"3875\" data-link=\"https:\/\/www.colompac.com\/de\/?attachment_id=3875\" data-url=\"https:\/\/www.colompac.com\/wp-content\/uploads\/2023\/03\/CP_010_Hauptbild_v2-922x1024.webp\" data-width=\"1800\" data-amp-layout=\"responsive\" \/><\/figure>\r\n<figure class=\"tiled-gallery__item\"><img decoding=\"async\" srcset=\"https:\/\/i1.wp.com\/www.colompac.com\/wp-content\/uploads\/2023\/05\/Kat_v2_Weinversand.webp?strip=info&#038;w=600 600w,https:\/\/i1.wp.com\/www.colompac.com\/wp-content\/uploads\/2023\/05\/Kat_v2_Weinversand.webp?strip=info&#038;w=900 900w,https:\/\/i1.wp.com\/www.colompac.com\/wp-content\/uploads\/2023\/05\/Kat_v2_Weinversand.webp?strip=info&#038;w=1000 1000w\" src=\"https:\/\/i1.wp.com\/www.colompac.com\/wp-content\/uploads\/2023\/05\/Kat_v2_Weinversand.webp\" alt=\"\" data-height=\"1000\" data-id=\"12899\" data-link=\"https:\/\/www.colompac.com\/de\/kat_v2_weinversand\/\" data-url=\"https:\/\/www.colompac.com\/wp-content\/uploads\/2023\/05\/Kat_v2_Weinversand.webp\" data-width=\"1000\" data-amp-layout=\"responsive\" \/><\/figure>\r\n<\/div>\r\n<\/div>\r\n<\/div>\r\n<\/div>\r\n[\/vc_gutenberg][\/vc_column][\/vc_row][vc_row thb_full_width=&#8221;true&#8221; css=&#8221;.vc_custom_1685976287529{margin-top: 8vh !important;margin-bottom: 5vh !important;background-position: center !important;background-repeat: no-repeat !important;background-size: cover !important;}&#8221;][vc_column][vc_column_text]\r\n<h1 style=\"text-align: center;\">Versandverpackungen <strong>in Ihrem Design<\/strong><\/h1>\r\n[\/vc_column_text][vc_gutenberg css_animation=&#8221;fadeInUp&#8221;]\r\n\r\n<div class=\"wp-block-jetpack-tiled-gallery aligncenter is-style-columns\">\r\n<div class=\"tiled-gallery__gallery\">\r\n<div class=\"tiled-gallery__row\">\r\n<div class=\"tiled-gallery__col\" style=\"flex-basis: 19.98519%;\">\r\n<figure class=\"tiled-gallery__item\"><a href=\"https:\/\/www.colompac.com\/de\/produkt\/wickelverpackung-als-baerchen\/\"><img loading=\"lazy\" decoding=\"async\" srcset=\"https:\/\/i0.wp.com\/www.colompac.com\/wp-content\/uploads\/2023\/05\/Gal_Baer.webp?strip=info&#038;w=600 600w,https:\/\/i0.wp.com\/www.colompac.com\/wp-content\/uploads\/2023\/05\/Gal_Baer.webp?strip=info&#038;w=900 900w,https:\/\/i0.wp.com\/www.colompac.com\/wp-content\/uploads\/2023\/05\/Gal_Baer.webp?strip=info&#038;w=1000 1000w\" class=\"alignnone\" src=\"https:\/\/i0.wp.com\/www.colompac.com\/wp-content\/uploads\/2023\/05\/Gal_Baer.webp\" alt=\"\" width=\"1000\" height=\"1000\" data-height=\"1000\" data-id=\"12935\" data-link=\"https:\/\/www.colompac.com\/?attachment_id=12935\" data-url=\"https:\/\/www.colompac.com\/wp-content\/uploads\/2023\/05\/Gal_Baer.webp\" data-width=\"1000\" data-amp-layout=\"responsive\" \/><\/a><\/figure>\r\n<figure class=\"tiled-gallery__item\"><a href=\"https:\/\/www.colompac.com\/de\/produkt\/flexobedruckte-buecherverpackung\/\"><img loading=\"lazy\" decoding=\"async\" srcset=\"https:\/\/i0.wp.com\/www.colompac.com\/wp-content\/uploads\/2023\/05\/Gal_Bookabees.webp?strip=info&#038;w=600 600w,https:\/\/i0.wp.com\/www.colompac.com\/wp-content\/uploads\/2023\/05\/Gal_Bookabees.webp?strip=info&#038;w=900 900w,https:\/\/i0.wp.com\/www.colompac.com\/wp-content\/uploads\/2023\/05\/Gal_Bookabees.webp?strip=info&#038;w=1000 1000w\" class=\"alignnone\" src=\"https:\/\/i0.wp.com\/www.colompac.com\/wp-content\/uploads\/2023\/05\/Gal_Bookabees.webp\" alt=\"\" width=\"1000\" height=\"1000\" data-height=\"1000\" data-id=\"12943\" data-link=\"https:\/\/www.colompac.com\/?attachment_id=12943\" data-url=\"https:\/\/www.colompac.com\/wp-content\/uploads\/2023\/05\/Gal_Bookabees.webp\" data-width=\"1000\" data-amp-layout=\"responsive\" \/><\/a><\/figure>\r\n<figure class=\"tiled-gallery__item\"><a href=\"https:\/\/www.colompac.com\/de\/produkt\/blumenversand-mit-innenbedruckung\/\"><img loading=\"lazy\" decoding=\"async\" srcset=\"https:\/\/i2.wp.com\/www.colompac.com\/wp-content\/uploads\/2023\/05\/Gal_BloomWild.webp?strip=info&#038;w=600 600w,https:\/\/i2.wp.com\/www.colompac.com\/wp-content\/uploads\/2023\/05\/Gal_BloomWild.webp?strip=info&#038;w=900 900w,https:\/\/i2.wp.com\/www.colompac.com\/wp-content\/uploads\/2023\/05\/Gal_BloomWild.webp?strip=info&#038;w=1000 1000w\" class=\"alignnone\" src=\"https:\/\/i2.wp.com\/www.colompac.com\/wp-content\/uploads\/2023\/05\/Gal_BloomWild.webp\" alt=\"\" width=\"1000\" height=\"1000\" data-height=\"1000\" data-id=\"12939\" data-link=\"https:\/\/www.colompac.com\/?attachment_id=12939\" data-url=\"https:\/\/www.colompac.com\/wp-content\/uploads\/2023\/05\/Gal_BloomWild.webp\" data-width=\"1000\" data-amp-layout=\"responsive\" \/><\/a><\/figure>\r\n<\/div>\r\n<div class=\"tiled-gallery__col\" style=\"flex-basis: 19.98519%;\">\r\n<figure class=\"tiled-gallery__item\"><a href=\"https:\/\/www.colompac.com\/de\/produkt\/blitzbodenkartons-fuer-fitnessnahrung\/\"><img loading=\"lazy\" decoding=\"async\" srcset=\"https:\/\/i1.wp.com\/www.colompac.com\/wp-content\/uploads\/2023\/05\/Gal_Foodspring.webp?strip=info&#038;w=600 600w,https:\/\/i1.wp.com\/www.colompac.com\/wp-content\/uploads\/2023\/05\/Gal_Foodspring.webp?strip=info&#038;w=900 900w,https:\/\/i1.wp.com\/www.colompac.com\/wp-content\/uploads\/2023\/05\/Gal_Foodspring.webp?strip=info&#038;w=1000 1000w\" class=\"alignnone\" src=\"https:\/\/i1.wp.com\/www.colompac.com\/wp-content\/uploads\/2023\/05\/Gal_Foodspring.webp\" alt=\"\" width=\"1000\" height=\"1000\" data-height=\"1000\" data-id=\"12947\" data-link=\"https:\/\/www.colompac.com\/?attachment_id=12947\" data-url=\"https:\/\/www.colompac.com\/wp-content\/uploads\/2023\/05\/Gal_Foodspring.webp\" data-width=\"1000\" data-amp-layout=\"responsive\" \/><\/a><\/figure>\r\n<figure class=\"tiled-gallery__item\"><a href=\"\/de\/produkt\/fashionbox-fuer-kindermode\/ \"><img loading=\"lazy\" decoding=\"async\" srcset=\"https:\/\/i2.wp.com\/www.colompac.com\/wp-content\/uploads\/2023\/05\/Gal_Hipstar.webp?strip=info&#038;w=600 600w,https:\/\/i2.wp.com\/www.colompac.com\/wp-content\/uploads\/2023\/05\/Gal_Hipstar.webp?strip=info&#038;w=900 900w,https:\/\/i2.wp.com\/www.colompac.com\/wp-content\/uploads\/2023\/05\/Gal_Hipstar.webp?strip=info&#038;w=1000 1000w\" class=\"alignnone\" src=\"https:\/\/i2.wp.com\/www.colompac.com\/wp-content\/uploads\/2023\/05\/Gal_Hipstar.webp\" alt=\"\" width=\"1000\" height=\"1000\" data-height=\"1000\" data-id=\"12955\" data-link=\"https:\/\/www.colompac.com\/?attachment_id=12955\" data-url=\"https:\/\/www.colompac.com\/wp-content\/uploads\/2023\/05\/Gal_Hipstar.webp\" data-width=\"1000\" data-amp-layout=\"responsive\" \/><\/a><\/figure>\r\n<figure class=\"tiled-gallery__item\"><a href=\"https:\/\/www.colompac.com\/de\/produkt\/blitzbodenkarton-fuer-pflegeprodukte\/\"><img loading=\"lazy\" decoding=\"async\" srcset=\"https:\/\/i0.wp.com\/www.colompac.com\/wp-content\/uploads\/2023\/05\/Gal_Lyco.webp?strip=info&#038;w=600 600w,https:\/\/i0.wp.com\/www.colompac.com\/wp-content\/uploads\/2023\/05\/Gal_Lyco.webp?strip=info&#038;w=900 900w,https:\/\/i0.wp.com\/www.colompac.com\/wp-content\/uploads\/2023\/05\/Gal_Lyco.webp?strip=info&#038;w=1000 1000w\" class=\"alignnone\" src=\"https:\/\/i0.wp.com\/www.colompac.com\/wp-content\/uploads\/2023\/05\/Gal_Lyco.webp\" alt=\"\" width=\"1000\" height=\"1000\" data-height=\"1000\" data-id=\"12959\" data-link=\"https:\/\/www.colompac.com\/?attachment_id=12959\" data-url=\"https:\/\/www.colompac.com\/wp-content\/uploads\/2023\/05\/Gal_Lyco.webp\" data-width=\"1000\" data-amp-layout=\"responsive\" \/><\/a><\/figure>\r\n<\/div>\r\n<div class=\"tiled-gallery__col\" style=\"flex-basis: 30.01481%;\">\r\n<figure class=\"tiled-gallery__item\"><a href=\"https:\/\/www.colompac.com\/de\/produkt\/versandverpackung-fuer-parfums-und-kosmetik\/\"><img loading=\"lazy\" decoding=\"async\" srcset=\"https:\/\/i2.wp.com\/www.colompac.com\/wp-content\/uploads\/2023\/05\/Gal_Marionaud.webp?strip=info&#038;w=600 600w,https:\/\/i2.wp.com\/www.colompac.com\/wp-content\/uploads\/2023\/05\/Gal_Marionaud.webp?strip=info&#038;w=900 900w,https:\/\/i2.wp.com\/www.colompac.com\/wp-content\/uploads\/2023\/05\/Gal_Marionaud.webp?strip=info&#038;w=1000 1000w\" class=\"alignnone\" src=\"https:\/\/i2.wp.com\/www.colompac.com\/wp-content\/uploads\/2023\/05\/Gal_Marionaud.webp\" alt=\"\" width=\"1000\" height=\"1000\" data-height=\"1000\" data-id=\"12963\" data-link=\"https:\/\/www.colompac.com\/?attachment_id=12963\" data-url=\"https:\/\/www.colompac.com\/wp-content\/uploads\/2023\/05\/Gal_Marionaud.webp\" data-width=\"1000\" data-amp-layout=\"responsive\" \/><\/a><\/figure>\r\n<figure class=\"tiled-gallery__item\"><a href=\"https:\/\/www.colompac.com\/de\/produkt\/hochwertig-bedruckte-versandtasche\/\"><img loading=\"lazy\" decoding=\"async\" srcset=\"https:\/\/i1.wp.com\/www.colompac.com\/wp-content\/uploads\/2023\/05\/Gal_TCC.webp?strip=info&#038;w=600 600w,https:\/\/i1.wp.com\/www.colompac.com\/wp-content\/uploads\/2023\/05\/Gal_TCC.webp?strip=info&#038;w=900 900w,https:\/\/i1.wp.com\/www.colompac.com\/wp-content\/uploads\/2023\/05\/Gal_TCC.webp?strip=info&#038;w=1000 1000w\" class=\"alignnone\" src=\"https:\/\/i1.wp.com\/www.colompac.com\/wp-content\/uploads\/2023\/05\/Gal_TCC.webp\" alt=\"\" width=\"1000\" height=\"1000\" data-height=\"1000\" data-id=\"12967\" data-link=\"https:\/\/www.colompac.com\/?attachment_id=12967\" data-url=\"https:\/\/www.colompac.com\/wp-content\/uploads\/2023\/05\/Gal_TCC.webp\" data-width=\"1000\" data-amp-layout=\"responsive\" \/><\/a><\/figure>\r\n<\/div>\r\n<div class=\"tiled-gallery__col\" style=\"flex-basis: 30.01481%;\">\r\n<figure class=\"tiled-gallery__item\"><a href=\"https:\/\/www.colompac.com\/de\/individuelle-produkte\/\"><img loading=\"lazy\" decoding=\"async\" srcset=\"https:\/\/i2.wp.com\/www.colompac.com\/wp-content\/uploads\/2023\/05\/Gal_Gruppe.webp?strip=info&#038;w=600 600w,https:\/\/i2.wp.com\/www.colompac.com\/wp-content\/uploads\/2023\/05\/Gal_Gruppe.webp?strip=info&#038;w=900 900w,https:\/\/i2.wp.com\/www.colompac.com\/wp-content\/uploads\/2023\/05\/Gal_Gruppe.webp?strip=info&#038;w=1000 1000w\" class=\"alignnone\" src=\"https:\/\/i2.wp.com\/www.colompac.com\/wp-content\/uploads\/2023\/05\/Gal_Gruppe.webp\" alt=\"\" width=\"1000\" height=\"1000\" data-height=\"1000\" data-id=\"12951\" data-link=\"https:\/\/www.colompac.com\/?attachment_id=12951\" data-url=\"https:\/\/www.colompac.com\/wp-content\/uploads\/2023\/05\/Gal_Gruppe.webp\" data-width=\"1000\" data-amp-layout=\"responsive\" \/><\/a><\/figure>\r\n<figure class=\"tiled-gallery__item\"><a href=\"https:\/\/www.colompac.com\/de\/produkt\/eurobox-fuer-kosmetik\/\"><img loading=\"lazy\" decoding=\"async\" srcset=\"https:\/\/i0.wp.com\/www.colompac.com\/wp-content\/uploads\/2023\/05\/Gal_Weleda.webp?strip=info&#038;w=600 600w,https:\/\/i0.wp.com\/www.colompac.com\/wp-content\/uploads\/2023\/05\/Gal_Weleda.webp?strip=info&#038;w=900 900w,https:\/\/i0.wp.com\/www.colompac.com\/wp-content\/uploads\/2023\/05\/Gal_Weleda.webp?strip=info&#038;w=1000 1000w\" class=\"alignnone\" src=\"https:\/\/i0.wp.com\/www.colompac.com\/wp-content\/uploads\/2023\/05\/Gal_Weleda.webp\" alt=\"\" width=\"1000\" height=\"1000\" data-height=\"1000\" data-id=\"12971\" data-link=\"https:\/\/www.colompac.com\/?attachment_id=12971\" data-url=\"https:\/\/www.colompac.com\/wp-content\/uploads\/2023\/05\/Gal_Weleda.webp\" data-width=\"1000\" data-amp-layout=\"responsive\" \/><\/a><\/figure>\r\n<\/div>\r\n<\/div>\r\n<\/div>\r\n<\/div>\r\n[\/vc_gutenberg][\/vc_column][\/vc_row][vc_row bg_gradient_direction=&#8221;0&#8243; css=&#8221;.vc_custom_1686049576112{padding-top: 80px !important;padding-bottom: 80px !important;background-color: #f0f0f0 !important;}&#8221;][vc_column width=&#8221;2\/3&#8243;][vc_column_text animation=&#8221;animation fade-in&#8221; css=&#8221;.vc_custom_1688629597923{padding-right: 10% !important;}&#8221;]\r\n<h2><strong>Kontaktieren Sie Ihren Servicepartner!<\/strong><\/h2>\r\n[\/vc_column_text][vc_column_text animation=&#8221;animation fade-in&#8221; css=&#8221;.vc_custom_1688629621863{padding-right: 10% !important;}&#8221;]\r\n<p>Sie haben eine Frage, m\u00f6chten ein Muster oder kennen sich irgendwo nicht aus?\u00a0Unsere ColomPac\u00ae Servicepartner sind Ihre ColomPac\u00ae Experten vor Ort: Nah, kompetent und schnell, beantworten Sie Ihnen alle Fragen rund um Ecommerce Verpackung, Versand und Optimierungsm\u00f6glichkeiten.<\/p>\r\n[\/vc_column_text][\/vc_column][vc_column width=&#8221;1\/3&#8243;][vc_empty_space height=&#8221;30px&#8221;]\t<a id=\"thb-button-69ee0c6a5d4de\" class=\"btn style3 large full accent small-radius    arrow-enabled\" href=\"\/de\/partner\/?location=innsbruck&amp;radius=2000\" target=\"_self\" role=\"button\">\n\t\t<span>Finden Sie Ihren Servicepartner<\/span>\n\t<svg xmlns=\"http:\/\/www.w3.org\/2000\/svg\" xmlns:xlink=\"http:\/\/www.w3.org\/1999\/xlink\" x=\"0px\" y=\"0px\"\n\t width=\"30px\" height=\"18px\" viewBox=\"0 0 30 18\" enable-background=\"new 0 0 30 18\" xml:space=\"preserve\">\n<path class=\"handle\" d=\"M20.305,16.212c-0.407,0.409-0.407,1.071,0,1.479s1.068,0.408,1.476,0l7.914-7.952c0.408-0.409,0.408-1.071,0-1.481\n\tl-7.914-7.952c-0.407-0.409-1.068-0.409-1.476,0s-0.407,1.071,0,1.48l7.185,7.221L20.305,16.212z\"\/>\n<path class=\"bar\" fill-rule=\"evenodd\" clip-rule=\"evenodd\" d=\"M1,8h28.001c0.551,0,1,0.448,1,1c0,0.553-0.449,1-1,1H1c-0.553,0-1-0.447-1-1\n\tC0,8.448,0.447,8,1,8z\"\/>\n<\/svg>\n\t\t<\/a>\n\t\t[\/vc_column][\/vc_row][vc_row css=&#8221;.vc_custom_1685618412661{padding-top: 5vh !important;padding-bottom: 8vh !important;}&#8221;][vc_column]\n\t<div id=\"thb-posts-shortcode-69ee0c6a5d576\" class=\"posts-shortcode posts-style1  row   thb-carousel overflow-visible  \" data-columns=\"3\" data-autoplay=\"true\" data-autoplay-speed=\"4000\" data-pagination=\"true\" data-loadmore=\"#loadmore-344\" data-security=\"c3e9a44c68\">\n\t\t<div class=\"small-12 large-4 columns\">\n\t<article itemscope itemtype=\"http:\/\/schema.org\/Article\" class=\"post style1 animation scale post-19807 type-post status-publish format-standard has-post-thumbnail hentry category-allgemein tag-nachhaltigkeit\">\n\t\t\t\t<figure class=\"post-gallery\">\n\t\t\t<a href=\"https:\/\/www.colompac.com\/de\/colompac-verpackungen-digital-ppwr-ready\/\" rel=\"bookmark\" title=\"ColomPac\u00ae Verpackungen &#8211; digital &amp; PPWR-ready\">\n\t\t\t\t<img loading=\"lazy\" decoding=\"async\" width=\"760\" height=\"630\" src=\"https:\/\/www.colompac.com\/wp-content\/uploads\/2026\/04\/CP_QR-Code-760x630.jpg\" class=\"attachment-revolution-rectangle-x2 size-revolution-rectangle-x2 wp-post-image\" alt=\"Smartphone mit ge\u00f6ffneter Webseite wird \u00fcber einen QR-Code auf einer braunen Kartonverpackung gehalten.\" srcset=\"https:\/\/www.colompac.com\/wp-content\/uploads\/2026\/04\/CP_QR-Code-760x630.jpg 760w, https:\/\/www.colompac.com\/wp-content\/uploads\/2026\/04\/CP_QR-Code-380x315.jpg 380w, https:\/\/www.colompac.com\/wp-content\/uploads\/2026\/04\/CP_QR-Code-20x16.jpg 20w\" sizes=\"auto, (max-width: 760px) 100vw, 760px\" \/>\t\t\t\t<div class=\"post-gallery-overlay\"><svg xmlns=\"http:\/\/www.w3.org\/2000\/svg\" xmlns:xlink=\"http:\/\/www.w3.org\/1999\/xlink\" x=\"0px\" y=\"0px\"\n\t width=\"30px\" height=\"18px\" viewBox=\"0 0 30 18\" enable-background=\"new 0 0 30 18\" xml:space=\"preserve\">\n<path class=\"handle\" d=\"M20.305,16.212c-0.407,0.409-0.407,1.071,0,1.479s1.068,0.408,1.476,0l7.914-7.952c0.408-0.409,0.408-1.071,0-1.481\n\tl-7.914-7.952c-0.407-0.409-1.068-0.409-1.476,0s-0.407,1.071,0,1.48l7.185,7.221L20.305,16.212z\"\/>\n<path class=\"bar\" fill-rule=\"evenodd\" clip-rule=\"evenodd\" d=\"M1,8h28.001c0.551,0,1,0.448,1,1c0,0.553-0.449,1-1,1H1c-0.553,0-1-0.447-1-1\n\tC0,8.448,0.447,8,1,8z\"\/>\n<\/svg>\n<\/div>\n\t\t\t<\/a>\n\t\t<\/figure>\n\t\t\t\t\t\t<header class=\"post-title entry-header\">\n\t\t\t<h3 class=\"entry-title\" itemprop=\"name headline\"><a href=\"https:\/\/www.colompac.com\/de\/colompac-verpackungen-digital-ppwr-ready\/\" title=\"ColomPac\u00ae Verpackungen &#8211; digital &amp; PPWR-ready\">ColomPac\u00ae Verpackungen &#8211; digital &amp; PPWR-ready<\/a><\/h3>\t\t<\/header>\n\t\t\t\t\t<div class=\"post-content\">\n\t\t\t\t<p>Die Zukunft der Verpackung ist digital, transparent und nachhaltig. Mit ColomPac\u00ae sind Sie schon heute&hellip;<\/p>\n\t\t\t<\/div>\n\t\t\t\t\t\t<aside class=\"post-meta\">\n\t\t\t16. April 2026\t\t<\/aside>\n\t\t\t\t\t<aside class=\"post-bottom-meta hide\">\n\t\t<strong rel=\"author\" itemprop=\"author\" class=\"author\"><a href=\"https:\/\/www.colompac.com\/de\/author\/admin\/\" title=\"Beitr\u00e4ge von Admin\" rel=\"author\">Admin<\/a><\/strong>\n\t\t<time class=\"date published time\" datetime=\"2026-04-16T07:00:00+02:00\" itemprop=\"datePublished\" content=\"2026-04-16T07:00:00+02:00\">2026-04-16T07:00:00+02:00<\/time>\n\t\t<meta itemprop=\"dateModified\" class=\"date updated\" content=\"2026-04-15T08:58:47+02:00\">\n\t\t<span class=\"hide\" itemprop=\"publisher\" itemscope itemtype=\"https:\/\/schema.org\/Organization\">\n\t\t\t<meta itemprop=\"name\" content=\"ColomPac\u00ae\">\n\t\t\t<span itemprop=\"logo\" itemscope itemtype=\"https:\/\/schema.org\/ImageObject\">\n\t\t\t\t<meta itemprop=\"url\" content=\"https:\/\/www.colompac.com\/\/wp-content\/uploads\/2023\/03\/logo.png\">\n\t\t\t<\/span>\n\t\t\t<meta itemprop=\"url\" content=\"https:\/\/www.colompac.com\/de\/\">\n\t\t<\/span>\n\t\t\t\t<span class=\"hide\" itemprop=\"image\" itemscope itemtype=\"http:\/\/schema.org\/ImageObject\">\n\t\t\t<meta itemprop=\"url\" content=\"https:\/\/www.colompac.com\/wp-content\/uploads\/2026\/04\/CP_QR-Code.jpg\">\n\t\t\t<meta itemprop=\"width\" content=\"1000\">\n\t\t\t<meta itemprop=\"height\" content=\"800\">\n\t\t<\/span>\n\t\t\t\t<meta itemprop=\"mainEntityOfPage\" content=\"https:\/\/www.colompac.com\/de\/colompac-verpackungen-digital-ppwr-ready\/\">\n\t<\/aside>\n\t\t<\/article>\n<\/div>\n<div class=\"small-12 large-4 columns\">\n\t<article itemscope itemtype=\"http:\/\/schema.org\/Article\" class=\"post style1 animation scale post-17028 type-post status-publish format-standard has-post-thumbnail hentry category-allgemein\">\n\t\t\t\t<figure class=\"post-gallery\">\n\t\t\t<a href=\"https:\/\/www.colompac.com\/de\/design-by-colompac-in-nur-3-schritten-zur-individuellen-ecommerce-verpackung\/\" rel=\"bookmark\" title=\"Design by ColomPac\u00ae &#8211; In nur 3 Schritten zur individuellen Ecommerce Verpackung\">\n\t\t\t\t<img loading=\"lazy\" decoding=\"async\" width=\"760\" height=\"630\" src=\"https:\/\/www.colompac.com\/wp-content\/uploads\/2024\/07\/CP_Design_2026-760x630.jpg\" class=\"attachment-revolution-rectangle-x2 size-revolution-rectangle-x2 wp-post-image\" alt=\"\" srcset=\"https:\/\/www.colompac.com\/wp-content\/uploads\/2024\/07\/CP_Design_2026-760x630.jpg 760w, https:\/\/www.colompac.com\/wp-content\/uploads\/2024\/07\/CP_Design_2026-380x315.jpg 380w, https:\/\/www.colompac.com\/wp-content\/uploads\/2024\/07\/CP_Design_2026-20x16.jpg 20w\" sizes=\"auto, (max-width: 760px) 100vw, 760px\" \/>\t\t\t\t<div class=\"post-gallery-overlay\"><svg xmlns=\"http:\/\/www.w3.org\/2000\/svg\" xmlns:xlink=\"http:\/\/www.w3.org\/1999\/xlink\" x=\"0px\" y=\"0px\"\n\t width=\"30px\" height=\"18px\" viewBox=\"0 0 30 18\" enable-background=\"new 0 0 30 18\" xml:space=\"preserve\">\n<path class=\"handle\" d=\"M20.305,16.212c-0.407,0.409-0.407,1.071,0,1.479s1.068,0.408,1.476,0l7.914-7.952c0.408-0.409,0.408-1.071,0-1.481\n\tl-7.914-7.952c-0.407-0.409-1.068-0.409-1.476,0s-0.407,1.071,0,1.48l7.185,7.221L20.305,16.212z\"\/>\n<path class=\"bar\" fill-rule=\"evenodd\" clip-rule=\"evenodd\" d=\"M1,8h28.001c0.551,0,1,0.448,1,1c0,0.553-0.449,1-1,1H1c-0.553,0-1-0.447-1-1\n\tC0,8.448,0.447,8,1,8z\"\/>\n<\/svg>\n<\/div>\n\t\t\t<\/a>\n\t\t<\/figure>\n\t\t\t\t\t\t<header class=\"post-title entry-header\">\n\t\t\t<h3 class=\"entry-title\" itemprop=\"name headline\"><a href=\"https:\/\/www.colompac.com\/de\/design-by-colompac-in-nur-3-schritten-zur-individuellen-ecommerce-verpackung\/\" title=\"Design by ColomPac\u00ae &#8211; In nur 3 Schritten zur individuellen Ecommerce Verpackung\">Design by ColomPac\u00ae &#8211; In nur 3 Schritten zur individuellen Ecommerce Verpackung<\/a><\/h3>\t\t<\/header>\n\t\t\t\t\t<div class=\"post-content\">\n\t\t\t\t<p>Eine Versandverpackung von einem Onlineshop ist das Erste, was eine Kundin oder Kunde wirklich physisch&hellip;<\/p>\n\t\t\t<\/div>\n\t\t\t\t\t\t<aside class=\"post-meta\">\n\t\t\t24. Februar 2026\t\t<\/aside>\n\t\t\t\t\t<aside class=\"post-bottom-meta hide\">\n\t\t<strong rel=\"author\" itemprop=\"author\" class=\"author\"><a href=\"https:\/\/www.colompac.com\/de\/author\/admin\/\" title=\"Beitr\u00e4ge von Admin\" rel=\"author\">Admin<\/a><\/strong>\n\t\t<time class=\"date published time\" datetime=\"2026-02-24T11:39:22+01:00\" itemprop=\"datePublished\" content=\"2026-02-24T11:39:22+01:00\">2026-02-24T11:39:22+01:00<\/time>\n\t\t<meta itemprop=\"dateModified\" class=\"date updated\" content=\"2026-02-24T11:51:07+01:00\">\n\t\t<span class=\"hide\" itemprop=\"publisher\" itemscope itemtype=\"https:\/\/schema.org\/Organization\">\n\t\t\t<meta itemprop=\"name\" content=\"ColomPac\u00ae\">\n\t\t\t<span itemprop=\"logo\" itemscope itemtype=\"https:\/\/schema.org\/ImageObject\">\n\t\t\t\t<meta itemprop=\"url\" content=\"https:\/\/www.colompac.com\/\/wp-content\/uploads\/2023\/03\/logo.png\">\n\t\t\t<\/span>\n\t\t\t<meta itemprop=\"url\" content=\"https:\/\/www.colompac.com\/de\/\">\n\t\t<\/span>\n\t\t\t\t<span class=\"hide\" itemprop=\"image\" itemscope itemtype=\"http:\/\/schema.org\/ImageObject\">\n\t\t\t<meta itemprop=\"url\" content=\"https:\/\/www.colompac.com\/wp-content\/uploads\/2024\/07\/CP_Design_2026.jpg\">\n\t\t\t<meta itemprop=\"width\" content=\"1000\">\n\t\t\t<meta itemprop=\"height\" content=\"800\">\n\t\t<\/span>\n\t\t\t\t<meta itemprop=\"mainEntityOfPage\" content=\"https:\/\/www.colompac.com\/de\/design-by-colompac-in-nur-3-schritten-zur-individuellen-ecommerce-verpackung\/\">\n\t<\/aside>\n\t\t<\/article>\n<\/div>\n<div class=\"small-12 large-4 columns\">\n\t<article itemscope itemtype=\"http:\/\/schema.org\/Article\" class=\"post style1 animation scale post-19598 type-post status-publish format-standard has-post-thumbnail hentry category-allgemein\">\n\t\t\t\t<figure class=\"post-gallery\">\n\t\t\t<a href=\"https:\/\/www.colompac.com\/de\/ppwr-im-blick\/\" rel=\"bookmark\" title=\"PPWR im Blick\">\n\t\t\t\t<img loading=\"lazy\" decoding=\"async\" width=\"760\" height=\"630\" src=\"https:\/\/www.colompac.com\/wp-content\/uploads\/2026\/02\/CP_PPWR-760x630.jpg\" class=\"attachment-revolution-rectangle-x2 size-revolution-rectangle-x2 wp-post-image\" alt=\"Hand zieht den Selbstklebestreifen einer ColomPac\u2011Versandverpackung ab; im Vordergrund steht der Schriftzug \u2018PPWR \u2013 Packaging and Packaging Waste Regulation\u2019.\" srcset=\"https:\/\/www.colompac.com\/wp-content\/uploads\/2026\/02\/CP_PPWR-760x630.jpg 760w, https:\/\/www.colompac.com\/wp-content\/uploads\/2026\/02\/CP_PPWR-380x315.jpg 380w, https:\/\/www.colompac.com\/wp-content\/uploads\/2026\/02\/CP_PPWR-20x16.jpg 20w\" sizes=\"auto, (max-width: 760px) 100vw, 760px\" \/>\t\t\t\t<div class=\"post-gallery-overlay\"><svg xmlns=\"http:\/\/www.w3.org\/2000\/svg\" xmlns:xlink=\"http:\/\/www.w3.org\/1999\/xlink\" x=\"0px\" y=\"0px\"\n\t width=\"30px\" height=\"18px\" viewBox=\"0 0 30 18\" enable-background=\"new 0 0 30 18\" xml:space=\"preserve\">\n<path class=\"handle\" d=\"M20.305,16.212c-0.407,0.409-0.407,1.071,0,1.479s1.068,0.408,1.476,0l7.914-7.952c0.408-0.409,0.408-1.071,0-1.481\n\tl-7.914-7.952c-0.407-0.409-1.068-0.409-1.476,0s-0.407,1.071,0,1.48l7.185,7.221L20.305,16.212z\"\/>\n<path class=\"bar\" fill-rule=\"evenodd\" clip-rule=\"evenodd\" d=\"M1,8h28.001c0.551,0,1,0.448,1,1c0,0.553-0.449,1-1,1H1c-0.553,0-1-0.447-1-1\n\tC0,8.448,0.447,8,1,8z\"\/>\n<\/svg>\n<\/div>\n\t\t\t<\/a>\n\t\t<\/figure>\n\t\t\t\t\t\t<header class=\"post-title entry-header\">\n\t\t\t<h3 class=\"entry-title\" itemprop=\"name headline\"><a href=\"https:\/\/www.colompac.com\/de\/ppwr-im-blick\/\" title=\"PPWR im Blick\">PPWR im Blick<\/a><\/h3>\t\t<\/header>\n\t\t\t\t\t<div class=\"post-content\">\n\t\t\t\t<p>Die neue EU-Verpackungsverordnung PPWR gilt ab 12.08.2026 \u2013 und bringt tiefgreifende \u00c4nderungen f\u00fcr alle, die&hellip;<\/p>\n\t\t\t<\/div>\n\t\t\t\t\t\t<aside class=\"post-meta\">\n\t\t\t5. Februar 2026\t\t<\/aside>\n\t\t\t\t\t<aside class=\"post-bottom-meta hide\">\n\t\t<strong rel=\"author\" itemprop=\"author\" class=\"author\"><a href=\"https:\/\/www.colompac.com\/de\/author\/admin\/\" title=\"Beitr\u00e4ge von Admin\" rel=\"author\">Admin<\/a><\/strong>\n\t\t<time class=\"date published time\" datetime=\"2026-02-05T13:53:34+01:00\" itemprop=\"datePublished\" content=\"2026-02-05T13:53:34+01:00\">2026-02-05T13:53:34+01:00<\/time>\n\t\t<meta itemprop=\"dateModified\" class=\"date updated\" content=\"2026-02-05T14:48:51+01:00\">\n\t\t<span class=\"hide\" itemprop=\"publisher\" itemscope itemtype=\"https:\/\/schema.org\/Organization\">\n\t\t\t<meta itemprop=\"name\" content=\"ColomPac\u00ae\">\n\t\t\t<span itemprop=\"logo\" itemscope itemtype=\"https:\/\/schema.org\/ImageObject\">\n\t\t\t\t<meta itemprop=\"url\" content=\"https:\/\/www.colompac.com\/\/wp-content\/uploads\/2023\/03\/logo.png\">\n\t\t\t<\/span>\n\t\t\t<meta itemprop=\"url\" content=\"https:\/\/www.colompac.com\/de\/\">\n\t\t<\/span>\n\t\t\t\t<span class=\"hide\" itemprop=\"image\" itemscope itemtype=\"http:\/\/schema.org\/ImageObject\">\n\t\t\t<meta itemprop=\"url\" content=\"https:\/\/www.colompac.com\/wp-content\/uploads\/2026\/02\/CP_PPWR.jpg\">\n\t\t\t<meta itemprop=\"width\" content=\"1000\">\n\t\t\t<meta itemprop=\"height\" content=\"800\">\n\t\t<\/span>\n\t\t\t\t<meta itemprop=\"mainEntityOfPage\" content=\"https:\/\/www.colompac.com\/de\/ppwr-im-blick\/\">\n\t<\/aside>\n\t\t<\/article>\n<\/div>\n<div class=\"small-12 large-4 columns\">\n\t<article itemscope itemtype=\"http:\/\/schema.org\/Article\" class=\"post style1 animation scale post-19260 type-post status-publish format-standard has-post-thumbnail hentry category-allgemein\">\n\t\t\t\t<figure class=\"post-gallery\">\n\t\t\t<a href=\"https:\/\/www.colompac.com\/de\/fachpack-2025-wir-waren-dabei\/\" rel=\"bookmark\" title=\"FachPack 2025 \u2013 Wir waren dabei!\">\n\t\t\t\t<img loading=\"lazy\" decoding=\"async\" width=\"760\" height=\"630\" src=\"https:\/\/www.colompac.com\/wp-content\/uploads\/2025\/10\/CP_News_FachPack25-760x630.jpg\" class=\"attachment-revolution-rectangle-x2 size-revolution-rectangle-x2 wp-post-image\" alt=\"Messehalle mit ColomPac\u00ae-Stand zur Ersatzteillogistik; orangefarbener W\u00fcrfel mit \u201ew-well\u201c oben sichtbar.\" srcset=\"https:\/\/www.colompac.com\/wp-content\/uploads\/2025\/10\/CP_News_FachPack25-760x630.jpg 760w, https:\/\/www.colompac.com\/wp-content\/uploads\/2025\/10\/CP_News_FachPack25-380x315.jpg 380w, https:\/\/www.colompac.com\/wp-content\/uploads\/2025\/10\/CP_News_FachPack25-20x16.jpg 20w\" sizes=\"auto, (max-width: 760px) 100vw, 760px\" \/>\t\t\t\t<div class=\"post-gallery-overlay\"><svg xmlns=\"http:\/\/www.w3.org\/2000\/svg\" xmlns:xlink=\"http:\/\/www.w3.org\/1999\/xlink\" x=\"0px\" y=\"0px\"\n\t width=\"30px\" height=\"18px\" viewBox=\"0 0 30 18\" enable-background=\"new 0 0 30 18\" xml:space=\"preserve\">\n<path class=\"handle\" d=\"M20.305,16.212c-0.407,0.409-0.407,1.071,0,1.479s1.068,0.408,1.476,0l7.914-7.952c0.408-0.409,0.408-1.071,0-1.481\n\tl-7.914-7.952c-0.407-0.409-1.068-0.409-1.476,0s-0.407,1.071,0,1.48l7.185,7.221L20.305,16.212z\"\/>\n<path class=\"bar\" fill-rule=\"evenodd\" clip-rule=\"evenodd\" d=\"M1,8h28.001c0.551,0,1,0.448,1,1c0,0.553-0.449,1-1,1H1c-0.553,0-1-0.447-1-1\n\tC0,8.448,0.447,8,1,8z\"\/>\n<\/svg>\n<\/div>\n\t\t\t<\/a>\n\t\t<\/figure>\n\t\t\t\t\t\t<header class=\"post-title entry-header\">\n\t\t\t<h3 class=\"entry-title\" itemprop=\"name headline\"><a href=\"https:\/\/www.colompac.com\/de\/fachpack-2025-wir-waren-dabei\/\" title=\"FachPack 2025 \u2013 Wir waren dabei!\">FachPack 2025 \u2013 Wir waren dabei!<\/a><\/h3>\t\t<\/header>\n\t\t\t\t\t<div class=\"post-content\">\n\t\t\t\t<p>Unser ColomPac\u00ae Sortiment unter anderem mit einer Auswahl an Versandverpackungen f\u00fcr den Ersatzteilversand, sowie vielf\u00e4ltige,&hellip;<\/p>\n\t\t\t<\/div>\n\t\t\t\t\t\t<aside class=\"post-meta\">\n\t\t\t1. Oktober 2025\t\t<\/aside>\n\t\t\t\t\t<aside class=\"post-bottom-meta hide\">\n\t\t<strong rel=\"author\" itemprop=\"author\" class=\"author\"><a href=\"https:\/\/www.colompac.com\/de\/author\/admin\/\" title=\"Beitr\u00e4ge von Admin\" rel=\"author\">Admin<\/a><\/strong>\n\t\t<time class=\"date published time\" datetime=\"2025-10-01T15:01:01+02:00\" itemprop=\"datePublished\" content=\"2025-10-01T15:01:01+02:00\">2025-10-01T15:01:01+02:00<\/time>\n\t\t<meta itemprop=\"dateModified\" class=\"date updated\" content=\"2025-10-01T15:08:36+02:00\">\n\t\t<span class=\"hide\" itemprop=\"publisher\" itemscope itemtype=\"https:\/\/schema.org\/Organization\">\n\t\t\t<meta itemprop=\"name\" content=\"ColomPac\u00ae\">\n\t\t\t<span itemprop=\"logo\" itemscope itemtype=\"https:\/\/schema.org\/ImageObject\">\n\t\t\t\t<meta itemprop=\"url\" content=\"https:\/\/www.colompac.com\/\/wp-content\/uploads\/2023\/03\/logo.png\">\n\t\t\t<\/span>\n\t\t\t<meta itemprop=\"url\" content=\"https:\/\/www.colompac.com\/de\/\">\n\t\t<\/span>\n\t\t\t\t<span class=\"hide\" itemprop=\"image\" itemscope itemtype=\"http:\/\/schema.org\/ImageObject\">\n\t\t\t<meta itemprop=\"url\" content=\"https:\/\/www.colompac.com\/wp-content\/uploads\/2025\/10\/CP_News_FachPack25.jpg\">\n\t\t\t<meta itemprop=\"width\" content=\"1000\">\n\t\t\t<meta itemprop=\"height\" content=\"800\">\n\t\t<\/span>\n\t\t\t\t<meta itemprop=\"mainEntityOfPage\" content=\"https:\/\/www.colompac.com\/de\/fachpack-2025-wir-waren-dabei\/\">\n\t<\/aside>\n\t\t<\/article>\n<\/div>\n<div class=\"small-12 large-4 columns\">\n\t<article itemscope itemtype=\"http:\/\/schema.org\/Article\" class=\"post style1 animation scale post-19141 type-post status-publish format-standard has-post-thumbnail hentry category-allgemein\">\n\t\t\t\t<figure class=\"post-gallery\">\n\t\t\t<a href=\"https:\/\/www.colompac.com\/de\/wir-gestalten-zukunft-live-auf-der-fachpack-2025\/\" rel=\"bookmark\" title=\"Wir gestalten Zukunft \u2013 live auf der FachPack 2025!\">\n\t\t\t\t<img loading=\"lazy\" decoding=\"async\" width=\"760\" height=\"630\" src=\"https:\/\/www.colompac.com\/wp-content\/uploads\/2025\/07\/CP_News_FachPack_DE_V3-760x630.png\" class=\"attachment-revolution-rectangle-x2 size-revolution-rectangle-x2 wp-post-image\" alt=\"\" srcset=\"https:\/\/www.colompac.com\/wp-content\/uploads\/2025\/07\/CP_News_FachPack_DE_V3-760x630.png 760w, https:\/\/www.colompac.com\/wp-content\/uploads\/2025\/07\/CP_News_FachPack_DE_V3-380x315.png 380w, https:\/\/www.colompac.com\/wp-content\/uploads\/2025\/07\/CP_News_FachPack_DE_V3-20x16.png 20w\" sizes=\"auto, (max-width: 760px) 100vw, 760px\" \/>\t\t\t\t<div class=\"post-gallery-overlay\"><svg xmlns=\"http:\/\/www.w3.org\/2000\/svg\" xmlns:xlink=\"http:\/\/www.w3.org\/1999\/xlink\" x=\"0px\" y=\"0px\"\n\t width=\"30px\" height=\"18px\" viewBox=\"0 0 30 18\" enable-background=\"new 0 0 30 18\" xml:space=\"preserve\">\n<path class=\"handle\" d=\"M20.305,16.212c-0.407,0.409-0.407,1.071,0,1.479s1.068,0.408,1.476,0l7.914-7.952c0.408-0.409,0.408-1.071,0-1.481\n\tl-7.914-7.952c-0.407-0.409-1.068-0.409-1.476,0s-0.407,1.071,0,1.48l7.185,7.221L20.305,16.212z\"\/>\n<path class=\"bar\" fill-rule=\"evenodd\" clip-rule=\"evenodd\" d=\"M1,8h28.001c0.551,0,1,0.448,1,1c0,0.553-0.449,1-1,1H1c-0.553,0-1-0.447-1-1\n\tC0,8.448,0.447,8,1,8z\"\/>\n<\/svg>\n<\/div>\n\t\t\t<\/a>\n\t\t<\/figure>\n\t\t\t\t\t\t<header class=\"post-title entry-header\">\n\t\t\t<h3 class=\"entry-title\" itemprop=\"name headline\"><a href=\"https:\/\/www.colompac.com\/de\/wir-gestalten-zukunft-live-auf-der-fachpack-2025\/\" title=\"Wir gestalten Zukunft \u2013 live auf der FachPack 2025!\">Wir gestalten Zukunft \u2013 live auf der FachPack 2025!<\/a><\/h3>\t\t<\/header>\n\t\t\t\t\t<div class=\"post-content\">\n\t\t\t\t<p>Vom&nbsp;23.\u201325. September&nbsp;sind wir wieder in&nbsp;N\u00fcrnberg&nbsp;auf der FachPack vertreten \u2013&nbsp;Halle 4A, Stand 312. Gemeinsam mit der&nbsp;Starken&hellip;<\/p>\n\t\t\t<\/div>\n\t\t\t\t\t\t<aside class=\"post-meta\">\n\t\t\t10. Juli 2025\t\t<\/aside>\n\t\t\t\t\t<aside class=\"post-bottom-meta hide\">\n\t\t<strong rel=\"author\" itemprop=\"author\" class=\"author\"><a href=\"https:\/\/www.colompac.com\/de\/author\/admin\/\" title=\"Beitr\u00e4ge von Admin\" rel=\"author\">Admin<\/a><\/strong>\n\t\t<time class=\"date published time\" datetime=\"2025-07-10T07:09:03+02:00\" itemprop=\"datePublished\" content=\"2025-07-10T07:09:03+02:00\">2025-07-10T07:09:03+02:00<\/time>\n\t\t<meta itemprop=\"dateModified\" class=\"date updated\" content=\"2025-07-10T07:23:16+02:00\">\n\t\t<span class=\"hide\" itemprop=\"publisher\" itemscope itemtype=\"https:\/\/schema.org\/Organization\">\n\t\t\t<meta itemprop=\"name\" content=\"ColomPac\u00ae\">\n\t\t\t<span itemprop=\"logo\" itemscope itemtype=\"https:\/\/schema.org\/ImageObject\">\n\t\t\t\t<meta itemprop=\"url\" content=\"https:\/\/www.colompac.com\/\/wp-content\/uploads\/2023\/03\/logo.png\">\n\t\t\t<\/span>\n\t\t\t<meta itemprop=\"url\" content=\"https:\/\/www.colompac.com\/de\/\">\n\t\t<\/span>\n\t\t\t\t<span class=\"hide\" itemprop=\"image\" itemscope itemtype=\"http:\/\/schema.org\/ImageObject\">\n\t\t\t<meta itemprop=\"url\" content=\"https:\/\/www.colompac.com\/wp-content\/uploads\/2025\/07\/CP_News_FachPack_DE_V3.png\">\n\t\t\t<meta itemprop=\"width\" content=\"1000\">\n\t\t\t<meta itemprop=\"height\" content=\"800\">\n\t\t<\/span>\n\t\t\t\t<meta itemprop=\"mainEntityOfPage\" content=\"https:\/\/www.colompac.com\/de\/wir-gestalten-zukunft-live-auf-der-fachpack-2025\/\">\n\t<\/aside>\n\t\t<\/article>\n<\/div>\n<div class=\"small-12 large-4 columns\">\n\t<article itemscope itemtype=\"http:\/\/schema.org\/Article\" class=\"post style1 animation scale post-18325 type-post status-publish format-standard has-post-thumbnail hentry category-allgemein\">\n\t\t\t\t<figure class=\"post-gallery\">\n\t\t\t<a href=\"https:\/\/www.colompac.com\/de\/colompac-versandtaschen-natuerlicher-look-und-trotzdem-bedruckbar\/\" rel=\"bookmark\" title=\"ColomPac\u00ae Versandtaschen \u2013 Nat\u00fcrlicher Look und trotzdem bedruckbar\">\n\t\t\t\t<img loading=\"lazy\" decoding=\"async\" width=\"760\" height=\"630\" src=\"https:\/\/www.colompac.com\/wp-content\/uploads\/2025\/05\/CP_News_CP012_2025-760x630.jpg\" class=\"attachment-revolution-rectangle-x2 size-revolution-rectangle-x2 wp-post-image\" alt=\"Zwei gro\u00dfe Briefumschl\u00e4ge nebeneinander. Der linke Umschlag ist rot-blau und tr\u00e4gt die Aufschrift \u201aOriginal ColorPac\u2018 sowie Felder f\u00fcr pers\u00f6nliche Angaben. Der rechte Umschlag ist orange-blau mit der Aufschrift \u201aSchul- und Lehrtickets f\u00fcr Tirol\u2018 und dem Slogan \u201aGanz Tirol \u2013 ein ganzes Jahr\u2018 samt VVT-Logo. Darunter steht der Text: \u201aEinfach zu beschreiben... und zu stempeln.\" srcset=\"https:\/\/www.colompac.com\/wp-content\/uploads\/2025\/05\/CP_News_CP012_2025-760x630.jpg 760w, https:\/\/www.colompac.com\/wp-content\/uploads\/2025\/05\/CP_News_CP012_2025-380x315.jpg 380w, https:\/\/www.colompac.com\/wp-content\/uploads\/2025\/05\/CP_News_CP012_2025-20x16.jpg 20w\" sizes=\"auto, (max-width: 760px) 100vw, 760px\" \/>\t\t\t\t<div class=\"post-gallery-overlay\"><svg xmlns=\"http:\/\/www.w3.org\/2000\/svg\" xmlns:xlink=\"http:\/\/www.w3.org\/1999\/xlink\" x=\"0px\" y=\"0px\"\n\t width=\"30px\" height=\"18px\" viewBox=\"0 0 30 18\" enable-background=\"new 0 0 30 18\" xml:space=\"preserve\">\n<path class=\"handle\" d=\"M20.305,16.212c-0.407,0.409-0.407,1.071,0,1.479s1.068,0.408,1.476,0l7.914-7.952c0.408-0.409,0.408-1.071,0-1.481\n\tl-7.914-7.952c-0.407-0.409-1.068-0.409-1.476,0s-0.407,1.071,0,1.48l7.185,7.221L20.305,16.212z\"\/>\n<path class=\"bar\" fill-rule=\"evenodd\" clip-rule=\"evenodd\" d=\"M1,8h28.001c0.551,0,1,0.448,1,1c0,0.553-0.449,1-1,1H1c-0.553,0-1-0.447-1-1\n\tC0,8.448,0.447,8,1,8z\"\/>\n<\/svg>\n<\/div>\n\t\t\t<\/a>\n\t\t<\/figure>\n\t\t\t\t\t\t<header class=\"post-title entry-header\">\n\t\t\t<h3 class=\"entry-title\" itemprop=\"name headline\"><a href=\"https:\/\/www.colompac.com\/de\/colompac-versandtaschen-natuerlicher-look-und-trotzdem-bedruckbar\/\" title=\"ColomPac\u00ae Versandtaschen \u2013 Nat\u00fcrlicher Look und trotzdem bedruckbar\">ColomPac\u00ae Versandtaschen \u2013 Nat\u00fcrlicher Look und trotzdem bedruckbar<\/a><\/h3>\t\t<\/header>\n\t\t\t\t\t<div class=\"post-content\">\n\t\t\t\t<p>Gl\u00e4nzend wei\u00df oder einfaches Braun? Das war \u00fcber viele Jahre die Frage bei Versandtaschen. Mit&hellip;<\/p>\n\t\t\t<\/div>\n\t\t\t\t\t\t<aside class=\"post-meta\">\n\t\t\t14. Mai 2025\t\t<\/aside>\n\t\t\t\t\t<aside class=\"post-bottom-meta hide\">\n\t\t<strong rel=\"author\" itemprop=\"author\" class=\"author\"><a href=\"https:\/\/www.colompac.com\/de\/author\/admin\/\" title=\"Beitr\u00e4ge von Admin\" rel=\"author\">Admin<\/a><\/strong>\n\t\t<time class=\"date published time\" datetime=\"2025-05-14T10:17:09+02:00\" itemprop=\"datePublished\" content=\"2025-05-14T10:17:09+02:00\">2025-05-14T10:17:09+02:00<\/time>\n\t\t<meta itemprop=\"dateModified\" class=\"date updated\" content=\"2025-05-14T10:44:47+02:00\">\n\t\t<span class=\"hide\" itemprop=\"publisher\" itemscope itemtype=\"https:\/\/schema.org\/Organization\">\n\t\t\t<meta itemprop=\"name\" content=\"ColomPac\u00ae\">\n\t\t\t<span itemprop=\"logo\" itemscope itemtype=\"https:\/\/schema.org\/ImageObject\">\n\t\t\t\t<meta itemprop=\"url\" content=\"https:\/\/www.colompac.com\/\/wp-content\/uploads\/2023\/03\/logo.png\">\n\t\t\t<\/span>\n\t\t\t<meta itemprop=\"url\" content=\"https:\/\/www.colompac.com\/de\/\">\n\t\t<\/span>\n\t\t\t\t<span class=\"hide\" itemprop=\"image\" itemscope itemtype=\"http:\/\/schema.org\/ImageObject\">\n\t\t\t<meta itemprop=\"url\" content=\"https:\/\/www.colompac.com\/wp-content\/uploads\/2025\/05\/CP_News_CP012_2025.jpg\">\n\t\t\t<meta itemprop=\"width\" content=\"1000\">\n\t\t\t<meta itemprop=\"height\" content=\"800\">\n\t\t<\/span>\n\t\t\t\t<meta itemprop=\"mainEntityOfPage\" content=\"https:\/\/www.colompac.com\/de\/colompac-versandtaschen-natuerlicher-look-und-trotzdem-bedruckbar\/\">\n\t<\/aside>\n\t\t<\/article>\n<\/div>\n<div class=\"small-12 large-4 columns\">\n\t<article itemscope itemtype=\"http:\/\/schema.org\/Article\" class=\"post style1 animation scale post-18014 type-post status-publish format-standard has-post-thumbnail hentry category-allgemein\">\n\t\t\t\t<figure class=\"post-gallery\">\n\t\t\t<a href=\"https:\/\/www.colompac.com\/de\/cp-181-dhl-zertifikat-erneuert\/\" rel=\"bookmark\" title=\"CP 181 DHL-Zertifikat erneuert\">\n\t\t\t\t<img loading=\"lazy\" decoding=\"async\" width=\"760\" height=\"630\" src=\"https:\/\/www.colompac.com\/wp-content\/uploads\/2025\/03\/CP_News_CP181_2025-760x630.jpg\" class=\"attachment-revolution-rectangle-x2 size-revolution-rectangle-x2 wp-post-image\" alt=\"\" srcset=\"https:\/\/www.colompac.com\/wp-content\/uploads\/2025\/03\/CP_News_CP181_2025-760x630.jpg 760w, https:\/\/www.colompac.com\/wp-content\/uploads\/2025\/03\/CP_News_CP181_2025-380x315.jpg 380w, https:\/\/www.colompac.com\/wp-content\/uploads\/2025\/03\/CP_News_CP181_2025-20x16.jpg 20w\" sizes=\"auto, (max-width: 760px) 100vw, 760px\" \/>\t\t\t\t<div class=\"post-gallery-overlay\"><svg xmlns=\"http:\/\/www.w3.org\/2000\/svg\" xmlns:xlink=\"http:\/\/www.w3.org\/1999\/xlink\" x=\"0px\" y=\"0px\"\n\t width=\"30px\" height=\"18px\" viewBox=\"0 0 30 18\" enable-background=\"new 0 0 30 18\" xml:space=\"preserve\">\n<path class=\"handle\" d=\"M20.305,16.212c-0.407,0.409-0.407,1.071,0,1.479s1.068,0.408,1.476,0l7.914-7.952c0.408-0.409,0.408-1.071,0-1.481\n\tl-7.914-7.952c-0.407-0.409-1.068-0.409-1.476,0s-0.407,1.071,0,1.48l7.185,7.221L20.305,16.212z\"\/>\n<path class=\"bar\" fill-rule=\"evenodd\" clip-rule=\"evenodd\" d=\"M1,8h28.001c0.551,0,1,0.448,1,1c0,0.553-0.449,1-1,1H1c-0.553,0-1-0.447-1-1\n\tC0,8.448,0.447,8,1,8z\"\/>\n<\/svg>\n<\/div>\n\t\t\t<\/a>\n\t\t<\/figure>\n\t\t\t\t\t\t<header class=\"post-title entry-header\">\n\t\t\t<h3 class=\"entry-title\" itemprop=\"name headline\"><a href=\"https:\/\/www.colompac.com\/de\/cp-181-dhl-zertifikat-erneuert\/\" title=\"CP 181 DHL-Zertifikat erneuert\">CP 181 DHL-Zertifikat erneuert<\/a><\/h3>\t\t<\/header>\n\t\t\t\t\t<div class=\"post-content\">\n\t\t\t\t<p>Unsere CP 181 ist die perfekte L\u00f6sung: f\u00fcr den sicheren Versand von edlen Tropfen! Die&hellip;<\/p>\n\t\t\t<\/div>\n\t\t\t\t\t\t<aside class=\"post-meta\">\n\t\t\t17. M\u00e4rz 2025\t\t<\/aside>\n\t\t\t\t\t<aside class=\"post-bottom-meta hide\">\n\t\t<strong rel=\"author\" itemprop=\"author\" class=\"author\"><a href=\"https:\/\/www.colompac.com\/de\/author\/admin\/\" title=\"Beitr\u00e4ge von Admin\" rel=\"author\">Admin<\/a><\/strong>\n\t\t<time class=\"date published time\" datetime=\"2025-03-17T08:06:31+01:00\" itemprop=\"datePublished\" content=\"2025-03-17T08:06:31+01:00\">2025-03-17T08:06:31+01:00<\/time>\n\t\t<meta itemprop=\"dateModified\" class=\"date updated\" content=\"2025-03-17T08:07:25+01:00\">\n\t\t<span class=\"hide\" itemprop=\"publisher\" itemscope itemtype=\"https:\/\/schema.org\/Organization\">\n\t\t\t<meta itemprop=\"name\" content=\"ColomPac\u00ae\">\n\t\t\t<span itemprop=\"logo\" itemscope itemtype=\"https:\/\/schema.org\/ImageObject\">\n\t\t\t\t<meta itemprop=\"url\" content=\"https:\/\/www.colompac.com\/\/wp-content\/uploads\/2023\/03\/logo.png\">\n\t\t\t<\/span>\n\t\t\t<meta itemprop=\"url\" content=\"https:\/\/www.colompac.com\/de\/\">\n\t\t<\/span>\n\t\t\t\t<span class=\"hide\" itemprop=\"image\" itemscope itemtype=\"http:\/\/schema.org\/ImageObject\">\n\t\t\t<meta itemprop=\"url\" content=\"https:\/\/www.colompac.com\/wp-content\/uploads\/2025\/03\/CP_News_CP181_2025.jpg\">\n\t\t\t<meta itemprop=\"width\" content=\"1000\">\n\t\t\t<meta itemprop=\"height\" content=\"800\">\n\t\t<\/span>\n\t\t\t\t<meta itemprop=\"mainEntityOfPage\" content=\"https:\/\/www.colompac.com\/de\/cp-181-dhl-zertifikat-erneuert\/\">\n\t<\/aside>\n\t\t<\/article>\n<\/div>\n<div class=\"small-12 large-4 columns\">\n\t<article itemscope itemtype=\"http:\/\/schema.org\/Article\" class=\"post style1 animation scale post-17792 type-post status-publish format-standard has-post-thumbnail hentry category-allgemein\">\n\t\t\t\t<figure class=\"post-gallery\">\n\t\t\t<a href=\"https:\/\/www.colompac.com\/de\/co2-reduktion-bleibt-2025-im-fokus\/\" rel=\"bookmark\" title=\"CO2-Reduktion bleibt 2025 im Fokus\u00a0\">\n\t\t\t\t<img loading=\"lazy\" decoding=\"async\" width=\"760\" height=\"630\" src=\"https:\/\/www.colompac.com\/wp-content\/uploads\/2025\/03\/CP_News_CO2_2025-760x630.jpg\" class=\"attachment-revolution-rectangle-x2 size-revolution-rectangle-x2 wp-post-image\" alt=\"\" srcset=\"https:\/\/www.colompac.com\/wp-content\/uploads\/2025\/03\/CP_News_CO2_2025-760x630.jpg 760w, https:\/\/www.colompac.com\/wp-content\/uploads\/2025\/03\/CP_News_CO2_2025-380x315.jpg 380w, https:\/\/www.colompac.com\/wp-content\/uploads\/2025\/03\/CP_News_CO2_2025-20x16.jpg 20w\" sizes=\"auto, (max-width: 760px) 100vw, 760px\" \/>\t\t\t\t<div class=\"post-gallery-overlay\"><svg xmlns=\"http:\/\/www.w3.org\/2000\/svg\" xmlns:xlink=\"http:\/\/www.w3.org\/1999\/xlink\" x=\"0px\" y=\"0px\"\n\t width=\"30px\" height=\"18px\" viewBox=\"0 0 30 18\" enable-background=\"new 0 0 30 18\" xml:space=\"preserve\">\n<path class=\"handle\" d=\"M20.305,16.212c-0.407,0.409-0.407,1.071,0,1.479s1.068,0.408,1.476,0l7.914-7.952c0.408-0.409,0.408-1.071,0-1.481\n\tl-7.914-7.952c-0.407-0.409-1.068-0.409-1.476,0s-0.407,1.071,0,1.48l7.185,7.221L20.305,16.212z\"\/>\n<path class=\"bar\" fill-rule=\"evenodd\" clip-rule=\"evenodd\" d=\"M1,8h28.001c0.551,0,1,0.448,1,1c0,0.553-0.449,1-1,1H1c-0.553,0-1-0.447-1-1\n\tC0,8.448,0.447,8,1,8z\"\/>\n<\/svg>\n<\/div>\n\t\t\t<\/a>\n\t\t<\/figure>\n\t\t\t\t\t\t<header class=\"post-title entry-header\">\n\t\t\t<h3 class=\"entry-title\" itemprop=\"name headline\"><a href=\"https:\/\/www.colompac.com\/de\/co2-reduktion-bleibt-2025-im-fokus\/\" title=\"CO2-Reduktion bleibt 2025 im Fokus\u00a0\">CO2-Reduktion bleibt 2025 im Fokus\u00a0<\/a><\/h3>\t\t<\/header>\n\t\t\t\t\t<div class=\"post-content\">\n\t\t\t\t<p>Auch im Jahr 2025 setzen wir unsere Nachhaltigkeitsstrategie fort, um den CO2-Fu\u00dfabdruck von ColomPac\u00ae weiter&hellip;<\/p>\n\t\t\t<\/div>\n\t\t\t\t\t\t<aside class=\"post-meta\">\n\t\t\t3. M\u00e4rz 2025\t\t<\/aside>\n\t\t\t\t\t<aside class=\"post-bottom-meta hide\">\n\t\t<strong rel=\"author\" itemprop=\"author\" class=\"author\"><a href=\"https:\/\/www.colompac.com\/de\/author\/admin\/\" title=\"Beitr\u00e4ge von Admin\" rel=\"author\">Admin<\/a><\/strong>\n\t\t<time class=\"date published time\" datetime=\"2025-03-03T08:52:03+01:00\" itemprop=\"datePublished\" content=\"2025-03-03T08:52:03+01:00\">2025-03-03T08:52:03+01:00<\/time>\n\t\t<meta itemprop=\"dateModified\" class=\"date updated\" content=\"2025-03-03T09:07:44+01:00\">\n\t\t<span class=\"hide\" itemprop=\"publisher\" itemscope itemtype=\"https:\/\/schema.org\/Organization\">\n\t\t\t<meta itemprop=\"name\" content=\"ColomPac\u00ae\">\n\t\t\t<span itemprop=\"logo\" itemscope itemtype=\"https:\/\/schema.org\/ImageObject\">\n\t\t\t\t<meta itemprop=\"url\" content=\"https:\/\/www.colompac.com\/\/wp-content\/uploads\/2023\/03\/logo.png\">\n\t\t\t<\/span>\n\t\t\t<meta itemprop=\"url\" content=\"https:\/\/www.colompac.com\/de\/\">\n\t\t<\/span>\n\t\t\t\t<span class=\"hide\" itemprop=\"image\" itemscope itemtype=\"http:\/\/schema.org\/ImageObject\">\n\t\t\t<meta itemprop=\"url\" content=\"https:\/\/www.colompac.com\/wp-content\/uploads\/2025\/03\/CP_News_CO2_2025.jpg\">\n\t\t\t<meta itemprop=\"width\" content=\"1000\">\n\t\t\t<meta itemprop=\"height\" content=\"800\">\n\t\t<\/span>\n\t\t\t\t<meta itemprop=\"mainEntityOfPage\" content=\"https:\/\/www.colompac.com\/de\/co2-reduktion-bleibt-2025-im-fokus\/\">\n\t<\/aside>\n\t\t<\/article>\n<\/div>\n<div class=\"small-12 large-4 columns\">\n\t<article itemscope itemtype=\"http:\/\/schema.org\/Article\" class=\"post style1 animation scale post-17388 type-post status-publish format-standard has-post-thumbnail hentry category-allgemein\">\n\t\t\t\t<figure class=\"post-gallery\">\n\t\t\t<a href=\"https:\/\/www.colompac.com\/de\/die-neue-dhl-kleinpaket-verpackungslinie\/\" rel=\"bookmark\" title=\"Die neue DHL Kleinpaket Verpackungslinie\">\n\t\t\t\t<img loading=\"lazy\" decoding=\"async\" width=\"760\" height=\"630\" src=\"https:\/\/www.colompac.com\/wp-content\/uploads\/2024\/10\/CP_News_DHL-760x630.png\" class=\"attachment-revolution-rectangle-x2 size-revolution-rectangle-x2 wp-post-image\" alt=\"\" srcset=\"https:\/\/www.colompac.com\/wp-content\/uploads\/2024\/10\/CP_News_DHL-760x630.png 760w, https:\/\/www.colompac.com\/wp-content\/uploads\/2024\/10\/CP_News_DHL-380x315.png 380w, https:\/\/www.colompac.com\/wp-content\/uploads\/2024\/10\/CP_News_DHL-20x16.png 20w\" sizes=\"auto, (max-width: 760px) 100vw, 760px\" \/>\t\t\t\t<div class=\"post-gallery-overlay\"><svg xmlns=\"http:\/\/www.w3.org\/2000\/svg\" xmlns:xlink=\"http:\/\/www.w3.org\/1999\/xlink\" x=\"0px\" y=\"0px\"\n\t width=\"30px\" height=\"18px\" viewBox=\"0 0 30 18\" enable-background=\"new 0 0 30 18\" xml:space=\"preserve\">\n<path class=\"handle\" d=\"M20.305,16.212c-0.407,0.409-0.407,1.071,0,1.479s1.068,0.408,1.476,0l7.914-7.952c0.408-0.409,0.408-1.071,0-1.481\n\tl-7.914-7.952c-0.407-0.409-1.068-0.409-1.476,0s-0.407,1.071,0,1.48l7.185,7.221L20.305,16.212z\"\/>\n<path class=\"bar\" fill-rule=\"evenodd\" clip-rule=\"evenodd\" d=\"M1,8h28.001c0.551,0,1,0.448,1,1c0,0.553-0.449,1-1,1H1c-0.553,0-1-0.447-1-1\n\tC0,8.448,0.447,8,1,8z\"\/>\n<\/svg>\n<\/div>\n\t\t\t<\/a>\n\t\t<\/figure>\n\t\t\t\t\t\t<header class=\"post-title entry-header\">\n\t\t\t<h3 class=\"entry-title\" itemprop=\"name headline\"><a href=\"https:\/\/www.colompac.com\/de\/die-neue-dhl-kleinpaket-verpackungslinie\/\" title=\"Die neue DHL Kleinpaket Verpackungslinie\">Die neue DHL Kleinpaket Verpackungslinie<\/a><\/h3>\t\t<\/header>\n\t\t\t\t\t<div class=\"post-content\">\n\t\t\t\t<p>Ab Januar 2025 f\u00fchrt die DHL das Kleinpaket ein. Wir bieten jetzt schon die passenden&hellip;<\/p>\n\t\t\t<\/div>\n\t\t\t\t\t\t<aside class=\"post-meta\">\n\t\t\t29. Januar 2025\t\t<\/aside>\n\t\t\t\t\t<aside class=\"post-bottom-meta hide\">\n\t\t<strong rel=\"author\" itemprop=\"author\" class=\"author\"><a href=\"https:\/\/www.colompac.com\/de\/author\/admin\/\" title=\"Beitr\u00e4ge von Admin\" rel=\"author\">Admin<\/a><\/strong>\n\t\t<time class=\"date published time\" datetime=\"2025-01-29T07:00:00+01:00\" itemprop=\"datePublished\" content=\"2025-01-29T07:00:00+01:00\">2025-01-29T07:00:00+01:00<\/time>\n\t\t<meta itemprop=\"dateModified\" class=\"date updated\" content=\"2025-02-04T08:21:08+01:00\">\n\t\t<span class=\"hide\" itemprop=\"publisher\" itemscope itemtype=\"https:\/\/schema.org\/Organization\">\n\t\t\t<meta itemprop=\"name\" content=\"ColomPac\u00ae\">\n\t\t\t<span itemprop=\"logo\" itemscope itemtype=\"https:\/\/schema.org\/ImageObject\">\n\t\t\t\t<meta itemprop=\"url\" content=\"https:\/\/www.colompac.com\/\/wp-content\/uploads\/2023\/03\/logo.png\">\n\t\t\t<\/span>\n\t\t\t<meta itemprop=\"url\" content=\"https:\/\/www.colompac.com\/de\/\">\n\t\t<\/span>\n\t\t\t\t<span class=\"hide\" itemprop=\"image\" itemscope itemtype=\"http:\/\/schema.org\/ImageObject\">\n\t\t\t<meta itemprop=\"url\" content=\"https:\/\/www.colompac.com\/wp-content\/uploads\/2024\/10\/CP_News_DHL.png\">\n\t\t\t<meta itemprop=\"width\" content=\"1080\">\n\t\t\t<meta itemprop=\"height\" content=\"1080\">\n\t\t<\/span>\n\t\t\t\t<meta itemprop=\"mainEntityOfPage\" content=\"https:\/\/www.colompac.com\/de\/die-neue-dhl-kleinpaket-verpackungslinie\/\">\n\t<\/aside>\n\t\t<\/article>\n<\/div>\n<div class=\"small-12 large-4 columns\">\n\t<article itemscope itemtype=\"http:\/\/schema.org\/Article\" class=\"post style1 animation scale post-17611 type-post status-publish format-standard has-post-thumbnail hentry category-allgemein\">\n\t\t\t\t<figure class=\"post-gallery\">\n\t\t\t<a href=\"https:\/\/www.colompac.com\/de\/besuchen-sie-colompac-auf-der-e-commerce-berlin-expo\/\" rel=\"bookmark\" title=\"Besuchen Sie ColomPac\u00ae auf der E-commerce Berlin Expo!\">\n\t\t\t\t<img loading=\"lazy\" decoding=\"async\" width=\"760\" height=\"630\" src=\"https:\/\/www.colompac.com\/wp-content\/uploads\/2025\/01\/CP_News_Expo_Berlin_2025-3-760x630.png\" class=\"attachment-revolution-rectangle-x2 size-revolution-rectangle-x2 wp-post-image\" alt=\"\" srcset=\"https:\/\/www.colompac.com\/wp-content\/uploads\/2025\/01\/CP_News_Expo_Berlin_2025-3-760x630.png 760w, https:\/\/www.colompac.com\/wp-content\/uploads\/2025\/01\/CP_News_Expo_Berlin_2025-3-380x315.png 380w, https:\/\/www.colompac.com\/wp-content\/uploads\/2025\/01\/CP_News_Expo_Berlin_2025-3-20x16.png 20w\" sizes=\"auto, (max-width: 760px) 100vw, 760px\" \/>\t\t\t\t<div class=\"post-gallery-overlay\"><svg xmlns=\"http:\/\/www.w3.org\/2000\/svg\" xmlns:xlink=\"http:\/\/www.w3.org\/1999\/xlink\" x=\"0px\" y=\"0px\"\n\t width=\"30px\" height=\"18px\" viewBox=\"0 0 30 18\" enable-background=\"new 0 0 30 18\" xml:space=\"preserve\">\n<path class=\"handle\" d=\"M20.305,16.212c-0.407,0.409-0.407,1.071,0,1.479s1.068,0.408,1.476,0l7.914-7.952c0.408-0.409,0.408-1.071,0-1.481\n\tl-7.914-7.952c-0.407-0.409-1.068-0.409-1.476,0s-0.407,1.071,0,1.48l7.185,7.221L20.305,16.212z\"\/>\n<path class=\"bar\" fill-rule=\"evenodd\" clip-rule=\"evenodd\" d=\"M1,8h28.001c0.551,0,1,0.448,1,1c0,0.553-0.449,1-1,1H1c-0.553,0-1-0.447-1-1\n\tC0,8.448,0.447,8,1,8z\"\/>\n<\/svg>\n<\/div>\n\t\t\t<\/a>\n\t\t<\/figure>\n\t\t\t\t\t\t<header class=\"post-title entry-header\">\n\t\t\t<h3 class=\"entry-title\" itemprop=\"name headline\"><a href=\"https:\/\/www.colompac.com\/de\/besuchen-sie-colompac-auf-der-e-commerce-berlin-expo\/\" title=\"Besuchen Sie ColomPac\u00ae auf der E-commerce Berlin Expo!\">Besuchen Sie ColomPac\u00ae auf der E-commerce Berlin Expo!<\/a><\/h3>\t\t<\/header>\n\t\t\t\t\t<div class=\"post-content\">\n\t\t\t\t<p>Vom 19. bis 20. Februar stellt ColomPac\u00ae in der STATION Berlin innovative Verpackungsl\u00f6sungen und Konzepte&hellip;<\/p>\n\t\t\t<\/div>\n\t\t\t\t\t\t<aside class=\"post-meta\">\n\t\t\t20. Januar 2025\t\t<\/aside>\n\t\t\t\t\t<aside class=\"post-bottom-meta hide\">\n\t\t<strong rel=\"author\" itemprop=\"author\" class=\"author\"><a href=\"https:\/\/www.colompac.com\/de\/author\/admin\/\" title=\"Beitr\u00e4ge von Admin\" rel=\"author\">Admin<\/a><\/strong>\n\t\t<time class=\"date published time\" datetime=\"2025-01-20T09:36:31+01:00\" itemprop=\"datePublished\" content=\"2025-01-20T09:36:31+01:00\">2025-01-20T09:36:31+01:00<\/time>\n\t\t<meta itemprop=\"dateModified\" class=\"date updated\" content=\"2025-01-20T09:43:31+01:00\">\n\t\t<span class=\"hide\" itemprop=\"publisher\" itemscope itemtype=\"https:\/\/schema.org\/Organization\">\n\t\t\t<meta itemprop=\"name\" content=\"ColomPac\u00ae\">\n\t\t\t<span itemprop=\"logo\" itemscope itemtype=\"https:\/\/schema.org\/ImageObject\">\n\t\t\t\t<meta itemprop=\"url\" content=\"https:\/\/www.colompac.com\/\/wp-content\/uploads\/2023\/03\/logo.png\">\n\t\t\t<\/span>\n\t\t\t<meta itemprop=\"url\" content=\"https:\/\/www.colompac.com\/de\/\">\n\t\t<\/span>\n\t\t\t\t<span class=\"hide\" itemprop=\"image\" itemscope itemtype=\"http:\/\/schema.org\/ImageObject\">\n\t\t\t<meta itemprop=\"url\" content=\"https:\/\/www.colompac.com\/wp-content\/uploads\/2025\/01\/CP_News_Expo_Berlin_2025-3.png\">\n\t\t\t<meta itemprop=\"width\" content=\"1080\">\n\t\t\t<meta itemprop=\"height\" content=\"1080\">\n\t\t<\/span>\n\t\t\t\t<meta itemprop=\"mainEntityOfPage\" content=\"https:\/\/www.colompac.com\/de\/besuchen-sie-colompac-auf-der-e-commerce-berlin-expo\/\">\n\t<\/aside>\n\t\t<\/article>\n<\/div>\n\t<\/div>\n\t\t[\/vc_column][\/vc_row]<\/section>","protected":false},"excerpt":{"rendered":"<p>[vc_row thb_full_width=&#8221;true&#8221; full_height=&#8221;yes&#8221; columns_placement=&#8221;bottom&#8221; content_placement=&#8221;bottom&#8221; thb_scroll_bottom=&#8221;true&#8221; thb_scroll_bottom_style=&#8221;style3&#8243; thb_scroll_bottom_color=&#8221;light&#8221; css=&#8221;.vc_custom_1688041912089{background-color: #06080a !important;background-position: center !important;background-repeat: no-repeat !important;background-size:&hellip;<\/p>\n","protected":false},"author":1,"featured_media":0,"parent":0,"menu_order":0,"comment_status":"closed","ping_status":"closed","template":"","meta":{"footnotes":""},"class_list":["post-19","page","type-page","status-publish","hentry"],"acf":[],"jetpack_sharing_enabled":true,"_links":{"self":[{"href":"https:\/\/www.colompac.com\/de\/wp-json\/wp\/v2\/pages\/19","targetHints":{"allow":["GET"]}}],"collection":[{"href":"https:\/\/www.colompac.com\/de\/wp-json\/wp\/v2\/pages"}],"about":[{"href":"https:\/\/www.colompac.com\/de\/wp-json\/wp\/v2\/types\/page"}],"author":[{"embeddable":true,"href":"https:\/\/www.colompac.com\/de\/wp-json\/wp\/v2\/users\/1"}],"replies":[{"embeddable":true,"href":"https:\/\/www.colompac.com\/de\/wp-json\/wp\/v2\/comments?post=19"}],"version-history":[{"count":0,"href":"https:\/\/www.colompac.com\/de\/wp-json\/wp\/v2\/pages\/19\/revisions"}],"wp:attachment":[{"href":"https:\/\/www.colompac.com\/de\/wp-json\/wp\/v2\/media?parent=19"}],"curies":[{"name":"wp","href":"https:\/\/api.w.org\/{rel}","templated":true}]}}